{"id":3396,"date":"2025-03-05T12:53:03","date_gmt":"2025-03-05T12:53:03","guid":{"rendered":"https:\/\/freixenet.com\/es\/sobre-nosaltres\/sostenibilitat\/"},"modified":"2025-07-08T15:48:49","modified_gmt":"2025-07-08T15:48:49","slug":"sostenibilitat","status":"publish","type":"page","link":"https:\/\/freixenet.com\/es\/ca\/sobre-nosaltres\/sostenibilitat\/","title":{"rendered":"Sostenibilitat"},"content":{"rendered":"<section\n    class=\"zoom-in-banner\"\n        >\n    <div class=\"zoom-in-banner__wrapper h-full w-full relative flex flex-col items-center justify-center\">\n\n<div class=\"wp-block-cover asset-wrapper\"><img loading=\"lazy\" decoding=\"async\" width=\"1920\" height=\"1080\" class=\"wp-block-cover__image-background wp-image-1176\" alt=\"\" src=\"https:\/\/freixenet.com\/app\/uploads\/2025\/03\/sustainability-thumbnail-banner.jpg\" data-object-fit=\"cover\" srcset=\"https:\/\/freixenet.com\/app\/uploads\/sites\/2\/2025\/03\/sustainability-thumbnail-banner.jpg 1920w, https:\/\/freixenet.com\/app\/uploads\/sites\/2\/2025\/03\/sustainability-thumbnail-banner-300x169.jpg 300w, https:\/\/freixenet.com\/app\/uploads\/sites\/2\/2025\/03\/sustainability-thumbnail-banner-1024x576.jpg 1024w, https:\/\/freixenet.com\/app\/uploads\/sites\/2\/2025\/03\/sustainability-thumbnail-banner-768x432.jpg 768w, https:\/\/freixenet.com\/app\/uploads\/sites\/2\/2025\/03\/sustainability-thumbnail-banner-1536x864.jpg 1536w, https:\/\/freixenet.com\/app\/uploads\/sites\/2\/2025\/03\/sustainability-thumbnail-banner-360x203.jpg 360w\" sizes=\"auto, (max-width: 1920px) 100vw, 1920px\" \/><span aria-hidden=\"true\" class=\"wp-block-cover__background has-accent-dim-900-background-color has-background-dim-30 has-background-dim\"><\/span><div class=\"wp-block-cover__inner-container is-layout-flow wp-block-cover-is-layout-flow\"><div class=\"wp-bootstrap-blocks-container container custom-block-padding banner-wrapper\">\n\t\n<div class=\"wp-bootstrap-blocks-row row justify-content-center\">\n\t\n\n<div class=\"col-12 col-lg-8\">\n\t\t\t\n\n<div class=\"wp-block-group is-vertical is-content-justification-center is-nowrap is-layout-flex wp-container-core-group-is-layout-a31effde wp-block-group-is-layout-flex\"><div class=\"yoast-breadcrumbs\"><span><span><a href=\"https:\/\/freixenet.com\/es\/ca\/\">Home<\/a><\/span> \u00bb <span><a href=\"https:\/\/freixenet.com\/es\/ca\/sobre-nosaltres\/\">Sobre nosaltres<\/a><\/span> \u00bb <span class=\"breadcrumb_last\" aria-current=\"page\">Sostenibilitat<\/span><\/span><\/div>\n\n\n<h2 class=\"wp-block-heading has-text-align-center has-heading-5-xl-font-size\" style=\"text-transform:uppercase\"><em>SOSTENIBILITAT<\/em><\/h2>\n<\/div>\n\n\t<\/div>\n\n<\/div>\n\n<\/div>\n<\/div><\/div>\n\n<\/div>\n<\/section>\n<div class=\"wp-bootstrap-blocks-container container custom-block-padding--small\">\n\t\n<div class=\"wp-bootstrap-blocks-row row justify-content-center\">\n\t\n\n<div class=\"col-12 col-md-8\">\n\t\t\t\n\n<div class=\"wp-block-group is-vertical is-content-justification-center is-nowrap is-layout-flex wp-container-core-group-is-layout-a31effde wp-block-group-is-layout-flex\">\n<h3 class=\"wp-block-heading title-tag has-heading-4-xs-font-size\">El nostre mantra \u00e9s<\/h3>\n\n\n\n<h2 class=\"wp-block-heading has-text-align-center has-heading-5-xl-font-size\" style=\"text-transform:uppercase\"><mark style=\"background-color:rgba(0, 0, 0, 0)\" class=\"has-inline-color has-current-color\">CELEBREM LA VIDA AMB<\/mark><br\/><em>RESPONSABILITAT<\/em><\/h2>\n\n\n\n<p class=\"has-text-align-center\">Part de celebrar la vida \u00e9s tenir cura del m\u00f3n en qu\u00e8 vivim. Aix\u00f2 es tradueix en prendre mesures espec\u00edfiques per promoure la sostenibilitat. Treballem per reduir el nostre impacte ambiental des del 1999 i formem part del Pacte Mundial de les Nacions Unides des del 2002, a m\u00e9s d&#8217;estar compromesos amb l&#8217;agenda 2030 per al desenvolupament sostenible.  <\/p>\n<\/div>\n\n\t<\/div>\n\n<\/div>\n\n<\/div>\n<section class=\"has-accent-dim-050-background-color default-slider-block\"  data-autoplay>\n    <!-- Add Slider content here: -->\n    <div class=\"default-slider swiper\">\n        <div class=\"swiper-wrapper default-slider__trail\">\n<section class=\"slider-slide swiper-slide\" >\n    <!-- Add Slider Slide content here: -->\n    <div class=\"slider-card-wrapper\">\n<div class=\"wp-bootstrap-blocks-container container-fluid\">\n\t\n<div class=\"wp-bootstrap-blocks-row row g-0\">\n\t\n\n<div class=\"col-12 col-md-6\">\n\t\t\t<div class=\"h-100 d-flex flex-column justify-content-center\">\n\t\t\t\n\n<div class=\"wp-block-group is-vertical is-content-justification-center is-nowrap is-layout-flex wp-container-core-group-is-layout-a31effde wp-block-group-is-layout-flex\">\n<p class=\"text-badge has-accent-dim-500-color has-accent-dim-100-background-color has-text-color has-background has-link-color wp-elements-5114238a5692fe06e70322add9a359c5\">1<\/p>\n\n\n\n<h3 class=\"wp-block-heading title-tag has-heading-4-xs-font-size\"><\/h3>\n\n\n\n<h2 class=\"wp-block-heading has-text-align-center has-heading-2-xl-font-size\">Per combatre el canvi clim\u00e0tic, des del 2017<\/h2>\n\n\n\n<p class=\"has-text-align-center has-neutral-700-color has-text-color has-link-color has-body-md-font-size wp-elements-4462d9abafc33dd13035f119d4140e91\">&#8230;tota l&#8217;energia el\u00e8ctrica comprada prov\u00e9 de fonts 100% renovables. Tamb\u00e9 hem eliminat l&#8217;\u00fas de gasoil a Freixenet i invertim en electr\u00f2nica de baix consum (equips de refrigeraci\u00f3, llums LED). Els nostres esfor\u00e7os per lluitar contra el canvi clim\u00e0tic i reduir les nostres emissions ens han perm\u00e8s reduir les nostres emissions d&#8217;abast 1 i abast 2 en un 81% del 2012 al 2022.  <\/p>\n<\/div>\n\n\t\t<\/div>\n\t<\/div>\n\n\n\n<div class=\"col-12 col-md-6\">\n\t\t\t\n\n<div class=\"wp-block-cover\" style=\"min-height:50vh;aspect-ratio:unset;\"><img loading=\"lazy\" decoding=\"async\" width=\"1680\" height=\"1200\" class=\"wp-block-cover__image-background wp-image-1254\" alt=\"\" src=\"https:\/\/freixenet.com\/app\/uploads\/2025\/03\/image-7.webp\" data-object-fit=\"cover\" srcset=\"https:\/\/freixenet.com\/app\/uploads\/sites\/2\/2025\/03\/image-7.webp 1680w, https:\/\/freixenet.com\/app\/uploads\/sites\/2\/2025\/03\/image-7-300x214.webp 300w, https:\/\/freixenet.com\/app\/uploads\/sites\/2\/2025\/03\/image-7-1024x731.webp 1024w, https:\/\/freixenet.com\/app\/uploads\/sites\/2\/2025\/03\/image-7-768x549.webp 768w, https:\/\/freixenet.com\/app\/uploads\/sites\/2\/2025\/03\/image-7-1536x1097.webp 1536w, https:\/\/freixenet.com\/app\/uploads\/sites\/2\/2025\/03\/image-7-1512x1080.webp 1512w, https:\/\/freixenet.com\/app\/uploads\/sites\/2\/2025\/03\/image-7-360x257.webp 360w\" sizes=\"auto, (max-width: 1680px) 100vw, 1680px\" \/><span aria-hidden=\"true\" class=\"wp-block-cover__background has-accent-dim-800-background-color has-background-dim-0 has-background-dim\"><\/span><div class=\"wp-block-cover__inner-container is-layout-flow wp-block-cover-is-layout-flow\">\n<p class=\"has-text-align-center has-large-font-size\"><\/p>\n<\/div><\/div>\n\n\t<\/div>\n\n<\/div>\n\n<\/div>\n\n<\/div>\n<\/section>\n\n<section class=\"slider-slide swiper-slide\" >\n    <!-- Add Slider Slide content here: -->\n    <div class=\"slider-card-wrapper\">\n<div class=\"wp-bootstrap-blocks-container container-fluid\">\n\t\n<div class=\"wp-bootstrap-blocks-row row g-0\">\n\t\n\n<div class=\"col-12 col-md-6\">\n\t\t\t<div class=\"h-100 d-flex flex-column justify-content-center\">\n\t\t\t\n\n<div class=\"wp-block-group is-vertical is-content-justification-center is-nowrap is-layout-flex wp-container-core-group-is-layout-a31effde wp-block-group-is-layout-flex\">\n<p class=\"text-badge has-accent-dim-500-color has-accent-dim-100-background-color has-text-color has-background has-link-color wp-elements-8df6e2e3433a20c32c516d2081394737\">2<\/p>\n\n\n\n<h3 class=\"wp-block-heading title-tag has-heading-4-xs-font-size\"><\/h3>\n\n\n\n<h2 class=\"wp-block-heading has-text-align-center has-heading-2-xl-font-size\">Pel que fa al ra\u00efm produ\u00eft, utilitzem totes les parts<\/h2>\n\n\n\n<p class=\"has-text-align-center has-neutral-700-color has-text-color has-link-color has-body-md-font-size wp-elements-279623fde9f3f5dd16e2ac50659fd13b\">Dels subproductes (orujo, lies i brisa) produ\u00efts s&#8217;obt\u00e9 alcohol i altres elements.<\/p>\n<\/div>\n\n\t\t<\/div>\n\t<\/div>\n\n\n\n<div class=\"col-12 col-md-6\">\n\t\t\t\n\n<div class=\"wp-block-cover is-light\" style=\"min-height:50vh;aspect-ratio:unset;\"><img loading=\"lazy\" decoding=\"async\" width=\"1680\" height=\"1200\" class=\"wp-block-cover__image-background wp-image-1248\" alt=\"\" src=\"https:\/\/freixenet.com\/app\/uploads\/2025\/03\/image-6.webp\" data-object-fit=\"cover\" srcset=\"https:\/\/freixenet.com\/app\/uploads\/sites\/2\/2025\/03\/image-6.webp 1680w, https:\/\/freixenet.com\/app\/uploads\/sites\/2\/2025\/03\/image-6-300x214.webp 300w, https:\/\/freixenet.com\/app\/uploads\/sites\/2\/2025\/03\/image-6-1024x731.webp 1024w, https:\/\/freixenet.com\/app\/uploads\/sites\/2\/2025\/03\/image-6-768x549.webp 768w, https:\/\/freixenet.com\/app\/uploads\/sites\/2\/2025\/03\/image-6-1536x1097.webp 1536w, https:\/\/freixenet.com\/app\/uploads\/sites\/2\/2025\/03\/image-6-1512x1080.webp 1512w, https:\/\/freixenet.com\/app\/uploads\/sites\/2\/2025\/03\/image-6-360x257.webp 360w\" sizes=\"auto, (max-width: 1680px) 100vw, 1680px\" \/><span aria-hidden=\"true\" class=\"wp-block-cover__background has-background-dim-0 has-background-dim\" style=\"background-color:#8b9177\"><\/span><div class=\"wp-block-cover__inner-container is-layout-flow wp-block-cover-is-layout-flow\">\n<p class=\"has-text-align-center has-large-font-size\"><\/p>\n<\/div><\/div>\n\n\t<\/div>\n\n<\/div>\n\n<\/div>\n\n<\/div>\n<\/section>\n\n<section class=\"slider-slide swiper-slide\" >\n    <!-- Add Slider Slide content here: -->\n    <div class=\"slider-card-wrapper\">\n<div class=\"wp-bootstrap-blocks-container container-fluid\">\n\t\n<div class=\"wp-bootstrap-blocks-row row g-0\">\n\t\n\n<div class=\"col-12 col-md-6\">\n\t\t\t<div class=\"h-100 d-flex flex-column justify-content-center\">\n\t\t\t\n\n<div class=\"wp-block-group is-vertical is-content-justification-center is-nowrap is-layout-flex wp-container-core-group-is-layout-a31effde wp-block-group-is-layout-flex\">\n<p class=\"text-badge has-accent-dim-500-color has-accent-dim-100-background-color has-text-color has-background has-link-color wp-elements-984b958fc3383b17f2b94f4f1f463243\">3<\/p>\n\n\n\n<h3 class=\"wp-block-heading title-tag has-heading-4-xs-font-size\"><\/h3>\n\n\n\n<h2 class=\"wp-block-heading has-text-align-center has-heading-2-xl-font-size\">Els nostres envasos prioritzen el medi ambient<\/h2>\n\n\n\n<p class=\"has-text-align-center has-neutral-700-color has-text-color has-link-color has-body-md-font-size wp-elements-4d51fb673a22cb1ec828c1f2e145a985\">Les nostres ampolles de vidre s\u00f3n 100% reciclables i fem servir taps de suro naturals, cosa que t\u00e9 un impacte ambiental positiu.<\/p>\n<\/div>\n\n\t\t<\/div>\n\t<\/div>\n\n\n\n<div class=\"col-12 col-md-6\">\n\t\t\t\n\n<div class=\"wp-block-cover is-light\" style=\"min-height:50vh;aspect-ratio:unset;\"><img loading=\"lazy\" decoding=\"async\" width=\"1680\" height=\"1200\" class=\"wp-block-cover__image-background wp-image-1242\" alt=\"\" src=\"https:\/\/freixenet.com\/app\/uploads\/2025\/03\/image-5.webp\" data-object-fit=\"cover\" srcset=\"https:\/\/freixenet.com\/app\/uploads\/sites\/2\/2025\/03\/image-5.webp 1680w, https:\/\/freixenet.com\/app\/uploads\/sites\/2\/2025\/03\/image-5-300x214.webp 300w, https:\/\/freixenet.com\/app\/uploads\/sites\/2\/2025\/03\/image-5-1024x731.webp 1024w, https:\/\/freixenet.com\/app\/uploads\/sites\/2\/2025\/03\/image-5-768x549.webp 768w, https:\/\/freixenet.com\/app\/uploads\/sites\/2\/2025\/03\/image-5-1536x1097.webp 1536w, https:\/\/freixenet.com\/app\/uploads\/sites\/2\/2025\/03\/image-5-1512x1080.webp 1512w, https:\/\/freixenet.com\/app\/uploads\/sites\/2\/2025\/03\/image-5-360x257.webp 360w\" sizes=\"auto, (max-width: 1680px) 100vw, 1680px\" \/><span aria-hidden=\"true\" class=\"wp-block-cover__background has-background-dim-0 has-background-dim\" style=\"background-color:#a19766\"><\/span><div class=\"wp-block-cover__inner-container is-layout-flow wp-block-cover-is-layout-flow\">\n<p class=\"has-text-align-center has-large-font-size\"><\/p>\n<\/div><\/div>\n\n\t<\/div>\n\n<\/div>\n\n<\/div>\n\n<\/div>\n<\/section>\n\n<section class=\"slider-slide swiper-slide\" >\n    <!-- Add Slider Slide content here: -->\n    <div class=\"slider-card-wrapper\">\n<div class=\"wp-bootstrap-blocks-container container-fluid\">\n\t\n<div class=\"wp-bootstrap-blocks-row row g-0\">\n\t\n\n<div class=\"col-12 col-md-6\">\n\t\t\t<div class=\"h-100 d-flex flex-column justify-content-center\">\n\t\t\t\n\n<div class=\"wp-block-group is-vertical is-content-justification-center is-nowrap is-layout-flex wp-container-core-group-is-layout-a31effde wp-block-group-is-layout-flex\">\n<p class=\"text-badge has-accent-dim-500-color has-accent-dim-100-background-color has-text-color has-background has-link-color wp-elements-88f9ca402d4a1dcb12b22a737adff169\">4<\/p>\n\n\n\n<h3 class=\"wp-block-heading title-tag has-heading-4-xs-font-size\"><\/h3>\n\n\n\n<h2 class=\"wp-block-heading has-text-align-center has-heading-2-xl-font-size\">Seleccionem els nostres ingredients amb cura per mantenir un impacte ambiental baix<\/h2>\n\n\n\n<p class=\"has-text-align-center has-neutral-700-color has-text-color has-link-color has-body-md-font-size wp-elements-79223c2fcbcb3b0b99bd4cbf7d04683a\">Els nostres ingredients s\u00f3n 100% naturals, vegans i de proximitat.<\/p>\n<\/div>\n\n\t\t<\/div>\n\t<\/div>\n\n\n\n<div class=\"col-12 col-md-6\">\n\t\t\t\n\n<div class=\"wp-block-cover\" style=\"min-height:50vh;aspect-ratio:unset;\"><img loading=\"lazy\" decoding=\"async\" width=\"1024\" height=\"731\" class=\"wp-block-cover__image-background wp-image-1236\" alt=\"\" src=\"https:\/\/freixenet.com\/app\/uploads\/2025\/03\/image-4-1024x731.webp\" data-object-fit=\"cover\" srcset=\"https:\/\/freixenet.com\/app\/uploads\/sites\/2\/2025\/03\/image-4-1024x731.webp 1024w, https:\/\/freixenet.com\/app\/uploads\/sites\/2\/2025\/03\/image-4-300x214.webp 300w, https:\/\/freixenet.com\/app\/uploads\/sites\/2\/2025\/03\/image-4-768x549.webp 768w, https:\/\/freixenet.com\/app\/uploads\/sites\/2\/2025\/03\/image-4-1536x1097.webp 1536w, https:\/\/freixenet.com\/app\/uploads\/sites\/2\/2025\/03\/image-4-1512x1080.webp 1512w, https:\/\/freixenet.com\/app\/uploads\/sites\/2\/2025\/03\/image-4-360x257.webp 360w, https:\/\/freixenet.com\/app\/uploads\/sites\/2\/2025\/03\/image-4.webp 1680w\" sizes=\"auto, (max-width: 1024px) 100vw, 1024px\" \/><span aria-hidden=\"true\" class=\"wp-block-cover__background has-background-dim-0 has-background-dim\"><\/span><div class=\"wp-block-cover__inner-container is-layout-flow wp-block-cover-is-layout-flow\">\n<p class=\"has-text-align-center has-large-font-size\"><\/p>\n<\/div><\/div>\n\n\t<\/div>\n\n<\/div>\n\n<\/div>\n\n<\/div>\n<\/section>\n\n<section class=\"slider-slide swiper-slide\" >\n    <!-- Add Slider Slide content here: -->\n    <div class=\"slider-card-wrapper\">\n<div class=\"wp-bootstrap-blocks-container container-fluid\">\n\t\n<div class=\"wp-bootstrap-blocks-row row g-0\">\n\t\n\n<div class=\"col-12 col-md-6\">\n\t\t\t<div class=\"h-100 d-flex flex-column justify-content-center\">\n\t\t\t\n\n<div class=\"wp-block-group is-vertical is-content-justification-center is-nowrap is-layout-flex wp-container-core-group-is-layout-a31effde wp-block-group-is-layout-flex\">\n<p class=\"text-badge has-accent-dim-500-color has-accent-dim-100-background-color has-text-color has-background has-link-color wp-elements-174e8f26f511c885e9a2f43fc0fe6ee6\">5<\/p>\n\n\n\n<h3 class=\"wp-block-heading title-tag has-heading-4-xs-font-size\"><\/h3>\n\n\n\n<h2 class=\"wp-block-heading has-text-align-center has-heading-2-xl-font-size\">Innovem i treballem cont\u00ednuament per reduir el consum d&#8217;aigua<\/h2>\n\n\n\n<p class=\"has-text-align-center has-neutral-700-color has-text-color has-link-color has-body-md-font-size wp-elements-b164d9006556aaf44f91bef87c4c64b3\">Des que vam posar en marxa el nostre sistema de gesti\u00f3 de l&#8217;aigua, hem redu\u00eft el nostre consum d&#8217;aigua en m\u00e9s d&#8217;un 35%.<\/p>\n<\/div>\n\n\t\t<\/div>\n\t<\/div>\n\n\n\n<div class=\"col-12 col-md-6\">\n\t\t\t\n\n<div class=\"wp-block-cover\" style=\"min-height:50vh;aspect-ratio:unset;\"><img loading=\"lazy\" decoding=\"async\" width=\"1024\" height=\"731\" class=\"wp-block-cover__image-background wp-image-1224\" alt=\"\" src=\"https:\/\/freixenet.com\/app\/uploads\/2025\/03\/image-2-1024x731.webp\" data-object-fit=\"cover\" srcset=\"https:\/\/freixenet.com\/app\/uploads\/sites\/2\/2025\/03\/image-2-1024x731.webp 1024w, https:\/\/freixenet.com\/app\/uploads\/sites\/2\/2025\/03\/image-2-300x214.webp 300w, https:\/\/freixenet.com\/app\/uploads\/sites\/2\/2025\/03\/image-2-768x549.webp 768w, https:\/\/freixenet.com\/app\/uploads\/sites\/2\/2025\/03\/image-2-1536x1097.webp 1536w, https:\/\/freixenet.com\/app\/uploads\/sites\/2\/2025\/03\/image-2-1512x1080.webp 1512w, https:\/\/freixenet.com\/app\/uploads\/sites\/2\/2025\/03\/image-2-360x257.webp 360w, https:\/\/freixenet.com\/app\/uploads\/sites\/2\/2025\/03\/image-2.webp 1680w\" sizes=\"auto, (max-width: 1024px) 100vw, 1024px\" \/><span aria-hidden=\"true\" class=\"wp-block-cover__background has-background-dim-0 has-background-dim\"><\/span><div class=\"wp-block-cover__inner-container is-layout-flow wp-block-cover-is-layout-flow\">\n<p class=\"has-text-align-center has-large-font-size\"><\/p>\n<\/div><\/div>\n\n\t<\/div>\n\n<\/div>\n\n<\/div>\n\n<\/div>\n<\/section>\n<\/div>\n        <nav class=\"gallery-slider__nav lg:static\">\n            <div class=\"swiper-nav-btn swiper-button-prev\">\n                <button class=\"icon-button primary accent size--lg\" data-slider-nav=\"prev\">\n                    <div class=\"icon icon-chevron-left custom-ti-svg\"><svg\n  xmlns=\"http:\/\/www.w3.org\/2000\/svg\"\n  width=\"24\"\n  height=\"24\"\n  viewBox=\"0 0 24 24\"\n  fill=\"none\"\n  stroke=\"currentColor\"\n  stroke-width=\"2\"\n  stroke-linecap=\"round\"\n  stroke-linejoin=\"round\"\n  class=\"icon icon-tabler icons-tabler-outline icon-tabler-chevron-left\"\n>\n  <path stroke=\"none\" d=\"M0 0h24v24H0z\" fill=\"none\"\/>\n  <path d=\"M15 6l-6 6l6 6\" \/>\n<\/svg><\/div>                <\/button>\n            <\/div>\n            <div class=\"swiper-nav-btn swiper-button-next\">\n                <button class=\"icon-button primary accent size--lg\" data-slider-nav=\"next\">\n                    <div class=\"icon icon-chevron-right custom-ti-svg\"><svg\n  xmlns=\"http:\/\/www.w3.org\/2000\/svg\"\n  width=\"24\"\n  height=\"24\"\n  viewBox=\"0 0 24 24\"\n  fill=\"none\"\n  stroke=\"currentColor\"\n  stroke-width=\"2\"\n  stroke-linecap=\"round\"\n  stroke-linejoin=\"round\"\n  class=\"icon icon-tabler icons-tabler-outline icon-tabler-chevron-right\"\n>\n  <path stroke=\"none\" d=\"M0 0h24v24H0z\" fill=\"none\"\/>\n  <path d=\"M9 6l6 6l-6 6\" \/>\n<\/svg><\/div>                <\/button>\n            <\/div>\n        <\/nav>\n    <\/div>\n<\/section><section class=\"newsletter md:py-xl lg:py-4-xl\" >\n    <!-- Add Newsletter content here: -->\n    <div class=\"container-md newsletter-card md:rounded-xl overflow-hidden text-center bg-accent-dim-100 flex items-stretch p-0\" data-3d-card>\n        <div class=\"newsletter-card__wrapper\">\n            <div class=\"newsletter-card__col\">\n                <div class=\"text-block flex flex-col items-center justify-center min-h-full\" data-3d-card-text>\n                    <div class=\"text-block__content p-sm md:py-lg xl:py-xl w-full\">\n\n                        <div class=\"newsletter__inner-blocks\">\n\n<h3 class=\"wp-block-heading text-accent-dim-600 uppercase text-heading-4-xl mt-0 has-accent-dim-500-color has-text-color\"><mark class=\"has-current-color bg-transparent\">Subscriu-te al nostre<\/mark><br><em class=\"italic text-accent-dim-600\">Newsletter<\/em><\/h3>\n\n\n\n<p class=\"has-text-align-center text-body text-body-md text-accent-dim-700\">Subscriu-te aqu\u00ed per descobrir les actualitzacions, ofertes i informaci\u00f3 sobre els propers esdeveniments<\/p>\n\n\n\n<div class=\"wp-block-contact-form-7-contact-form-selector\">\n<div class=\"wpcf7 no-js\" id=\"wpcf7-f2886-o1\" lang=\"ca\" dir=\"ltr\" data-wpcf7-id=\"2886\">\n<div class=\"screen-reader-response\"><p role=\"status\" aria-live=\"polite\" aria-atomic=\"true\"><\/p> <ul><\/ul><\/div>\n<form action=\"\/es\/ca\/wp-json\/wp\/v2\/pages\/3396#wpcf7-f2886-o1\" method=\"post\" class=\"wpcf7-form init form-newsletter-banner cf7mls-no-scroll cf7mls-auto-return-first-step cf7mls-no-moving-animation\" id=\"form-newsletter-banner\" aria-label=\"Contact form\" novalidate=\"novalidate\" data-status=\"init\">\n<fieldset class=\"hidden-fields-container\"><input type=\"hidden\" name=\"_wpcf7\" value=\"2886\" \/><input type=\"hidden\" name=\"_wpcf7_version\" value=\"6.1.5\" \/><input type=\"hidden\" name=\"_wpcf7_locale\" value=\"ca\" \/><input type=\"hidden\" name=\"_wpcf7_unit_tag\" value=\"wpcf7-f2886-o1\" \/><input type=\"hidden\" name=\"_wpcf7_container_post\" value=\"0\" \/><input type=\"hidden\" name=\"_wpcf7_posted_data_hash\" value=\"\" \/>\n<\/fieldset>\n<div class=\"input-newsletter\">\n    <label>\n        <span class=\"wpcf7-form-control-wrap\" data-name=\"newsletter-email\"><input size=\"40\" maxlength=\"400\" class=\"wpcf7-form-control wpcf7-email wpcf7-validates-as-required wpcf7-text wpcf7-validates-as-email\" autocomplete=\"email\" aria-required=\"true\" aria-invalid=\"false\" placeholder=\"El teu email\" value=\"\" type=\"email\" name=\"newsletter-email\" \/><\/span>\n    <\/label>\n    <input class=\"wpcf7-form-control wpcf7-hidden\" value=\"ES\" type=\"hidden\" name=\"country\" \/>\n    <input class=\"wpcf7-form-control wpcf7-hidden\" value=\"ca_ES\" type=\"hidden\" name=\"language\" \/>\n    <input class=\"wpcf7-form-control wpcf7-submit has-spinner button primary\" type=\"submit\" value=\"Enviar\" \/>\n<\/div>\n\n<div class=\"checkbox-wrapper\">\n    <span class=\"wpcf7-form-control-wrap\" data-name=\"newsletter-terms\"><span class=\"wpcf7-form-control wpcf7-acceptance\"><span class=\"wpcf7-list-item\"><label><input type=\"checkbox\" name=\"newsletter-terms\" value=\"1\" aria-invalid=\"false\" \/><span class=\"wpcf7-list-item-label\">Accepto els <a href='\/privacy-policy' class='text-accent-dim-700'>termes i condicions<\/a><\/span><\/label><\/span><\/span><\/span>\n<\/div><div class=\"wpcf7-response-output\" aria-hidden=\"true\"><\/div>\n<\/form>\n<\/div>\n<\/div>\n\n<\/div>\n                    <\/div>\n                <\/div>\n            <\/div>\n            <div class=\"newsletter-card__col\">\n                <picture class=\"flex w-full h-full justify-center items-center overflow-hidden relative\">\n                                        <img decoding=\"async\" class=\"w-full h-full object-cover\" src=\"https:\/\/freixenet.com\/app\/uploads\/2025\/02\/newsletter-img-optimized-768x769.webp\" alt=\"\" data-3d-card-bg>\n                <\/picture>\n            <\/div>\n        <\/div>\n    <\/div>\n<\/section><section class=\"scroll-text-loop\" >\n    <!-- Add Scroll Text Loop content here: -->\n    <div class=\"scrolling-text\">\n        <div class=\"scrolling-text__trail\">\n\n<p class=\"has-text-align-center scrolling-text__item has-accent-dim-700-color has-neutral-900-background-color has-text-color has-background has-heading-oversized-font-size\"><a href=\"https:\/\/freixenet.com\/es\/ca\/sobre-nosaltres\/\">Back to About us<\/a><\/p>\n\n<\/div>\n    <\/div>\n<\/section>","protected":false},"excerpt":{"rendered":"","protected":false},"author":1,"featured_media":0,"parent":3098,"menu_order":0,"comment_status":"closed","ping_status":"closed","template":"","meta":{"_acf_changed":false,"footnotes":""},"class_list":["post-3396","page","type-page","status-publish","hentry"],"acf":[],"yoast_head":"<!-- This site is optimized with the Yoast SEO plugin v27.4 - https:\/\/yoast.com\/product\/yoast-seo-wordpress\/ -->\n<title>Sostenibilitat - Freixenet Spain<\/title>\n<meta name=\"robots\" content=\"index, follow, max-snippet:-1, max-image-preview:large, max-video-preview:-1\" \/>\n<link rel=\"canonical\" href=\"https:\/\/freixenet.com\/es\/ca\/sobre-nosaltres\/sostenibilitat\/\" \/>\n<meta property=\"og:locale\" content=\"ca_ES\" \/>\n<meta property=\"og:type\" content=\"article\" \/>\n<meta property=\"og:title\" content=\"Sostenibilitat - Freixenet Spain\" \/>\n<meta property=\"og:url\" content=\"https:\/\/freixenet.com\/es\/ca\/sobre-nosaltres\/sostenibilitat\/\" \/>\n<meta property=\"og:site_name\" content=\"Freixenet Spain\" \/>\n<meta property=\"article:publisher\" content=\"https:\/\/www.facebook.com\/FreixenetES\" \/>\n<meta property=\"article:modified_time\" content=\"2025-07-08T15:48:49+00:00\" \/>\n<meta property=\"og:image\" content=\"https:\/\/freixenet.com\/app\/uploads\/2025\/03\/sustainability-thumbnail-banner.jpg\" \/>\n<meta name=\"twitter:card\" content=\"summary_large_image\" \/>\n<meta name=\"twitter:label1\" content=\"Est. reading time\" \/>\n\t<meta name=\"twitter:data1\" content=\"1 minute\" \/>\n<script type=\"application\/ld+json\" class=\"yoast-schema-graph\">{\"@context\":\"https:\\\/\\\/schema.org\",\"@graph\":[{\"@type\":\"WebPage\",\"@id\":\"https:\\\/\\\/freixenet.com\\\/es\\\/ca\\\/sobre-nosaltres\\\/sostenibilitat\\\/\",\"url\":\"https:\\\/\\\/freixenet.com\\\/es\\\/ca\\\/sobre-nosaltres\\\/sostenibilitat\\\/\",\"name\":\"Sostenibilitat - Freixenet Spain\",\"isPartOf\":{\"@id\":\"https:\\\/\\\/freixenet.com\\\/es\\\/ca\\\/#website\"},\"primaryImageOfPage\":{\"@id\":\"https:\\\/\\\/freixenet.com\\\/es\\\/ca\\\/sobre-nosaltres\\\/sostenibilitat\\\/#primaryimage\"},\"image\":{\"@id\":\"https:\\\/\\\/freixenet.com\\\/es\\\/ca\\\/sobre-nosaltres\\\/sostenibilitat\\\/#primaryimage\"},\"thumbnailUrl\":\"https:\\\/\\\/freixenet.com\\\/app\\\/uploads\\\/2025\\\/03\\\/sustainability-thumbnail-banner.jpg\",\"datePublished\":\"2025-03-05T12:53:03+00:00\",\"dateModified\":\"2025-07-08T15:48:49+00:00\",\"breadcrumb\":{\"@id\":\"https:\\\/\\\/freixenet.com\\\/es\\\/ca\\\/sobre-nosaltres\\\/sostenibilitat\\\/#breadcrumb\"},\"inLanguage\":\"ca\",\"potentialAction\":[{\"@type\":\"ReadAction\",\"target\":[\"https:\\\/\\\/freixenet.com\\\/es\\\/ca\\\/sobre-nosaltres\\\/sostenibilitat\\\/\"]}]},{\"@type\":\"ImageObject\",\"inLanguage\":\"ca\",\"@id\":\"https:\\\/\\\/freixenet.com\\\/es\\\/ca\\\/sobre-nosaltres\\\/sostenibilitat\\\/#primaryimage\",\"url\":\"https:\\\/\\\/freixenet.com\\\/app\\\/uploads\\\/2025\\\/03\\\/sustainability-thumbnail-banner.jpg\",\"contentUrl\":\"https:\\\/\\\/freixenet.com\\\/app\\\/uploads\\\/2025\\\/03\\\/sustainability-thumbnail-banner.jpg\"},{\"@type\":\"BreadcrumbList\",\"@id\":\"https:\\\/\\\/freixenet.com\\\/es\\\/ca\\\/sobre-nosaltres\\\/sostenibilitat\\\/#breadcrumb\",\"itemListElement\":[{\"@type\":\"ListItem\",\"position\":1,\"name\":\"Home\",\"item\":\"https:\\\/\\\/freixenet.com\\\/es\\\/ca\\\/\"},{\"@type\":\"ListItem\",\"position\":2,\"name\":\"Sobre nosaltres\",\"item\":\"https:\\\/\\\/freixenet.com\\\/es\\\/ca\\\/sobre-nosaltres\\\/\"},{\"@type\":\"ListItem\",\"position\":3,\"name\":\"Sostenibilitat\"}]},{\"@type\":\"WebSite\",\"@id\":\"https:\\\/\\\/freixenet.com\\\/es\\\/ca\\\/#website\",\"url\":\"https:\\\/\\\/freixenet.com\\\/es\\\/ca\\\/\",\"name\":\"Freixenet Spain\",\"description\":\"The most emblematic wineries of Freixenet combine tradition and innovation and have the deepest ancient cellars, located 20 meters underground.\",\"publisher\":{\"@id\":\"https:\\\/\\\/freixenet.com\\\/es\\\/ca\\\/#organization\"},\"potentialAction\":[{\"@type\":\"SearchAction\",\"target\":{\"@type\":\"EntryPoint\",\"urlTemplate\":\"https:\\\/\\\/freixenet.com\\\/es\\\/ca\\\/?s={search_term_string}\"},\"query-input\":{\"@type\":\"PropertyValueSpecification\",\"valueRequired\":true,\"valueName\":\"search_term_string\"}}],\"inLanguage\":\"ca\"},{\"@type\":\"Organization\",\"@id\":\"https:\\\/\\\/freixenet.com\\\/es\\\/ca\\\/#organization\",\"name\":\"Freixenet Spain\",\"url\":\"https:\\\/\\\/freixenet.com\\\/es\\\/ca\\\/\",\"logo\":{\"@type\":\"ImageObject\",\"inLanguage\":\"ca\",\"@id\":\"https:\\\/\\\/freixenet.com\\\/es\\\/ca\\\/#\\\/schema\\\/logo\\\/image\\\/\",\"url\":\"https:\\\/\\\/freixenet.com\\\/app\\\/uploads\\\/sites\\\/2\\\/2025\\\/06\\\/freixenet-site-icon.png\",\"contentUrl\":\"https:\\\/\\\/freixenet.com\\\/app\\\/uploads\\\/sites\\\/2\\\/2025\\\/06\\\/freixenet-site-icon.png\",\"width\":512,\"height\":512,\"caption\":\"Freixenet Spain\"},\"image\":{\"@id\":\"https:\\\/\\\/freixenet.com\\\/es\\\/ca\\\/#\\\/schema\\\/logo\\\/image\\\/\"},\"sameAs\":[\"https:\\\/\\\/www.facebook.com\\\/FreixenetES\"]}]}<\/script>\n<!-- \/ Yoast SEO plugin. -->","yoast_head_json":{"title":"Sostenibilitat - Freixenet Spain","robots":{"index":"index","follow":"follow","max-snippet":"max-snippet:-1","max-image-preview":"max-image-preview:large","max-video-preview":"max-video-preview:-1"},"canonical":"https:\/\/freixenet.com\/es\/ca\/sobre-nosaltres\/sostenibilitat\/","og_locale":"ca_ES","og_type":"article","og_title":"Sostenibilitat - Freixenet Spain","og_url":"https:\/\/freixenet.com\/es\/ca\/sobre-nosaltres\/sostenibilitat\/","og_site_name":"Freixenet Spain","article_publisher":"https:\/\/www.facebook.com\/FreixenetES","article_modified_time":"2025-07-08T15:48:49+00:00","og_image":[{"url":"https:\/\/freixenet.com\/app\/uploads\/2025\/03\/sustainability-thumbnail-banner.jpg","type":"","width":"","height":""}],"twitter_card":"summary_large_image","twitter_misc":{"Est. reading time":"1 minute"},"schema":{"@context":"https:\/\/schema.org","@graph":[{"@type":"WebPage","@id":"https:\/\/freixenet.com\/es\/ca\/sobre-nosaltres\/sostenibilitat\/","url":"https:\/\/freixenet.com\/es\/ca\/sobre-nosaltres\/sostenibilitat\/","name":"Sostenibilitat - Freixenet Spain","isPartOf":{"@id":"https:\/\/freixenet.com\/es\/ca\/#website"},"primaryImageOfPage":{"@id":"https:\/\/freixenet.com\/es\/ca\/sobre-nosaltres\/sostenibilitat\/#primaryimage"},"image":{"@id":"https:\/\/freixenet.com\/es\/ca\/sobre-nosaltres\/sostenibilitat\/#primaryimage"},"thumbnailUrl":"https:\/\/freixenet.com\/app\/uploads\/2025\/03\/sustainability-thumbnail-banner.jpg","datePublished":"2025-03-05T12:53:03+00:00","dateModified":"2025-07-08T15:48:49+00:00","breadcrumb":{"@id":"https:\/\/freixenet.com\/es\/ca\/sobre-nosaltres\/sostenibilitat\/#breadcrumb"},"inLanguage":"ca","potentialAction":[{"@type":"ReadAction","target":["https:\/\/freixenet.com\/es\/ca\/sobre-nosaltres\/sostenibilitat\/"]}]},{"@type":"ImageObject","inLanguage":"ca","@id":"https:\/\/freixenet.com\/es\/ca\/sobre-nosaltres\/sostenibilitat\/#primaryimage","url":"https:\/\/freixenet.com\/app\/uploads\/2025\/03\/sustainability-thumbnail-banner.jpg","contentUrl":"https:\/\/freixenet.com\/app\/uploads\/2025\/03\/sustainability-thumbnail-banner.jpg"},{"@type":"BreadcrumbList","@id":"https:\/\/freixenet.com\/es\/ca\/sobre-nosaltres\/sostenibilitat\/#breadcrumb","itemListElement":[{"@type":"ListItem","position":1,"name":"Home","item":"https:\/\/freixenet.com\/es\/ca\/"},{"@type":"ListItem","position":2,"name":"Sobre nosaltres","item":"https:\/\/freixenet.com\/es\/ca\/sobre-nosaltres\/"},{"@type":"ListItem","position":3,"name":"Sostenibilitat"}]},{"@type":"WebSite","@id":"https:\/\/freixenet.com\/es\/ca\/#website","url":"https:\/\/freixenet.com\/es\/ca\/","name":"Freixenet Spain","description":"The most emblematic wineries of Freixenet combine tradition and innovation and have the deepest ancient cellars, located 20 meters underground.","publisher":{"@id":"https:\/\/freixenet.com\/es\/ca\/#organization"},"potentialAction":[{"@type":"SearchAction","target":{"@type":"EntryPoint","urlTemplate":"https:\/\/freixenet.com\/es\/ca\/?s={search_term_string}"},"query-input":{"@type":"PropertyValueSpecification","valueRequired":true,"valueName":"search_term_string"}}],"inLanguage":"ca"},{"@type":"Organization","@id":"https:\/\/freixenet.com\/es\/ca\/#organization","name":"Freixenet Spain","url":"https:\/\/freixenet.com\/es\/ca\/","logo":{"@type":"ImageObject","inLanguage":"ca","@id":"https:\/\/freixenet.com\/es\/ca\/#\/schema\/logo\/image\/","url":"https:\/\/freixenet.com\/app\/uploads\/sites\/2\/2025\/06\/freixenet-site-icon.png","contentUrl":"https:\/\/freixenet.com\/app\/uploads\/sites\/2\/2025\/06\/freixenet-site-icon.png","width":512,"height":512,"caption":"Freixenet Spain"},"image":{"@id":"https:\/\/freixenet.com\/es\/ca\/#\/schema\/logo\/image\/"},"sameAs":["https:\/\/www.facebook.com\/FreixenetES"]}]}},"_links":{"self":[{"href":"https:\/\/freixenet.com\/es\/ca\/wp-json\/wp\/v2\/pages\/3396","targetHints":{"allow":["GET"]}}],"collection":[{"href":"https:\/\/freixenet.com\/es\/ca\/wp-json\/wp\/v2\/pages"}],"about":[{"href":"https:\/\/freixenet.com\/es\/ca\/wp-json\/wp\/v2\/types\/page"}],"author":[{"embeddable":true,"href":"https:\/\/freixenet.com\/es\/ca\/wp-json\/wp\/v2\/users\/1"}],"replies":[{"embeddable":true,"href":"https:\/\/freixenet.com\/es\/ca\/wp-json\/wp\/v2\/comments?post=3396"}],"version-history":[{"count":5,"href":"https:\/\/freixenet.com\/es\/ca\/wp-json\/wp\/v2\/pages\/3396\/revisions"}],"predecessor-version":[{"id":3583,"href":"https:\/\/freixenet.com\/es\/ca\/wp-json\/wp\/v2\/pages\/3396\/revisions\/3583"}],"up":[{"embeddable":true,"href":"https:\/\/freixenet.com\/es\/ca\/wp-json\/wp\/v2\/pages\/3098"}],"wp:attachment":[{"href":"https:\/\/freixenet.com\/es\/ca\/wp-json\/wp\/v2\/media?parent=3396"}],"curies":[{"name":"wp","href":"https:\/\/api.w.org\/{rel}","templated":true}]}}