{"id":3158,"date":"2025-03-03T06:56:27","date_gmt":"2025-03-03T06:56:27","guid":{"rendered":"https:\/\/freixenet.com\/es\/sobre-nosaltres\/la-nostra-historia\/"},"modified":"2025-07-14T14:31:46","modified_gmt":"2025-07-14T14:31:46","slug":"la-nostra-historia","status":"publish","type":"page","link":"https:\/\/freixenet.com\/es\/ca\/sobre-nosaltres\/la-nostra-historia\/","title":{"rendered":"La Nostra Hist\u00f2ria"},"content":{"rendered":"<section\n    class=\"zoom-in-banner\"\n        >\n    <div class=\"zoom-in-banner__wrapper h-full w-full relative flex flex-col items-center justify-center\">\n\n<div class=\"wp-block-cover asset-wrapper\"><span aria-hidden=\"true\" class=\"wp-block-cover__background has-accent-dim-900-background-color has-background-dim-40 has-background-dim\"><\/span><img loading=\"lazy\" decoding=\"async\" width=\"1921\" height=\"1081\" src=\"https:\/\/freixenet.com\/app\/uploads\/sites\/2\/2025\/03\/our-story-banner.webp\" class=\"wp-block-cover__image-background wp-post-image\" alt=\"\" data-object-fit=\"cover\" srcset=\"https:\/\/freixenet.com\/app\/uploads\/sites\/2\/2025\/03\/our-story-banner.webp 1921w, https:\/\/freixenet.com\/app\/uploads\/sites\/2\/2025\/03\/our-story-banner-300x169.webp 300w, https:\/\/freixenet.com\/app\/uploads\/sites\/2\/2025\/03\/our-story-banner-1024x576.webp 1024w, https:\/\/freixenet.com\/app\/uploads\/sites\/2\/2025\/03\/our-story-banner-768x432.webp 768w, https:\/\/freixenet.com\/app\/uploads\/sites\/2\/2025\/03\/our-story-banner-1536x864.webp 1536w, https:\/\/freixenet.com\/app\/uploads\/sites\/2\/2025\/03\/our-story-banner-360x203.webp 360w\" sizes=\"auto, (max-width: 1921px) 100vw, 1921px\" \/><div class=\"wp-block-cover__inner-container is-layout-flow wp-block-cover-is-layout-flow\"><div class=\"wp-bootstrap-blocks-container container custom-block-padding banner-wrapper\">\n\t\n<div class=\"wp-bootstrap-blocks-row row justify-content-center\">\n\t\n\n<div class=\"col-12 col-lg-8\">\n\t\t\t\n\n<div class=\"wp-block-group zoom-in-banner__text-block is-vertical is-content-justification-stretch is-nowrap is-layout-flex wp-container-core-group-is-layout-28365a3b wp-block-group-is-layout-flex\"><div class=\"yoast-breadcrumbs\"><span><span><a href=\"https:\/\/freixenet.com\/es\/ca\/\">Home<\/a><\/span> \u00bb <span><a href=\"https:\/\/freixenet.com\/es\/ca\/sobre-nosaltres\/\">Sobre nosaltres<\/a><\/span> \u00bb <span class=\"breadcrumb_last\" aria-current=\"page\">La Nostra Hist\u00f2ria<\/span><\/span><\/div>\n\n\n<h2 class=\"wp-block-heading has-text-align-center has-heading-5-xl-font-size\"><mark class=\"has-inline-color has-current-color\">Des dels<\/mark><br\/><em>Arrels<\/em><\/h2>\n\n\n\n<div class=\"wp-block-group is-horizontal is-content-justification-center is-layout-flex wp-container-core-group-is-layout-5213dba7 wp-block-group-is-layout-flex\" style=\"padding-top:var(--wp--preset--spacing--md)\">    <a class=\"button size--md primary light button\" title=\"\" href=\"#prologue\">\n                    <div class=\"button__inner\">\n\n<p>Descobreix m\u00e9s<\/p>\n\n<\/div>\n                    <\/a>\n<\/div>\n<\/div>\n\n\t<\/div>\n\n<\/div>\n\n<\/div>\n<\/div><\/div>\n\n<\/div>\n<\/section>\n\n<div id=\"prologue\" class=\"wp-block-group is-layout-constrained wp-block-group-is-layout-constrained\"><div class=\"wp-bootstrap-blocks-container container has-custom-block-padding-small\">\n\t\n<div class=\"wp-bootstrap-blocks-row row justify-content-center\">\n\t\n\n<div class=\"col-12 col-md-6 col-xxl-9\">\n\t\t\t\n\n<div class=\"wp-block-group is-vertical is-content-justification-stretch is-layout-flex wp-container-core-group-is-layout-32463b62 wp-block-group-is-layout-flex\" style=\"padding-top:var(--wp--preset--spacing--xl);padding-bottom:var(--wp--preset--spacing--xl)\">\n<h2 class=\"wp-block-heading has-text-align-center has-accent-dim-400-color has-text-color has-link-color has-heading-oversized-font-size wp-elements-2bc7346f7f3c67424557093045f4c210\" style=\"text-transform:uppercase\">1861<\/h2>\n\n\n\n<h2 class=\"wp-block-heading has-text-align-center title-tag has-accent-dim-500-color has-text-color has-link-color wp-elements-e25e919b8f6f124795333d66eb8c1392\">Pr\u00f2leg<\/h2>\n<\/div>\n\n\n\n<div class=\"wp-block-group is-vertical is-content-justification-center is-nowrap is-layout-flex wp-container-core-group-is-layout-d0bdb1fc wp-block-group-is-layout-flex\" style=\"padding-top:var(--wp--preset--spacing--xl);padding-bottom:var(--wp--preset--spacing--xl)\">\n<p class=\"has-text-align-center has-neutral-800-color has-text-color has-link-color has-display-font-family has-heading-xl-font-size wp-elements-a972f399741aaf5705cd05fc533a1d06\">L&#8217;empresa familiar Casa Sala, antecessora de Freixenet, \u00e9s fundada per Francesc Sala Farr\u00e9s.<\/p>\n<\/div>\n\n\t<\/div>\n\n<\/div>\n\n<\/div>\n\n\n\n<figure class=\"wp-block-image size-full\"><img loading=\"lazy\" decoding=\"async\" width=\"1920\" height=\"1173\" src=\"https:\/\/freixenet.com\/app\/uploads\/2025\/03\/our-story-prologue.jpg\" alt=\"\" class=\"wp-image-757\" srcset=\"https:\/\/freixenet.com\/app\/uploads\/sites\/2\/2025\/03\/our-story-prologue.jpg 1920w, https:\/\/freixenet.com\/app\/uploads\/sites\/2\/2025\/03\/our-story-prologue-300x183.jpg 300w, https:\/\/freixenet.com\/app\/uploads\/sites\/2\/2025\/03\/our-story-prologue-1024x626.jpg 1024w, https:\/\/freixenet.com\/app\/uploads\/sites\/2\/2025\/03\/our-story-prologue-768x469.jpg 768w, https:\/\/freixenet.com\/app\/uploads\/sites\/2\/2025\/03\/our-story-prologue-1536x938.jpg 1536w, https:\/\/freixenet.com\/app\/uploads\/sites\/2\/2025\/03\/our-story-prologue-1768x1080.jpg 1768w, https:\/\/freixenet.com\/app\/uploads\/sites\/2\/2025\/03\/our-story-prologue-360x220.jpg 360w\" sizes=\"auto, (max-width: 1920px) 100vw, 1920px\" \/><\/figure>\n<\/div>\n<section class=\"has-neutral-light-background-color parallax-wrapper\" >\n    <!-- Add Parallax Wrapper content here: -->\n    <div class=\"art-section\">\n        <div class=\"parallax-track\">\n\n<div class=\"wp-block-group parallax-camera is-layout-flow wp-block-group-is-layout-flow\">\n<div class=\"wp-block-cover is-light parallax-camera-wrapper\" style=\"min-height:1100px;aspect-ratio:unset;\"><span aria-hidden=\"true\" class=\"wp-block-cover__background has-black-background-color has-background-dim-0 has-background-dim\"><\/span><div class=\"wp-block-cover__inner-container is-layout-flow wp-block-cover-is-layout-flow\"><div class=\"wp-bootstrap-blocks-container container custom-block-padding banner-wrapper\">\n\t\n<div class=\"wp-bootstrap-blocks-row row justify-content-end\">\n\t\n\n<div class=\"col-12 col-lg-6\">\n\t\t\t\n\n<div class=\"wp-block-group zoom-in-banner__text-block is-vertical is-content-justification-stretch is-nowrap is-layout-flex wp-container-core-group-is-layout-d43721b1 wp-block-group-is-layout-flex\">\n<h2 class=\"wp-block-heading has-text-align-right has-accent-dim-400-color has-text-color has-link-color has-heading-oversized-font-size wp-elements-2382355016642a8b3824bbbccfa08840\">1911<\/h2>\n\n\n\n<h2 class=\"wp-block-heading has-text-align-right title-tag has-accent-dim-500-color has-text-color has-link-color wp-elements-1fa9af962cad624557545c2cd0016452\">unint forces<\/h2>\n<\/div>\n\n\t<\/div>\n\n<\/div>\n\n\n<div class=\"wp-bootstrap-blocks-row row justify-content-start\">\n\t\n\n<div class=\"col-12 col-lg-8\">\n\t\t\t\n\n<div class=\"wp-block-group zoom-in-banner__text-block is-vertical is-content-justification-stretch is-nowrap is-layout-flex wp-container-core-group-is-layout-28365a3b wp-block-group-is-layout-flex\">\n<h2 class=\"wp-block-heading has-text-align-left has-heading-4-xl-font-size\">El matrimoni familiar format per Pedro Ferrer i Dolores Sala Viv\u00e9 uneix forces per crear una dinastia vitivin\u00edcola. Casa Sala, predecessora de Freixenet, \u00e9s fundada per Francesc Sala Farr\u00e9s. <\/h2>\n<\/div>\n\n\t<\/div>\n\n<\/div>\n\n<\/div>\n<\/div><\/div>\n<\/div>\n\n\n<div class=\"wp-bootstrap-blocks-container container\">\n\t\n<div class=\"wp-bootstrap-blocks-row row par-image-wrapper justify-content-end\">\n\t\n\n<div class=\"col-12 col-md-4\">\n\t\t\t\n\n<figure class=\"wp-block-image size-full\"><img loading=\"lazy\" decoding=\"async\" width=\"540\" height=\"692\" src=\"https:\/\/freixenet.com\/app\/uploads\/2025\/03\/image-8.png\" alt=\"\" class=\"wp-image-1300\" srcset=\"https:\/\/freixenet.com\/app\/uploads\/sites\/2\/2025\/03\/image-8.png 540w, https:\/\/freixenet.com\/app\/uploads\/sites\/2\/2025\/03\/image-8-234x300.png 234w, https:\/\/freixenet.com\/app\/uploads\/sites\/2\/2025\/03\/image-8-360x461.png 360w\" sizes=\"auto, (max-width: 540px) 100vw, 540px\" \/><\/figure>\n\n\t<\/div>\n\n<\/div>\n\n\n<div class=\"wp-bootstrap-blocks-row row par-image-wrapper justify-content-start\">\n\t\n\n<div class=\"col-12 col-lg-3\">\n\t\t\t\n\n<figure class=\"wp-block-image size-full\"><img loading=\"lazy\" decoding=\"async\" width=\"540\" height=\"819\" src=\"https:\/\/freixenet.com\/app\/uploads\/2025\/03\/image-9.png\" alt=\"\" class=\"wp-image-1306\" srcset=\"https:\/\/freixenet.com\/app\/uploads\/sites\/2\/2025\/03\/image-9.png 540w, https:\/\/freixenet.com\/app\/uploads\/sites\/2\/2025\/03\/image-9-198x300.png 198w, https:\/\/freixenet.com\/app\/uploads\/sites\/2\/2025\/03\/image-9-330x500.png 330w\" sizes=\"auto, (max-width: 540px) 100vw, 540px\" \/><\/figure>\n\n\t<\/div>\n\n<\/div>\n\n\n<div class=\"wp-bootstrap-blocks-row row par-image-wrapper justify-content-end\">\n\t\n\n<div class=\"col-12 col-lg-5\">\n\t\t\t\n\n<figure class=\"wp-block-image size-large\"><img loading=\"lazy\" decoding=\"async\" width=\"1024\" height=\"649\" src=\"https:\/\/freixenet.com\/app\/uploads\/2025\/03\/image-10-1024x649.png\" alt=\"\" class=\"wp-image-1313\" srcset=\"https:\/\/freixenet.com\/app\/uploads\/sites\/2\/2025\/03\/image-10-1024x649.png 1024w, https:\/\/freixenet.com\/app\/uploads\/sites\/2\/2025\/03\/image-10-300x190.png 300w, https:\/\/freixenet.com\/app\/uploads\/sites\/2\/2025\/03\/image-10-768x487.png 768w, https:\/\/freixenet.com\/app\/uploads\/sites\/2\/2025\/03\/image-10-360x228.png 360w, https:\/\/freixenet.com\/app\/uploads\/sites\/2\/2025\/03\/image-10.png 1140w\" sizes=\"auto, (max-width: 1024px) 100vw, 1024px\" \/><\/figure>\n\n\t<\/div>\n\n<\/div>\n\n<\/div>\n\n<\/div>\n    <\/div>\n<\/section><section class=\"has-neutral-light-background-color parallax-wrapper\" >\n    <!-- Add Parallax Wrapper content here: -->\n    <div class=\"art-section\">\n        <div class=\"parallax-track\">\n\n<div class=\"wp-block-group parallax-camera is-layout-flow wp-block-group-is-layout-flow\">\n<div class=\"wp-block-cover is-light parallax-camera-wrapper\" style=\"min-height:1100px;aspect-ratio:unset;\"><span aria-hidden=\"true\" class=\"wp-block-cover__background has-black-background-color has-background-dim-0 has-background-dim\"><\/span><div class=\"wp-block-cover__inner-container is-layout-flow wp-block-cover-is-layout-flow\"><div class=\"wp-bootstrap-blocks-container container custom-block-padding banner-wrapper\">\n\t\n<div class=\"wp-bootstrap-blocks-row row justify-content-start\">\n\t\n\n<div class=\"col-12 col-lg-6\">\n\t\t\t\n\n<div class=\"wp-block-group zoom-in-banner__text-block is-vertical is-content-justification-stretch is-nowrap is-layout-flex wp-container-core-group-is-layout-d43721b1 wp-block-group-is-layout-flex\">\n<h2 class=\"wp-block-heading has-text-align-left has-accent-dim-400-color has-text-color has-link-color has-heading-oversized-font-size wp-elements-3b1175cf24d2a3635d75525240048409\">1914<\/h2>\n\n\n\n<h2 class=\"wp-block-heading has-text-align-left title-tag has-accent-dim-500-color has-text-color has-link-color wp-elements-a41cb4da2800705dbcfb1a3d4d60fcf5\">HA N\u00c9IXUT UNA ESTRELLA<\/h2>\n<\/div>\n\n\t<\/div>\n\n<\/div>\n\n\n<div class=\"wp-bootstrap-blocks-row row justify-content-end\">\n\t\n\n<div class=\"col-12 col-lg-8\">\n\t\t\t\n\n<div class=\"wp-block-group zoom-in-banner__text-block is-vertical is-content-justification-stretch is-nowrap is-layout-flex wp-container-core-group-is-layout-28365a3b wp-block-group-is-layout-flex\">\n<h2 class=\"wp-block-heading has-text-align-left has-heading-4-xl-font-size\">Es llan\u00e7a el primer cava Freixenet i neix la marca.<\/h2>\n<\/div>\n\n\t<\/div>\n\n<\/div>\n\n<\/div>\n<\/div><\/div>\n<\/div>\n\n\n<div class=\"wp-bootstrap-blocks-container container\">\n\t\n<div class=\"wp-bootstrap-blocks-row row par-image-wrapper justify-content-end\">\n\t\n\n<div class=\"col-12 col-md-4\">\n\t\t\t\n\n<figure class=\"wp-block-image size-full\"><img loading=\"lazy\" decoding=\"async\" width=\"740\" height=\"743\" src=\"https:\/\/freixenet.com\/app\/uploads\/2025\/03\/image-11.png\" alt=\"\" class=\"wp-image-1321\" srcset=\"https:\/\/freixenet.com\/app\/uploads\/sites\/2\/2025\/03\/image-11.png 740w, https:\/\/freixenet.com\/app\/uploads\/sites\/2\/2025\/03\/image-11-300x300.png 300w, https:\/\/freixenet.com\/app\/uploads\/sites\/2\/2025\/03\/image-11-150x150.png 150w, https:\/\/freixenet.com\/app\/uploads\/sites\/2\/2025\/03\/image-11-360x361.png 360w\" sizes=\"auto, (max-width: 740px) 100vw, 740px\" \/><\/figure>\n\n\t<\/div>\n\n<\/div>\n\n\n<div class=\"wp-bootstrap-blocks-row row par-image-wrapper justify-content-start\">\n\t\n\n<div class=\"col-12 col-lg-3\">\n\t\t\t\n\n<figure class=\"wp-block-image size-full\"><img loading=\"lazy\" decoding=\"async\" width=\"540\" height=\"871\" src=\"https:\/\/freixenet.com\/app\/uploads\/2025\/03\/image-12.png\" alt=\"\" class=\"wp-image-1327\" srcset=\"https:\/\/freixenet.com\/app\/uploads\/sites\/2\/2025\/03\/image-12.png 540w, https:\/\/freixenet.com\/app\/uploads\/sites\/2\/2025\/03\/image-12-186x300.png 186w, https:\/\/freixenet.com\/app\/uploads\/sites\/2\/2025\/03\/image-12-310x500.png 310w\" sizes=\"auto, (max-width: 540px) 100vw, 540px\" \/><\/figure>\n\n\t<\/div>\n\n<\/div>\n\n\n<div class=\"wp-bootstrap-blocks-row row par-image-wrapper justify-content-end\">\n\t\n\n<div class=\"col-12 col-lg-3\">\n\t\t\t\n\n<figure class=\"wp-block-image size-full\"><img loading=\"lazy\" decoding=\"async\" width=\"540\" height=\"815\" src=\"https:\/\/freixenet.com\/app\/uploads\/2025\/03\/image-13.png\" alt=\"\" class=\"wp-image-1333\" srcset=\"https:\/\/freixenet.com\/app\/uploads\/sites\/2\/2025\/03\/image-13.png 540w, https:\/\/freixenet.com\/app\/uploads\/sites\/2\/2025\/03\/image-13-199x300.png 199w, https:\/\/freixenet.com\/app\/uploads\/sites\/2\/2025\/03\/image-13-331x500.png 331w\" sizes=\"auto, (max-width: 540px) 100vw, 540px\" \/><\/figure>\n\n\t<\/div>\n\n<\/div>\n\n\n<div class=\"wp-bootstrap-blocks-row row par-image-wrapper justify-content-start\">\n\t\n\n<div class=\"col-12 col-lg-4\">\n\t\t\t\n\n<figure class=\"wp-block-image size-full\"><img loading=\"lazy\" decoding=\"async\" width=\"740\" height=\"548\" src=\"https:\/\/freixenet.com\/app\/uploads\/2025\/03\/image-14.png\" alt=\"\" class=\"wp-image-1339\" srcset=\"https:\/\/freixenet.com\/app\/uploads\/sites\/2\/2025\/03\/image-14.png 740w, https:\/\/freixenet.com\/app\/uploads\/sites\/2\/2025\/03\/image-14-300x222.png 300w, https:\/\/freixenet.com\/app\/uploads\/sites\/2\/2025\/03\/image-14-360x267.png 360w\" sizes=\"auto, (max-width: 740px) 100vw, 740px\" \/><\/figure>\n\n\t<\/div>\n\n<\/div>\n\n<\/div>\n\n<\/div>\n    <\/div>\n<\/section>\n<div id=\"prologue\" class=\"wp-block-group is-layout-constrained wp-block-group-is-layout-constrained\"><div class=\"wp-bootstrap-blocks-container container has-custom-block-padding-small\">\n\t\n<div class=\"wp-bootstrap-blocks-row row justify-content-center\">\n\t\n\n<div class=\"col-12 col-md-6 col-xxl-9\">\n\t\t\t\n\n<div class=\"wp-block-group is-vertical is-content-justification-stretch is-layout-flex wp-container-core-group-is-layout-32463b62 wp-block-group-is-layout-flex\" style=\"padding-top:var(--wp--preset--spacing--xl);padding-bottom:var(--wp--preset--spacing--xl)\">\n<h2 class=\"wp-block-heading has-text-align-center has-accent-dim-400-color has-text-color has-link-color has-heading-oversized-font-size wp-elements-c5a1ffcb17417ed8afe86734b54ac175\" style=\"text-transform:uppercase\">1927<\/h2>\n\n\n\n<h2 class=\"wp-block-heading has-text-align-center title-tag has-accent-dim-500-color has-text-color has-link-color wp-elements-7777c7241daddb142162219f689c4257\">EMPRENENT FRONTERES<\/h2>\n<\/div>\n\n\n\n<div class=\"wp-block-group is-vertical is-content-justification-center is-nowrap is-layout-flex wp-container-core-group-is-layout-d0bdb1fc wp-block-group-is-layout-flex\" style=\"padding-top:var(--wp--preset--spacing--xl);padding-bottom:var(--wp--preset--spacing--xl)\">\n<p class=\"has-text-align-center has-neutral-800-color has-text-color has-link-color has-display-font-family has-heading-xl-font-size wp-elements-14be6217b11606bd6b7bed4f8bdfbe2e\">Freixenet construeix un celler modern, superant els l\u00edmits en el m\u00f3n de l&#8217;elaboraci\u00f3 de cava.<\/p>\n<\/div>\n\n\t<\/div>\n\n<\/div>\n\n<\/div>\n\n\n<section class=\"gallery-slider-block\" >\n    <div class=\"gallery-slider swiper \">\n        <div class=\"swiper-wrapper gallery-slider__trail\">\n\n<figure class=\"wp-block-image size-full is-resized swiper-slide gallery-slider__card\"><img loading=\"lazy\" decoding=\"async\" width=\"740\" height=\"548\" src=\"https:\/\/freixenet.com\/app\/uploads\/2025\/03\/image-15.png\" alt=\"\" class=\"wp-image-1345\" style=\"aspect-ratio:16\/9;object-fit:cover;width:auto;height:600px\" srcset=\"https:\/\/freixenet.com\/app\/uploads\/sites\/2\/2025\/03\/image-15.png 740w, https:\/\/freixenet.com\/app\/uploads\/sites\/2\/2025\/03\/image-15-300x222.png 300w, https:\/\/freixenet.com\/app\/uploads\/sites\/2\/2025\/03\/image-15-360x267.png 360w\" sizes=\"auto, (max-width: 740px) 100vw, 740px\" \/><\/figure>\n\n\n\n<figure class=\"wp-block-image size-full is-resized swiper-slide gallery-slider__card\"><img loading=\"lazy\" decoding=\"async\" width=\"616\" height=\"1203\" src=\"https:\/\/freixenet.com\/app\/uploads\/2025\/03\/image-16.png\" alt=\"\" class=\"wp-image-1351\" style=\"aspect-ratio:16\/9;object-fit:cover;width:auto;height:600px\" srcset=\"https:\/\/freixenet.com\/app\/uploads\/sites\/2\/2025\/03\/image-16.png 616w, https:\/\/freixenet.com\/app\/uploads\/sites\/2\/2025\/03\/image-16-154x300.png 154w, https:\/\/freixenet.com\/app\/uploads\/sites\/2\/2025\/03\/image-16-524x1024.png 524w, https:\/\/freixenet.com\/app\/uploads\/sites\/2\/2025\/03\/image-16-553x1080.png 553w, https:\/\/freixenet.com\/app\/uploads\/sites\/2\/2025\/03\/image-16-256x500.png 256w\" sizes=\"auto, (max-width: 616px) 100vw, 616px\" \/><\/figure>\n\n<\/div>\n        <nav class=\"gallery-slider__nav lg:static\">\n            <div class=\"swiper-button-prev lg:absolute lg:left-sm lg:top-[50%] translate-y-[-50%] lg:z-10\">\n                <button class=\"icon-button primary light size--lg\" data-slider-nav=\"prev\">\n                    <div class=\"icon icon-chevron-left custom-ti-svg\"><svg\n  xmlns=\"http:\/\/www.w3.org\/2000\/svg\"\n  width=\"24\"\n  height=\"24\"\n  viewBox=\"0 0 24 24\"\n  fill=\"none\"\n  stroke=\"currentColor\"\n  stroke-width=\"2\"\n  stroke-linecap=\"round\"\n  stroke-linejoin=\"round\"\n  class=\"icon icon-tabler icons-tabler-outline icon-tabler-chevron-left\"\n>\n  <path stroke=\"none\" d=\"M0 0h24v24H0z\" fill=\"none\"\/>\n  <path d=\"M15 6l-6 6l6 6\" \/>\n<\/svg><\/div>                <\/button>\n            <\/div>\n            <div class=\"swiper-button-next lg:absolute lg:right-sm lg:top-[50%] translate-y-[-50%] lg:z-10\">\n                <button class=\"icon-button primary light size--lg\" data-slider-nav=\"next\">\n                    <div class=\"icon icon-chevron-right custom-ti-svg\"><svg\n  xmlns=\"http:\/\/www.w3.org\/2000\/svg\"\n  width=\"24\"\n  height=\"24\"\n  viewBox=\"0 0 24 24\"\n  fill=\"none\"\n  stroke=\"currentColor\"\n  stroke-width=\"2\"\n  stroke-linecap=\"round\"\n  stroke-linejoin=\"round\"\n  class=\"icon icon-tabler icons-tabler-outline icon-tabler-chevron-right\"\n>\n  <path stroke=\"none\" d=\"M0 0h24v24H0z\" fill=\"none\"\/>\n  <path d=\"M9 6l6 6l-6 6\" \/>\n<\/svg><\/div>                <\/button>\n            <\/div>\n        <\/nav>\n    <\/div>\n<\/section><\/div>\n<section class=\"has-neutral-light-background-color parallax-wrapper\" >\n    <!-- Add Parallax Wrapper content here: -->\n    <div class=\"art-section\">\n        <div class=\"parallax-track\">\n\n<div class=\"wp-block-group parallax-camera is-layout-flow wp-block-group-is-layout-flow\">\n<div class=\"wp-block-cover is-light parallax-camera-wrapper\" style=\"min-height:1100px;aspect-ratio:unset;\"><span aria-hidden=\"true\" class=\"wp-block-cover__background has-black-background-color has-background-dim-0 has-background-dim\"><\/span><div class=\"wp-block-cover__inner-container is-layout-flow wp-block-cover-is-layout-flow\"><div class=\"wp-bootstrap-blocks-container container custom-block-padding banner-wrapper\">\n\t\n<div class=\"wp-bootstrap-blocks-row row justify-content-end\">\n\t\n\n<div class=\"col-12 col-lg-6\">\n\t\t\t\n\n<div class=\"wp-block-group zoom-in-banner__text-block is-vertical is-content-justification-stretch is-nowrap is-layout-flex wp-container-core-group-is-layout-d43721b1 wp-block-group-is-layout-flex\">\n<h2 class=\"wp-block-heading has-text-align-right has-accent-dim-400-color has-text-color has-link-color has-heading-oversized-font-size wp-elements-1fb955bfda59f6637e652df20fea5c82\">1929<\/h2>\n\n\n\n<h2 class=\"wp-block-heading has-text-align-right title-tag has-accent-dim-500-color has-text-color has-link-color wp-elements-eb6fcda79d925be7aee21bfdab1ef4ac\">UNA ICONA DE MARCA<\/h2>\n<\/div>\n\n\t<\/div>\n\n<\/div>\n\n\n<div class=\"wp-bootstrap-blocks-row row justify-content-start\">\n\t\n\n<div class=\"col-12 col-lg-8\">\n\t\t\t\n\n<div class=\"wp-block-group zoom-in-banner__text-block is-vertical is-content-justification-stretch is-nowrap is-layout-flex wp-container-core-group-is-layout-28365a3b wp-block-group-is-layout-flex\">\n<h2 class=\"wp-block-heading has-text-align-left has-heading-4-xl-font-size\">En commemoraci\u00f3 de l&#8217;Exposici\u00f3 Universal, l&#8217;empresa crea el &#8220;Freixenet Boy&#8221;, que aviat es converteix en una icona de la marca.<\/h2>\n<\/div>\n\n\t<\/div>\n\n<\/div>\n\n<\/div>\n<\/div><\/div>\n<\/div>\n\n\n<div class=\"wp-bootstrap-blocks-container container\">\n\t\n<div class=\"wp-bootstrap-blocks-row row par-image-wrapper justify-content-end\">\n\t\n\n<div class=\"col-12 col-lg-6\">\n\t\t\t\n\n<figure class=\"wp-block-image aligncenter\"><img loading=\"lazy\" decoding=\"async\" width=\"1456\" height=\"2088\" src=\"https:\/\/freixenet.com\/app\/uploads\/2025\/03\/image-18.png\" alt=\"\" class=\"wp-image-1363\" srcset=\"https:\/\/freixenet.com\/app\/uploads\/sites\/2\/2025\/03\/image-18.png 1456w, https:\/\/freixenet.com\/app\/uploads\/sites\/2\/2025\/03\/image-18-209x300.png 209w, https:\/\/freixenet.com\/app\/uploads\/sites\/2\/2025\/03\/image-18-714x1024.png 714w, https:\/\/freixenet.com\/app\/uploads\/sites\/2\/2025\/03\/image-18-768x1101.png 768w, https:\/\/freixenet.com\/app\/uploads\/sites\/2\/2025\/03\/image-18-1071x1536.png 1071w, https:\/\/freixenet.com\/app\/uploads\/sites\/2\/2025\/03\/image-18-1428x2048.png 1428w, https:\/\/freixenet.com\/app\/uploads\/sites\/2\/2025\/03\/image-18-753x1080.png 753w, https:\/\/freixenet.com\/app\/uploads\/sites\/2\/2025\/03\/image-18-349x500.png 349w\" sizes=\"auto, (max-width: 1456px) 100vw, 1456px\" \/><\/figure>\n\n\t<\/div>\n\n<\/div>\n\n<\/div>\n\n<\/div>\n    <\/div>\n<\/section><div class=\"wp-bootstrap-blocks-container container custom-block-padding\">\n\t\n<div class=\"wp-bootstrap-blocks-row row justify-content-start\">\n\t\n\n<div class=\"col-12 col-lg-6\">\n\t\t\t\n\n<div class=\"wp-block-group zoom-in-banner__text-block is-vertical is-content-justification-stretch is-nowrap is-layout-flex wp-container-core-group-is-layout-d43721b1 wp-block-group-is-layout-flex\">\n<h2 class=\"wp-block-heading has-text-align-left has-accent-dim-400-color has-text-color has-link-color has-heading-oversized-font-size wp-elements-dd0882379640e26b78e1fdd114578f30\">1930s<\/h2>\n\n\n\n<h2 class=\"wp-block-heading has-text-align-left title-tag has-accent-dim-500-color has-text-color has-link-color wp-elements-930806950fe67625d14a084d998245aa\">NOVES FRONTERES<\/h2>\n<\/div>\n\n\t<\/div>\n\n<\/div>\n\n\n<div class=\"wp-bootstrap-blocks-row row justify-content-end\">\n\t\n\n<div class=\"col-12 col-lg-8\">\n\t\t\t\n\n<div class=\"wp-block-group zoom-in-banner__text-block is-vertical is-content-justification-stretch is-nowrap is-layout-flex wp-container-core-group-is-layout-28365a3b wp-block-group-is-layout-flex\">\n<h2 class=\"wp-block-heading has-text-align-left has-heading-4-xl-font-size\">Freixenet posa la mirada en el mercat global i obre una oficina a Nova Jersey, la primera fora d&#8217;Espanya.<\/h2>\n<\/div>\n\n\t<\/div>\n\n<\/div>\n\n<\/div>\n<section class=\"photo-stack\" >\n    <!-- Add Photo Stack content here: -->\n    <div class=\"photo-stack--wrapper min-h-dvh\">\n        <div class=\"photo-stack--trail\">\n\n<figure class=\"wp-block-gallery has-nested-images columns-1 wp-block-gallery-1 is-layout-flex wp-block-gallery-is-layout-flex\">\n<figure class=\"wp-block-image size-full\"><img loading=\"lazy\" decoding=\"async\" width=\"841\" height=\"1121\" data-id=\"1396\" src=\"https:\/\/freixenet.com\/app\/uploads\/2025\/03\/image-21.webp\" alt=\"\" class=\"wp-image-1396\" srcset=\"https:\/\/freixenet.com\/app\/uploads\/sites\/2\/2025\/03\/image-21.webp 841w, https:\/\/freixenet.com\/app\/uploads\/sites\/2\/2025\/03\/image-21-225x300.webp 225w, https:\/\/freixenet.com\/app\/uploads\/sites\/2\/2025\/03\/image-21-768x1024.png 768w, https:\/\/freixenet.com\/app\/uploads\/sites\/2\/2025\/03\/image-21-810x1080.webp 810w, https:\/\/freixenet.com\/app\/uploads\/sites\/2\/2025\/03\/image-21-360x480.webp 360w\" sizes=\"auto, (max-width: 841px) 100vw, 841px\" \/><\/figure>\n\n\n\n<figure class=\"wp-block-image size-full\"><img loading=\"lazy\" decoding=\"async\" width=\"934\" height=\"678\" data-id=\"1403\" src=\"https:\/\/freixenet.com\/app\/uploads\/2025\/03\/image-22.webp\" alt=\"\" class=\"wp-image-1403\" srcset=\"https:\/\/freixenet.com\/app\/uploads\/sites\/2\/2025\/03\/image-22.webp 934w, https:\/\/freixenet.com\/app\/uploads\/sites\/2\/2025\/03\/image-22-300x218.webp 300w, https:\/\/freixenet.com\/app\/uploads\/sites\/2\/2025\/03\/image-22-768x557.webp 768w, https:\/\/freixenet.com\/app\/uploads\/sites\/2\/2025\/03\/image-22-360x261.webp 360w\" sizes=\"auto, (max-width: 934px) 100vw, 934px\" \/><\/figure>\n\n\n\n<figure class=\"wp-block-image size-full\"><img loading=\"lazy\" decoding=\"async\" width=\"1056\" height=\"678\" data-id=\"1409\" src=\"https:\/\/freixenet.com\/app\/uploads\/2025\/03\/image-23.webp\" alt=\"\" class=\"wp-image-1409\" srcset=\"https:\/\/freixenet.com\/app\/uploads\/sites\/2\/2025\/03\/image-23.webp 1056w, https:\/\/freixenet.com\/app\/uploads\/sites\/2\/2025\/03\/image-23-300x193.webp 300w, https:\/\/freixenet.com\/app\/uploads\/sites\/2\/2025\/03\/image-23-1024x657.webp 1024w, https:\/\/freixenet.com\/app\/uploads\/sites\/2\/2025\/03\/image-23-768x493.webp 768w, https:\/\/freixenet.com\/app\/uploads\/sites\/2\/2025\/03\/image-23-360x231.webp 360w\" sizes=\"auto, (max-width: 1056px) 100vw, 1056px\" \/><\/figure>\n<\/figure>\n\n<\/div>\n    <\/div>\n<\/section><section class=\"has-neutral-light-background-color parallax-wrapper\" >\n    <!-- Add Parallax Wrapper content here: -->\n    <div class=\"art-section\">\n        <div class=\"parallax-track\">\n\n<div class=\"wp-block-group parallax-camera is-layout-flow wp-block-group-is-layout-flow\">\n<div class=\"wp-block-cover is-light parallax-camera-wrapper\" style=\"min-height:1100px;aspect-ratio:unset;\"><span aria-hidden=\"true\" class=\"wp-block-cover__background has-black-background-color has-background-dim-0 has-background-dim\"><\/span><div class=\"wp-block-cover__inner-container is-layout-flow wp-block-cover-is-layout-flow\"><div class=\"wp-bootstrap-blocks-container container custom-block-padding banner-wrapper\">\n\t\n<div class=\"wp-bootstrap-blocks-row row justify-content-end\">\n\t\n\n<div class=\"col-12 col-lg-6\">\n\t\t\t\n\n<div class=\"wp-block-group zoom-in-banner__text-block is-vertical is-content-justification-stretch is-nowrap is-layout-flex wp-container-core-group-is-layout-d43721b1 wp-block-group-is-layout-flex\">\n<h2 class=\"wp-block-heading has-text-align-right has-accent-dim-400-color has-text-color has-link-color has-heading-oversized-font-size wp-elements-338828e0c4f581a7bad992174059b06b\">1939<\/h2>\n\n\n\n<h2 class=\"wp-block-heading has-text-align-right title-tag has-accent-dim-500-color has-text-color has-link-color wp-elements-326ba4e13062bde956b50e5a807fe3f8\">DONES AL CAP<\/h2>\n<\/div>\n\n\t<\/div>\n\n<\/div>\n\n\n<div class=\"wp-bootstrap-blocks-row row justify-content-start\">\n\t\n\n<div class=\"col-12 col-lg-8\">\n\t\t\t\n\n<div class=\"wp-block-group zoom-in-banner__text-block is-vertical is-content-justification-stretch is-nowrap is-layout-flex wp-container-core-group-is-layout-28365a3b wp-block-group-is-layout-flex\">\n<h2 class=\"wp-block-heading has-text-align-left has-heading-4-xl-font-size\">En un moment de convulsions globals, Dolores Sala i la seva filla gran, Pilar Ferrer, assumeixen el lideratge de l&#8217;empresa, un acte for\u00e7a radical per a les dones de l&#8217;\u00e8poca.<\/h2>\n<\/div>\n\n\t<\/div>\n\n<\/div>\n\n<\/div>\n<\/div><\/div>\n<\/div>\n\n\n<div class=\"wp-bootstrap-blocks-container container\">\n\t\n<div class=\"wp-bootstrap-blocks-row row par-image-wrapper justify-content-start\">\n\t\n\n<div class=\"col-12 col-md-4\">\n\t\t\t\n\n<figure class=\"wp-block-image size-full\"><img loading=\"lazy\" decoding=\"async\" width=\"740\" height=\"692\" src=\"https:\/\/freixenet.com\/app\/uploads\/2025\/03\/image-24.png\" alt=\"\" class=\"wp-image-1420\" srcset=\"https:\/\/freixenet.com\/app\/uploads\/sites\/2\/2025\/03\/image-24.png 740w, https:\/\/freixenet.com\/app\/uploads\/sites\/2\/2025\/03\/image-24-300x281.png 300w, https:\/\/freixenet.com\/app\/uploads\/sites\/2\/2025\/03\/image-24-360x337.png 360w\" sizes=\"auto, (max-width: 740px) 100vw, 740px\" \/><\/figure>\n\n\t<\/div>\n\n<\/div>\n\n\n<div class=\"wp-bootstrap-blocks-row row par-image-wrapper justify-content-end\">\n\t\n\n<div class=\"col-12 col-lg-3\">\n\t\t\t\n\n<figure class=\"wp-block-image size-full\"><img loading=\"lazy\" decoding=\"async\" width=\"740\" height=\"723\" src=\"https:\/\/freixenet.com\/app\/uploads\/2025\/03\/image-25.png\" alt=\"\" class=\"wp-image-1427\" srcset=\"https:\/\/freixenet.com\/app\/uploads\/sites\/2\/2025\/03\/image-25.png 740w, https:\/\/freixenet.com\/app\/uploads\/sites\/2\/2025\/03\/image-25-300x293.png 300w, https:\/\/freixenet.com\/app\/uploads\/sites\/2\/2025\/03\/image-25-360x352.png 360w\" sizes=\"auto, (max-width: 740px) 100vw, 740px\" \/><\/figure>\n\n\t<\/div>\n\n<\/div>\n\n\n<div class=\"wp-bootstrap-blocks-row row par-image-wrapper justify-content-start\">\n\t\n\n<div class=\"col-12 col-lg-3\">\n\t\t\t\n\n<figure class=\"wp-block-image size-full\"><img loading=\"lazy\" decoding=\"async\" width=\"740\" height=\"723\" src=\"https:\/\/freixenet.com\/app\/uploads\/2025\/03\/image-26.png\" alt=\"\" class=\"wp-image-1433\" srcset=\"https:\/\/freixenet.com\/app\/uploads\/sites\/2\/2025\/03\/image-26.png 740w, https:\/\/freixenet.com\/app\/uploads\/sites\/2\/2025\/03\/image-26-300x293.png 300w, https:\/\/freixenet.com\/app\/uploads\/sites\/2\/2025\/03\/image-26-360x352.png 360w\" sizes=\"auto, (max-width: 740px) 100vw, 740px\" \/><\/figure>\n\n\t<\/div>\n\n<\/div>\n\n\n<div class=\"wp-bootstrap-blocks-row row par-image-wrapper justify-content-end\">\n\t\n\n<div class=\"col-12 col-lg-4\">\n\t\t\t\n\n<figure class=\"wp-block-image size-full\"><img loading=\"lazy\" decoding=\"async\" width=\"740\" height=\"723\" src=\"https:\/\/freixenet.com\/app\/uploads\/2025\/03\/image-28.png\" alt=\"\" class=\"wp-image-1445\" srcset=\"https:\/\/freixenet.com\/app\/uploads\/sites\/2\/2025\/03\/image-28.png 740w, https:\/\/freixenet.com\/app\/uploads\/sites\/2\/2025\/03\/image-28-300x293.png 300w, https:\/\/freixenet.com\/app\/uploads\/sites\/2\/2025\/03\/image-28-360x352.png 360w\" sizes=\"auto, (max-width: 740px) 100vw, 740px\" \/><\/figure>\n\n\t<\/div>\n\n<\/div>\n\n<\/div>\n\n<\/div>\n    <\/div>\n<\/section><section class=\"has-neutral-light-background-color parallax-wrapper\" >\n    <!-- Add Parallax Wrapper content here: -->\n    <div class=\"art-section\">\n        <div class=\"parallax-track\">\n\n<div class=\"wp-block-group parallax-camera is-layout-flow wp-block-group-is-layout-flow\">\n<div class=\"wp-block-cover is-light parallax-camera-wrapper\" style=\"min-height:1100px;aspect-ratio:unset;\"><span aria-hidden=\"true\" class=\"wp-block-cover__background has-black-background-color has-background-dim-0 has-background-dim\"><\/span><div class=\"wp-block-cover__inner-container is-layout-flow wp-block-cover-is-layout-flow\"><div class=\"wp-bootstrap-blocks-container container custom-block-padding banner-wrapper\">\n\t\n<div class=\"wp-bootstrap-blocks-row row justify-content-start\">\n\t\n\n<div class=\"col-12 col-lg-6\">\n\t\t\t\n\n<div class=\"wp-block-group zoom-in-banner__text-block is-vertical is-content-justification-stretch is-nowrap is-layout-flex wp-container-core-group-is-layout-d43721b1 wp-block-group-is-layout-flex\">\n<h2 class=\"wp-block-heading has-text-align-left has-accent-dim-400-color has-text-color has-link-color has-heading-oversized-font-size wp-elements-faddb142c4a9c211ae06fab3eb630b89\">1941<\/h2>\n\n\n\n<h2 class=\"wp-block-heading has-text-align-left title-tag has-accent-dim-500-color has-text-color has-link-color wp-elements-f546da072fa3f358a72dab920b8d36fa\">DESTACANT<\/h2>\n<\/div>\n\n\t<\/div>\n\n<\/div>\n\n\n<div class=\"wp-bootstrap-blocks-row row justify-content-end\">\n\t\n\n<div class=\"col-12 col-lg-8\">\n\t\t\t\n\n<div class=\"wp-block-group zoom-in-banner__text-block is-vertical is-content-justification-stretch is-nowrap is-layout-flex wp-container-core-group-is-layout-28365a3b wp-block-group-is-layout-flex\">\n<h2 class=\"wp-block-heading has-text-align-left has-heading-4-xl-font-size\">Es llan\u00e7a Carta Nevada, trencant convencions amb una ampolla gla\u00e7ada distintiva. El primer pas per diferenciar-se de la compet\u00e8ncia. <\/h2>\n<\/div>\n\n\t<\/div>\n\n<\/div>\n\n<\/div>\n<\/div><\/div>\n<\/div>\n\n\n<div class=\"wp-bootstrap-blocks-container container\">\n\t\n<div class=\"wp-bootstrap-blocks-row row par-image-wrapper justify-content-center\">\n\t\n\n<div class=\"col-12 col-md-4\">\n\t\t\t\n\n<figure class=\"wp-block-image size-large\"><img loading=\"lazy\" decoding=\"async\" width=\"469\" height=\"1024\" src=\"https:\/\/freixenet.com\/app\/uploads\/2025\/03\/image-29-469x1024.png\" alt=\"\" class=\"wp-image-1451\" srcset=\"https:\/\/freixenet.com\/app\/uploads\/sites\/2\/2025\/03\/image-29-469x1024.png 469w, https:\/\/freixenet.com\/app\/uploads\/sites\/2\/2025\/03\/image-29-138x300.png 138w, https:\/\/freixenet.com\/app\/uploads\/sites\/2\/2025\/03\/image-29-768x1675.png 768w, https:\/\/freixenet.com\/app\/uploads\/sites\/2\/2025\/03\/image-29-704x1536.png 704w, https:\/\/freixenet.com\/app\/uploads\/sites\/2\/2025\/03\/image-29-495x1080.png 495w, https:\/\/freixenet.com\/app\/uploads\/sites\/2\/2025\/03\/image-29-229x500.png 229w, https:\/\/freixenet.com\/app\/uploads\/sites\/2\/2025\/03\/image-29.png 772w\" sizes=\"auto, (max-width: 469px) 100vw, 469px\" \/><\/figure>\n\n\t<\/div>\n\n<\/div>\n\n<\/div>\n\n<\/div>\n    <\/div>\n<\/section><section class=\"has-secondary-background-color parallax-wrapper\" >\n    <!-- Add Parallax Wrapper content here: -->\n    <div class=\"art-section\">\n        <div class=\"parallax-track\">\n\n<div class=\"wp-block-group parallax-camera is-layout-flow wp-block-group-is-layout-flow\">\n<div class=\"wp-block-cover is-light parallax-camera-wrapper\" style=\"min-height:1100px;aspect-ratio:unset;\"><span aria-hidden=\"true\" class=\"wp-block-cover__background has-background-dim-0 has-background-dim\"><\/span><div class=\"wp-block-cover__inner-container is-layout-flow wp-block-cover-is-layout-flow\"><div class=\"wp-bootstrap-blocks-container container custom-block-padding banner-wrapper\">\n\t\n<div class=\"wp-bootstrap-blocks-row row justify-content-end\">\n\t\n\n<div class=\"col-12 col-lg-6\">\n\t\t\t\n\n<div class=\"wp-block-group zoom-in-banner__text-block is-vertical is-content-justification-stretch is-nowrap is-layout-flex wp-container-core-group-is-layout-d43721b1 wp-block-group-is-layout-flex\">\n<h2 class=\"wp-block-heading has-text-align-right has-accent-dim-400-color has-text-color has-link-color has-heading-oversized-font-size wp-elements-008dd3cf695fa54ec67a664af307c821\">1974<\/h2>\n\n\n\n<h2 class=\"wp-block-heading has-text-align-right title-tag has-accent-dim-500-color has-text-color has-link-color wp-elements-405abebc6a00940595b22135cdc6b7f6\">Back in Black<\/h2>\n<\/div>\n\n\t<\/div>\n\n<\/div>\n\n\n<div class=\"wp-bootstrap-blocks-row row justify-content-start\">\n\t\n\n<div class=\"col-12 col-lg-8\">\n\t\t\t\n\n<div class=\"wp-block-group zoom-in-banner__text-block is-vertical is-content-justification-stretch is-nowrap is-layout-flex wp-container-core-group-is-layout-28365a3b wp-block-group-is-layout-flex\">\n<h2 class=\"wp-block-heading has-text-align-left has-neutral-light-color has-text-color has-link-color has-heading-4-xl-font-size wp-elements-0bddf8ef7865e30b7618b0b7d56a5d0b\">El llan\u00e7ament de Cord\u00f3n Negro, l&#8217;ampolla de la marca m\u00e9s reconeguda internacionalment pel seu acabat negre mat. Present a m\u00e9s de 140 pa\u00efsos. <\/h2>\n\n\n\n<p class=\"has-text-align-left\"><\/p>\n<\/div>\n\n\t<\/div>\n\n<\/div>\n\n<\/div>\n<\/div><\/div>\n<\/div>\n\n\n<div class=\"wp-bootstrap-blocks-container container\">\n\t\n<div class=\"wp-bootstrap-blocks-row row par-image-wrapper justify-content-start\">\n\t\n\n<div class=\"col-12 col-md-4\">\n\t\t\t\n\n<figure class=\"wp-block-image size-full\"><img loading=\"lazy\" decoding=\"async\" width=\"540\" height=\"692\" src=\"https:\/\/freixenet.com\/app\/uploads\/2025\/03\/image-30.png\" alt=\"\" class=\"wp-image-1463\" srcset=\"https:\/\/freixenet.com\/app\/uploads\/sites\/2\/2025\/03\/image-30.png 540w, https:\/\/freixenet.com\/app\/uploads\/sites\/2\/2025\/03\/image-30-234x300.png 234w, https:\/\/freixenet.com\/app\/uploads\/sites\/2\/2025\/03\/image-30-360x461.png 360w\" sizes=\"auto, (max-width: 540px) 100vw, 540px\" \/><\/figure>\n\n\t<\/div>\n\n<\/div>\n\n\n<div class=\"wp-bootstrap-blocks-row row par-image-wrapper justify-content-end\">\n\t\n\n<div class=\"col-12 col-lg-3\">\n\t\t\t\n\n<figure class=\"wp-block-image size-full\"><img loading=\"lazy\" decoding=\"async\" width=\"540\" height=\"723\" src=\"https:\/\/freixenet.com\/app\/uploads\/2025\/03\/image-31.png\" alt=\"\" class=\"wp-image-1469\" srcset=\"https:\/\/freixenet.com\/app\/uploads\/sites\/2\/2025\/03\/image-31.png 540w, https:\/\/freixenet.com\/app\/uploads\/sites\/2\/2025\/03\/image-31-224x300.png 224w, https:\/\/freixenet.com\/app\/uploads\/sites\/2\/2025\/03\/image-31-360x482.png 360w\" sizes=\"auto, (max-width: 540px) 100vw, 540px\" \/><\/figure>\n\n\t<\/div>\n\n<\/div>\n\n\n<div class=\"wp-bootstrap-blocks-row row par-image-wrapper justify-content-start\">\n\t\n\n<div class=\"col-12 col-lg-3\">\n\t\t\t\n\n<figure class=\"wp-block-image size-full\"><img loading=\"lazy\" decoding=\"async\" width=\"540\" height=\"723\" src=\"https:\/\/freixenet.com\/app\/uploads\/2025\/03\/image-32.png\" alt=\"\" class=\"wp-image-1475\" srcset=\"https:\/\/freixenet.com\/app\/uploads\/sites\/2\/2025\/03\/image-32.png 540w, https:\/\/freixenet.com\/app\/uploads\/sites\/2\/2025\/03\/image-32-224x300.png 224w, https:\/\/freixenet.com\/app\/uploads\/sites\/2\/2025\/03\/image-32-360x482.png 360w\" sizes=\"auto, (max-width: 540px) 100vw, 540px\" \/><\/figure>\n\n\t<\/div>\n\n<\/div>\n\n\n<div class=\"wp-bootstrap-blocks-row row par-image-wrapper justify-content-end\">\n\t\n\n<div class=\"col-12 col-lg-4\">\n\t\t\t\n\n<figure class=\"wp-block-image size-full\"><img loading=\"lazy\" decoding=\"async\" width=\"540\" height=\"723\" src=\"https:\/\/freixenet.com\/app\/uploads\/2025\/03\/image-33.png\" alt=\"\" class=\"wp-image-1481\" srcset=\"https:\/\/freixenet.com\/app\/uploads\/sites\/2\/2025\/03\/image-33.png 540w, https:\/\/freixenet.com\/app\/uploads\/sites\/2\/2025\/03\/image-33-224x300.png 224w, https:\/\/freixenet.com\/app\/uploads\/sites\/2\/2025\/03\/image-33-360x482.png 360w\" sizes=\"auto, (max-width: 540px) 100vw, 540px\" \/><\/figure>\n\n\t<\/div>\n\n<\/div>\n\n<\/div>\n\n<\/div>\n    <\/div>\n<\/section><section class=\"has-secondary-background-color parallax-wrapper\" >\n    <!-- Add Parallax Wrapper content here: -->\n    <div class=\"art-section\">\n        <div class=\"parallax-track\">\n\n<div class=\"wp-block-group parallax-camera is-layout-flow wp-block-group-is-layout-flow\">\n<div class=\"wp-block-cover is-light parallax-camera-wrapper\" style=\"min-height:1100px;aspect-ratio:unset;\"><span aria-hidden=\"true\" class=\"wp-block-cover__background has-background-dim-0 has-background-dim\"><\/span><div class=\"wp-block-cover__inner-container is-layout-flow wp-block-cover-is-layout-flow\"><div class=\"wp-bootstrap-blocks-container container custom-block-padding banner-wrapper\">\n\t\n<div class=\"wp-bootstrap-blocks-row row justify-content-end\">\n\t\n\n<div class=\"col-12\">\n\t\t\t\n\n<div class=\"wp-block-group zoom-in-banner__text-block is-vertical is-content-justification-stretch is-nowrap is-layout-flex wp-container-core-group-is-layout-2548544b wp-block-group-is-layout-flex\" style=\"padding-top:var(--wp--preset--spacing--4-xl);padding-bottom:var(--wp--preset--spacing--4-xl)\">\n<h2 class=\"wp-block-heading has-text-align-center has-accent-dim-400-color has-text-color has-link-color has-heading-oversized-font-size wp-elements-265683194407ec68e8d1bc3ba8ff439c\">1980s &#8211; 1990s<\/h2>\n\n\n\n<h2 class=\"wp-block-heading has-text-align-center title-tag has-accent-dim-500-color has-text-color has-link-color wp-elements-5f621ec11f8cf83575ef08d28c3bcc26\">A tot el m\u00f3n<\/h2>\n<\/div>\n\n\t<\/div>\n\n<\/div>\n\n<\/div>\n<\/div><\/div>\n<\/div>\n\n\n<div class=\"wp-bootstrap-blocks-container container\">\n\t\n<div class=\"wp-bootstrap-blocks-row row par-image-wrapper justify-content-start\">\n\t\n\n<div class=\"col-12 col-lg-3\">\n\t\t\t\n\n<figure class=\"wp-block-image size-full\"><img loading=\"lazy\" decoding=\"async\" width=\"540\" height=\"839\" src=\"https:\/\/freixenet.com\/app\/uploads\/2025\/03\/image-34.webp\" alt=\"\" class=\"wp-image-1490\" srcset=\"https:\/\/freixenet.com\/app\/uploads\/sites\/2\/2025\/03\/image-34.webp 540w, https:\/\/freixenet.com\/app\/uploads\/sites\/2\/2025\/03\/image-34-193x300.webp 193w, https:\/\/freixenet.com\/app\/uploads\/sites\/2\/2025\/03\/image-34-322x500.webp 322w\" sizes=\"auto, (max-width: 540px) 100vw, 540px\" \/><\/figure>\n\n\t<\/div>\n\n<\/div>\n\n\n<div class=\"wp-bootstrap-blocks-row row par-image-wrapper justify-content-end\">\n\t\n\n<div class=\"col-12 col-lg-3\">\n\t\t\t\n\n<figure class=\"wp-block-image size-full\"><img loading=\"lazy\" decoding=\"async\" width=\"540\" height=\"728\" src=\"https:\/\/freixenet.com\/app\/uploads\/2025\/03\/image-35.png\" alt=\"\" class=\"wp-image-1493\" srcset=\"https:\/\/freixenet.com\/app\/uploads\/sites\/2\/2025\/03\/image-35.png 540w, https:\/\/freixenet.com\/app\/uploads\/sites\/2\/2025\/03\/image-35-223x300.png 223w, https:\/\/freixenet.com\/app\/uploads\/sites\/2\/2025\/03\/image-35-360x485.png 360w\" sizes=\"auto, (max-width: 540px) 100vw, 540px\" \/><\/figure>\n\n\t<\/div>\n\n<\/div>\n\n\n<div class=\"wp-bootstrap-blocks-row row par-image-wrapper justify-content-start\">\n\t\n\n<div class=\"col-12 col-lg-3\">\n\t\t\t\n\n<figure class=\"wp-block-image size-full\"><img loading=\"lazy\" decoding=\"async\" width=\"540\" height=\"383\" src=\"https:\/\/freixenet.com\/app\/uploads\/2025\/03\/image-37.png\" alt=\"\" class=\"wp-image-1505\" srcset=\"https:\/\/freixenet.com\/app\/uploads\/sites\/2\/2025\/03\/image-37.png 540w, https:\/\/freixenet.com\/app\/uploads\/sites\/2\/2025\/03\/image-37-300x213.png 300w, https:\/\/freixenet.com\/app\/uploads\/sites\/2\/2025\/03\/image-37-360x255.png 360w\" sizes=\"auto, (max-width: 540px) 100vw, 540px\" \/><\/figure>\n\n\t<\/div>\n\n<\/div>\n\n<\/div>\n\n<\/div>\n    <\/div>\n<\/section><section class=\"has-neutral-light-background-color parallax-wrapper\" >\n    <!-- Add Parallax Wrapper content here: -->\n    <div class=\"art-section\">\n        <div class=\"parallax-track\">\n\n<div class=\"wp-block-group parallax-camera is-layout-flow wp-block-group-is-layout-flow\">\n<div class=\"wp-block-cover is-light parallax-camera-wrapper\" style=\"min-height:1100px;aspect-ratio:unset;\"><span aria-hidden=\"true\" class=\"wp-block-cover__background has-black-background-color has-background-dim-0 has-background-dim\"><\/span><div class=\"wp-block-cover__inner-container is-layout-flow wp-block-cover-is-layout-flow\"><div class=\"wp-bootstrap-blocks-container container custom-block-padding banner-wrapper\">\n\t\n<div class=\"wp-bootstrap-blocks-row row justify-content-end\">\n\t\n\n<div class=\"col-12 col-lg-6\">\n\t\t\t\n\n<div class=\"wp-block-group zoom-in-banner__text-block is-vertical is-content-justification-stretch is-nowrap is-layout-flex wp-container-core-group-is-layout-d43721b1 wp-block-group-is-layout-flex\">\n<h2 class=\"wp-block-heading has-text-align-right has-accent-dim-400-color has-text-color has-link-color has-heading-oversized-font-size wp-elements-e2e8df57e209d8d0f7ac109bebd3b6b8\">2010<\/h2>\n\n\n\n<h2 class=\"wp-block-heading has-text-align-right title-tag has-accent-dim-500-color has-text-color has-link-color wp-elements-162c5f039f01c1148b27abc2e8d5187b\">DE DONA A DONA<\/h2>\n<\/div>\n\n\t<\/div>\n\n<\/div>\n\n\n<div class=\"wp-bootstrap-blocks-row row justify-content-start\">\n\t\n\n<div class=\"col-12 col-lg-8\">\n\t\t\t\n\n<div class=\"wp-block-group zoom-in-banner__text-block is-vertical is-content-justification-stretch is-nowrap is-layout-flex wp-container-core-group-is-layout-28365a3b wp-block-group-is-layout-flex\">\n<h2 class=\"wp-block-heading has-text-align-left has-heading-4-xl-font-size\">Freixenet llan\u00e7a M\u00cdA, un vi creat per i per a dones, per l&#8217;en\u00f2loga Gloria Collell.<\/h2>\n<\/div>\n\n\t<\/div>\n\n<\/div>\n\n<\/div>\n<\/div><\/div>\n<\/div>\n\n\n<div class=\"wp-bootstrap-blocks-container container\">\n\t\n<div class=\"wp-bootstrap-blocks-row row par-image-wrapper justify-content-end\">\n\t\n\n<div class=\"col-12 col-md-4\">\n\t\t\t\n\n<figure class=\"wp-block-image size-full\"><img loading=\"lazy\" decoding=\"async\" width=\"700\" height=\"700\" src=\"https:\/\/freixenet.com\/app\/uploads\/2025\/03\/image-38.png\" alt=\"\" class=\"wp-image-1511\" srcset=\"https:\/\/freixenet.com\/app\/uploads\/sites\/2\/2025\/03\/image-38.png 700w, https:\/\/freixenet.com\/app\/uploads\/sites\/2\/2025\/03\/image-38-300x300.png 300w, https:\/\/freixenet.com\/app\/uploads\/sites\/2\/2025\/03\/image-38-150x150.png 150w, https:\/\/freixenet.com\/app\/uploads\/sites\/2\/2025\/03\/image-38-360x360.png 360w\" sizes=\"auto, (max-width: 700px) 100vw, 700px\" \/><\/figure>\n\n\t<\/div>\n\n<\/div>\n\n<\/div>\n\n<\/div>\n    <\/div>\n<\/section>\n<div id=\"prologue\" class=\"wp-block-group is-layout-constrained wp-block-group-is-layout-constrained\"><div class=\"wp-bootstrap-blocks-container container has-custom-block-padding-small\">\n\t\n<div class=\"wp-bootstrap-blocks-row row justify-content-center\">\n\t\n\n<div class=\"col-12 col-md-6 col-xxl-9\">\n\t\t\t\n\n<div class=\"wp-block-group is-vertical is-content-justification-stretch is-layout-flex wp-container-core-group-is-layout-32463b62 wp-block-group-is-layout-flex\" style=\"padding-top:var(--wp--preset--spacing--xl);padding-bottom:var(--wp--preset--spacing--xl)\">\n<h2 class=\"wp-block-heading has-text-align-center has-accent-dim-400-color has-text-color has-link-color has-heading-oversized-font-size wp-elements-92b2b9ae12c9822b24866ea33b13face\" style=\"text-transform:uppercase\">2016<\/h2>\n\n\n\n<h2 class=\"wp-block-heading has-text-align-center title-tag has-accent-dim-500-color has-text-color has-link-color wp-elements-d5be9e880fe41021394cf4918e5a8cc4\">UN CUV\u00c9E FRESC<\/h2>\n<\/div>\n\n\n\n<div class=\"wp-block-group is-vertical is-content-justification-center is-nowrap is-layout-flex wp-container-core-group-is-layout-d0bdb1fc wp-block-group-is-layout-flex\" style=\"padding-top:var(--wp--preset--spacing--xl);padding-bottom:var(--wp--preset--spacing--xl)\">\n<p class=\"has-text-align-center has-neutral-800-color has-text-color has-link-color has-display-font-family has-heading-xl-font-size wp-elements-47232159945b0f9b0d2283c2fcc65d56\">Freixenet llan\u00e7a ICE i ICE Ros\u00e9, dos vins amb gel que demostren la veritable versatilitat de la marca.<\/p>\n<\/div>\n\n\t<\/div>\n\n<\/div>\n\n<\/div>\n\n\n<section class=\"gallery-slider-block\" >\n    <div class=\"gallery-slider swiper \">\n        <div class=\"swiper-wrapper gallery-slider__trail\">\n\n<figure class=\"wp-block-image size-full swiper-slide gallery-slider__card\"><img loading=\"lazy\" decoding=\"async\" width=\"852\" height=\"1203\" src=\"https:\/\/freixenet.com\/app\/uploads\/2025\/03\/image-39.png\" alt=\"\" class=\"wp-image-1517\" srcset=\"https:\/\/freixenet.com\/app\/uploads\/sites\/2\/2025\/03\/image-39.png 852w, https:\/\/freixenet.com\/app\/uploads\/sites\/2\/2025\/03\/image-39-212x300.png 212w, https:\/\/freixenet.com\/app\/uploads\/sites\/2\/2025\/03\/image-39-725x1024.png 725w, https:\/\/freixenet.com\/app\/uploads\/sites\/2\/2025\/03\/image-39-768x1084.png 768w, https:\/\/freixenet.com\/app\/uploads\/sites\/2\/2025\/03\/image-39-765x1080.png 765w, https:\/\/freixenet.com\/app\/uploads\/sites\/2\/2025\/03\/image-39-354x500.png 354w\" sizes=\"auto, (max-width: 852px) 100vw, 852px\" \/><\/figure>\n\n\n\n<figure class=\"wp-block-image size-large swiper-slide gallery-slider__card\"><img loading=\"lazy\" decoding=\"async\" width=\"725\" height=\"1024\" src=\"https:\/\/freixenet.com\/app\/uploads\/2025\/03\/image-40-725x1024.png\" alt=\"\" class=\"wp-image-1523\" srcset=\"https:\/\/freixenet.com\/app\/uploads\/sites\/2\/2025\/03\/image-40-725x1024.png 725w, https:\/\/freixenet.com\/app\/uploads\/sites\/2\/2025\/03\/image-40-212x300.png 212w, https:\/\/freixenet.com\/app\/uploads\/sites\/2\/2025\/03\/image-40-768x1084.png 768w, https:\/\/freixenet.com\/app\/uploads\/sites\/2\/2025\/03\/image-40-765x1080.png 765w, https:\/\/freixenet.com\/app\/uploads\/sites\/2\/2025\/03\/image-40-354x500.png 354w, https:\/\/freixenet.com\/app\/uploads\/sites\/2\/2025\/03\/image-40.png 852w\" sizes=\"auto, (max-width: 725px) 100vw, 725px\" \/><\/figure>\n\n\n\n<figure class=\"wp-block-image size-large swiper-slide gallery-slider__card\"><img loading=\"lazy\" decoding=\"async\" width=\"1010\" height=\"1024\" src=\"https:\/\/freixenet.com\/app\/uploads\/2025\/03\/image-41-1010x1024.webp\" alt=\"\" class=\"wp-image-1535\" srcset=\"https:\/\/freixenet.com\/app\/uploads\/sites\/2\/2025\/03\/image-41-1010x1024.webp 1010w, https:\/\/freixenet.com\/app\/uploads\/sites\/2\/2025\/03\/image-41-296x300.webp 296w, https:\/\/freixenet.com\/app\/uploads\/sites\/2\/2025\/03\/image-41-768x778.webp 768w, https:\/\/freixenet.com\/app\/uploads\/sites\/2\/2025\/03\/image-41-1066x1080.webp 1066w, https:\/\/freixenet.com\/app\/uploads\/sites\/2\/2025\/03\/image-41-360x365.webp 360w, https:\/\/freixenet.com\/app\/uploads\/sites\/2\/2025\/03\/image-41.webp 1184w\" sizes=\"auto, (max-width: 1010px) 100vw, 1010px\" \/><\/figure>\n\n\n\n<figure class=\"wp-block-image size-large swiper-slide gallery-slider__card\"><img loading=\"lazy\" decoding=\"async\" width=\"996\" height=\"1024\" src=\"https:\/\/freixenet.com\/app\/uploads\/2025\/03\/image-43-996x1024.webp\" alt=\"\" class=\"wp-image-1547\" srcset=\"https:\/\/freixenet.com\/app\/uploads\/sites\/2\/2025\/03\/image-43-996x1024.webp 996w, https:\/\/freixenet.com\/app\/uploads\/sites\/2\/2025\/03\/image-43-292x300.webp 292w, https:\/\/freixenet.com\/app\/uploads\/sites\/2\/2025\/03\/image-43-768x790.webp 768w, https:\/\/freixenet.com\/app\/uploads\/sites\/2\/2025\/03\/image-43-1050x1080.webp 1050w, https:\/\/freixenet.com\/app\/uploads\/sites\/2\/2025\/03\/image-43-360x370.webp 360w, https:\/\/freixenet.com\/app\/uploads\/sites\/2\/2025\/03\/image-43.webp 1170w\" sizes=\"auto, (max-width: 996px) 100vw, 996px\" \/><\/figure>\n\n\n\n<figure class=\"wp-block-image size-large swiper-slide gallery-slider__card\"><img loading=\"lazy\" decoding=\"async\" width=\"986\" height=\"1024\" src=\"https:\/\/freixenet.com\/app\/uploads\/2025\/03\/image-45-986x1024.webp\" alt=\"\" class=\"wp-image-1556\" srcset=\"https:\/\/freixenet.com\/app\/uploads\/sites\/2\/2025\/03\/image-45-986x1024.webp 986w, https:\/\/freixenet.com\/app\/uploads\/sites\/2\/2025\/03\/image-45-289x300.webp 289w, https:\/\/freixenet.com\/app\/uploads\/sites\/2\/2025\/03\/image-45-768x798.webp 768w, https:\/\/freixenet.com\/app\/uploads\/sites\/2\/2025\/03\/image-45-1040x1080.webp 1040w, https:\/\/freixenet.com\/app\/uploads\/sites\/2\/2025\/03\/image-45-360x374.webp 360w, https:\/\/freixenet.com\/app\/uploads\/sites\/2\/2025\/03\/image-45.webp 1158w\" sizes=\"auto, (max-width: 986px) 100vw, 986px\" \/><\/figure>\n\n\n\n<figure class=\"wp-block-image size-large swiper-slide gallery-slider__card\"><img loading=\"lazy\" decoding=\"async\" width=\"986\" height=\"1024\" src=\"https:\/\/freixenet.com\/app\/uploads\/2025\/03\/image-48-986x1024.webp\" alt=\"\" class=\"wp-image-1574\" srcset=\"https:\/\/freixenet.com\/app\/uploads\/sites\/2\/2025\/03\/image-48-986x1024.webp 986w, https:\/\/freixenet.com\/app\/uploads\/sites\/2\/2025\/03\/image-48-289x300.webp 289w, https:\/\/freixenet.com\/app\/uploads\/sites\/2\/2025\/03\/image-48-768x798.webp 768w, https:\/\/freixenet.com\/app\/uploads\/sites\/2\/2025\/03\/image-48-1040x1080.webp 1040w, https:\/\/freixenet.com\/app\/uploads\/sites\/2\/2025\/03\/image-48-360x374.webp 360w, https:\/\/freixenet.com\/app\/uploads\/sites\/2\/2025\/03\/image-48.webp 1158w\" sizes=\"auto, (max-width: 986px) 100vw, 986px\" \/><\/figure>\n\n<\/div>\n        <nav class=\"gallery-slider__nav lg:static\">\n            <div class=\"swiper-button-prev lg:absolute lg:left-sm lg:top-[50%] translate-y-[-50%] lg:z-10\">\n                <button class=\"icon-button primary light size--lg\" data-slider-nav=\"prev\">\n                    <div class=\"icon icon-chevron-left custom-ti-svg\"><svg\n  xmlns=\"http:\/\/www.w3.org\/2000\/svg\"\n  width=\"24\"\n  height=\"24\"\n  viewBox=\"0 0 24 24\"\n  fill=\"none\"\n  stroke=\"currentColor\"\n  stroke-width=\"2\"\n  stroke-linecap=\"round\"\n  stroke-linejoin=\"round\"\n  class=\"icon icon-tabler icons-tabler-outline icon-tabler-chevron-left\"\n>\n  <path stroke=\"none\" d=\"M0 0h24v24H0z\" fill=\"none\"\/>\n  <path d=\"M15 6l-6 6l6 6\" \/>\n<\/svg><\/div>                <\/button>\n            <\/div>\n            <div class=\"swiper-button-next lg:absolute lg:right-sm lg:top-[50%] translate-y-[-50%] lg:z-10\">\n                <button class=\"icon-button primary light size--lg\" data-slider-nav=\"next\">\n                    <div class=\"icon icon-chevron-right custom-ti-svg\"><svg\n  xmlns=\"http:\/\/www.w3.org\/2000\/svg\"\n  width=\"24\"\n  height=\"24\"\n  viewBox=\"0 0 24 24\"\n  fill=\"none\"\n  stroke=\"currentColor\"\n  stroke-width=\"2\"\n  stroke-linecap=\"round\"\n  stroke-linejoin=\"round\"\n  class=\"icon icon-tabler icons-tabler-outline icon-tabler-chevron-right\"\n>\n  <path stroke=\"none\" d=\"M0 0h24v24H0z\" fill=\"none\"\/>\n  <path d=\"M9 6l6 6l-6 6\" \/>\n<\/svg><\/div>                <\/button>\n            <\/div>\n        <\/nav>\n    <\/div>\n<\/section><\/div>\n<section class=\"has-neutral-light-background-color parallax-wrapper\" >\n    <!-- Add Parallax Wrapper content here: -->\n    <div class=\"art-section\">\n        <div class=\"parallax-track\">\n\n<div class=\"wp-block-group parallax-camera is-layout-flow wp-block-group-is-layout-flow\">\n<div class=\"wp-block-cover is-light parallax-camera-wrapper\" style=\"min-height:1100px;aspect-ratio:unset;\"><span aria-hidden=\"true\" class=\"wp-block-cover__background has-black-background-color has-background-dim-0 has-background-dim\"><\/span><div class=\"wp-block-cover__inner-container is-layout-flow wp-block-cover-is-layout-flow\"><div class=\"wp-bootstrap-blocks-container container custom-block-padding banner-wrapper\">\n\t\n<div class=\"wp-bootstrap-blocks-row row justify-content-end\">\n\t\n\n<div class=\"col-12 col-lg-6\">\n\t\t\t\n\n<div class=\"wp-block-group zoom-in-banner__text-block is-vertical is-content-justification-stretch is-nowrap is-layout-flex wp-container-core-group-is-layout-d43721b1 wp-block-group-is-layout-flex\">\n<h2 class=\"wp-block-heading has-text-align-right has-accent-dim-400-color has-text-color has-link-color has-heading-oversized-font-size wp-elements-5f5bb896c8e480fa3f9f1234f88d9a85\">2017<\/h2>\n\n\n\n<h2 class=\"wp-block-heading has-text-align-right title-tag has-accent-dim-500-color has-text-color has-link-color wp-elements-49019b9da7a39ebb89e24604234dac3b\">THE ITALIAN JOB<\/h2>\n<\/div>\n\n\t<\/div>\n\n<\/div>\n\n\n<div class=\"wp-bootstrap-blocks-row row justify-content-start\">\n\t\n\n<div class=\"col-12 col-lg-8\">\n\t\t\t\n\n<div class=\"wp-block-group zoom-in-banner__text-block is-vertical is-content-justification-stretch is-nowrap is-layout-flex wp-container-core-group-is-layout-28365a3b wp-block-group-is-layout-flex\">\n<h2 class=\"wp-block-heading has-text-align-left has-heading-4-xl-font-size\">Freixenet s&#8217;expandeix a It\u00e0lia amb el llan\u00e7ament de la ic\u00f2nica ampolla de vidre tallat, demostrant que la marca no nom\u00e9s \u00e9s sin\u00f2nim d&#8217;Espanya.<\/h2>\n<\/div>\n\n\t<\/div>\n\n<\/div>\n\n<\/div>\n<\/div><\/div>\n<\/div>\n\n\n<div class=\"wp-bootstrap-blocks-container container\">\n\t\n<div class=\"wp-bootstrap-blocks-row row par-image-wrapper justify-content-end\">\n\t\n\n<div class=\"col-12 col-lg-3\">\n\t\t\t\n\n<figure class=\"wp-block-image size-full\"><img loading=\"lazy\" decoding=\"async\" width=\"540\" height=\"756\" src=\"https:\/\/freixenet.com\/app\/uploads\/2025\/03\/image-49.png\" alt=\"\" class=\"wp-image-1577\" srcset=\"https:\/\/freixenet.com\/app\/uploads\/sites\/2\/2025\/03\/image-49.png 540w, https:\/\/freixenet.com\/app\/uploads\/sites\/2\/2025\/03\/image-49-214x300.png 214w, https:\/\/freixenet.com\/app\/uploads\/sites\/2\/2025\/03\/image-49-357x500.png 357w\" sizes=\"auto, (max-width: 540px) 100vw, 540px\" \/><\/figure>\n\n\t<\/div>\n\n<\/div>\n\n\n<div class=\"wp-bootstrap-blocks-row row par-image-wrapper justify-content-start\">\n\t\n\n<div class=\"col-12 col-lg-3\">\n\t\t\t\n\n<figure class=\"wp-block-image size-full\"><img loading=\"lazy\" decoding=\"async\" width=\"540\" height=\"552\" src=\"https:\/\/freixenet.com\/app\/uploads\/2025\/03\/image-51.png\" alt=\"\" class=\"wp-image-1589\" srcset=\"https:\/\/freixenet.com\/app\/uploads\/sites\/2\/2025\/03\/image-51.png 540w, https:\/\/freixenet.com\/app\/uploads\/sites\/2\/2025\/03\/image-51-293x300.png 293w, https:\/\/freixenet.com\/app\/uploads\/sites\/2\/2025\/03\/image-51-360x368.png 360w\" sizes=\"auto, (max-width: 540px) 100vw, 540px\" \/><\/figure>\n\n\t<\/div>\n\n<\/div>\n\n\n<div class=\"wp-bootstrap-blocks-row row par-image-wrapper justify-content-end\">\n\t\n\n<div class=\"col-12 col-lg-4\">\n\t\t\t\n\n<figure class=\"wp-block-image size-full\"><img loading=\"lazy\" decoding=\"async\" width=\"540\" height=\"544\" src=\"https:\/\/freixenet.com\/app\/uploads\/2025\/03\/image-52.png\" alt=\"\" class=\"wp-image-1595\" srcset=\"https:\/\/freixenet.com\/app\/uploads\/sites\/2\/2025\/03\/image-52.png 540w, https:\/\/freixenet.com\/app\/uploads\/sites\/2\/2025\/03\/image-52-298x300.png 298w, https:\/\/freixenet.com\/app\/uploads\/sites\/2\/2025\/03\/image-52-150x150.png 150w, https:\/\/freixenet.com\/app\/uploads\/sites\/2\/2025\/03\/image-52-360x363.png 360w\" sizes=\"auto, (max-width: 540px) 100vw, 540px\" \/><\/figure>\n\n\t<\/div>\n\n<\/div>\n\n<\/div>\n\n<\/div>\n    <\/div>\n<\/section><section class=\"has-neutral-light-background-color parallax-wrapper\" >\n    <!-- Add Parallax Wrapper content here: -->\n    <div class=\"art-section\">\n        <div class=\"parallax-track\">\n\n<div class=\"wp-block-group parallax-camera is-layout-flow wp-block-group-is-layout-flow\">\n<div class=\"wp-block-cover is-light parallax-camera-wrapper\" style=\"min-height:1100px;aspect-ratio:unset;\"><span aria-hidden=\"true\" class=\"wp-block-cover__background has-black-background-color has-background-dim-0 has-background-dim\"><\/span><div class=\"wp-block-cover__inner-container is-layout-flow wp-block-cover-is-layout-flow\"><div class=\"wp-bootstrap-blocks-container container custom-block-padding banner-wrapper\">\n\t\n<div class=\"wp-bootstrap-blocks-row row justify-content-start\">\n\t\n\n<div class=\"col-12 col-lg-6\">\n\t\t\t\n\n<div class=\"wp-block-group zoom-in-banner__text-block is-vertical is-content-justification-stretch is-nowrap is-layout-flex wp-container-core-group-is-layout-d43721b1 wp-block-group-is-layout-flex\">\n<h2 class=\"wp-block-heading has-text-align-left has-accent-dim-400-color has-text-color has-link-color has-heading-oversized-font-size wp-elements-31932ce64ebc9fb4ffe8df0613fc2e2c\">2018<\/h2>\n\n\n\n<h2 class=\"wp-block-heading has-text-align-left title-tag has-accent-dim-500-color has-text-color has-link-color wp-elements-6a5d09c4b75f47d6ec8d5a4165ed58ed\">STRENGTH IN NUMBERS<\/h2>\n<\/div>\n\n\t<\/div>\n\n<\/div>\n\n\n<div class=\"wp-bootstrap-blocks-row row justify-content-end\">\n\t\n\n<div class=\"col-12 col-lg-6\">\n\t\t\t\n\n<div class=\"wp-block-group zoom-in-banner__text-block is-vertical is-content-justification-stretch is-nowrap is-layout-flex wp-container-core-group-is-layout-28365a3b wp-block-group-is-layout-flex\">\n<h2 class=\"wp-block-heading has-text-align-left has-heading-4-xl-font-size\">Henkell i Freixenet uneixen forces a mesura que la seva expansi\u00f3 global va de m\u00e9s a m\u00e9s.<\/h2>\n<\/div>\n\n\t<\/div>\n\n<\/div>\n\n<\/div>\n<\/div><\/div>\n<\/div>\n\n\n<div class=\"wp-bootstrap-blocks-container container\">\n\t\n<div class=\"wp-bootstrap-blocks-row row par-image-wrapper justify-content-start\">\n\t\n\n<div class=\"col-12 col-lg-3\">\n\t\t\t\n\n<figure class=\"wp-block-image size-full\"><img loading=\"lazy\" decoding=\"async\" width=\"540\" height=\"760\" src=\"https:\/\/freixenet.com\/app\/uploads\/2025\/03\/image-53.png\" alt=\"\" class=\"wp-image-1602\" srcset=\"https:\/\/freixenet.com\/app\/uploads\/sites\/2\/2025\/03\/image-53.png 540w, https:\/\/freixenet.com\/app\/uploads\/sites\/2\/2025\/03\/image-53-213x300.png 213w, https:\/\/freixenet.com\/app\/uploads\/sites\/2\/2025\/03\/image-53-355x500.png 355w\" sizes=\"auto, (max-width: 540px) 100vw, 540px\" \/><\/figure>\n\n\t<\/div>\n\n<\/div>\n\n\n<div class=\"wp-bootstrap-blocks-row row par-image-wrapper justify-content-end\">\n\t\n\n<div class=\"col-12 col-lg-3\">\n\t\t\t\n\n<figure class=\"wp-block-image size-full\"><img loading=\"lazy\" decoding=\"async\" width=\"540\" height=\"552\" src=\"https:\/\/freixenet.com\/app\/uploads\/2025\/03\/image-55.png\" alt=\"\" class=\"wp-image-1614\" srcset=\"https:\/\/freixenet.com\/app\/uploads\/sites\/2\/2025\/03\/image-55.png 540w, https:\/\/freixenet.com\/app\/uploads\/sites\/2\/2025\/03\/image-55-293x300.png 293w, https:\/\/freixenet.com\/app\/uploads\/sites\/2\/2025\/03\/image-55-360x368.png 360w\" sizes=\"auto, (max-width: 540px) 100vw, 540px\" \/><\/figure>\n\n\t<\/div>\n\n<\/div>\n\n\n<div class=\"wp-bootstrap-blocks-row row par-image-wrapper justify-content-start\">\n\t\n\n<div class=\"col-12 col-lg-3\">\n\t\t\t\n\n<figure class=\"wp-block-image size-full\"><img loading=\"lazy\" decoding=\"async\" width=\"540\" height=\"759\" src=\"https:\/\/freixenet.com\/app\/uploads\/2025\/03\/image-57.png\" alt=\"\" class=\"wp-image-1626\" srcset=\"https:\/\/freixenet.com\/app\/uploads\/sites\/2\/2025\/03\/image-57.png 540w, https:\/\/freixenet.com\/app\/uploads\/sites\/2\/2025\/03\/image-57-213x300.png 213w, https:\/\/freixenet.com\/app\/uploads\/sites\/2\/2025\/03\/image-57-356x500.png 356w\" sizes=\"auto, (max-width: 540px) 100vw, 540px\" \/><\/figure>\n\n\t<\/div>\n\n<\/div>\n\n\n<div class=\"wp-bootstrap-blocks-row row par-image-wrapper justify-content-end\">\n\t\n\n<div class=\"col-12 col-lg-4\">\n\t\t\t\n\n<figure class=\"wp-block-image size-full\"><img loading=\"lazy\" decoding=\"async\" width=\"540\" height=\"544\" src=\"https:\/\/freixenet.com\/app\/uploads\/2025\/03\/image-58.png\" alt=\"\" class=\"wp-image-1633\" srcset=\"https:\/\/freixenet.com\/app\/uploads\/sites\/2\/2025\/03\/image-58.png 540w, https:\/\/freixenet.com\/app\/uploads\/sites\/2\/2025\/03\/image-58-298x300.png 298w, https:\/\/freixenet.com\/app\/uploads\/sites\/2\/2025\/03\/image-58-150x150.png 150w, https:\/\/freixenet.com\/app\/uploads\/sites\/2\/2025\/03\/image-58-360x363.png 360w\" sizes=\"auto, (max-width: 540px) 100vw, 540px\" \/><\/figure>\n\n\t<\/div>\n\n<\/div>\n\n<\/div>\n\n<\/div>\n    <\/div>\n<\/section><section class=\"parallax-wrapper\" >\n    <!-- Add Parallax Wrapper content here: -->\n    <div class=\"art-section\">\n        <div class=\"parallax-track\">\n<div class=\"wp-bootstrap-blocks-container container-xxl\">\n\t\n<div class=\"wp-bootstrap-blocks-row row par-image-wrapper justify-content-center\">\n\t\n\n<div class=\"col-12 col-md-12\">\n\t\t\t\n\n<figure class=\"wp-block-image aligncenter size-full img-cover\"><img loading=\"lazy\" decoding=\"async\" width=\"1997\" height=\"1756\" src=\"https:\/\/freixenet.com\/app\/uploads\/2025\/04\/2020-2021-bottles-2.webp\" alt=\"\" class=\"wp-image-2725\" srcset=\"https:\/\/freixenet.com\/app\/uploads\/sites\/2\/2025\/04\/2020-2021-bottles-2.webp 1997w, https:\/\/freixenet.com\/app\/uploads\/sites\/2\/2025\/04\/2020-2021-bottles-2-300x264.webp 300w, https:\/\/freixenet.com\/app\/uploads\/sites\/2\/2025\/04\/2020-2021-bottles-2-1024x900.webp 1024w, https:\/\/freixenet.com\/app\/uploads\/sites\/2\/2025\/04\/2020-2021-bottles-2-768x675.webp 768w, https:\/\/freixenet.com\/app\/uploads\/sites\/2\/2025\/04\/2020-2021-bottles-2-1536x1351.webp 1536w, https:\/\/freixenet.com\/app\/uploads\/sites\/2\/2025\/04\/2020-2021-bottles-2-1228x1080.webp 1228w, https:\/\/freixenet.com\/app\/uploads\/sites\/2\/2025\/04\/2020-2021-bottles-2-360x317.webp 360w\" sizes=\"auto, (max-width: 1997px) 100vw, 1997px\" \/><\/figure>\n\n\t<\/div>\n\n<\/div>\n\n<\/div>\n\n\n<div class=\"wp-bootstrap-blocks-container container has-custom-block-padding-small\">\n\t\n<div class=\"wp-bootstrap-blocks-row row justify-content-center\">\n\t\n\n<div class=\"col-12 col-md-6 col-xxl-9\">\n\t\t\t\n\n<div class=\"wp-block-group is-vertical is-content-justification-stretch is-layout-flex wp-container-core-group-is-layout-32463b62 wp-block-group-is-layout-flex\" style=\"padding-top:var(--wp--preset--spacing--xl);padding-bottom:var(--wp--preset--spacing--xl)\">\n<h2 class=\"wp-block-heading has-text-align-center has-accent-dim-400-color has-text-color has-link-color has-heading-oversized-font-size wp-elements-0d1c340bbf3f49b220f68feba62bb168\" style=\"text-transform:uppercase\">2020-2021<\/h2>\n\n\n\n<h2 class=\"wp-block-heading has-text-align-center title-tag has-accent-dim-500-color has-text-color has-link-color wp-elements-4e8eeb210ae85ffe4185dec99f1a7cca\">BE STILL MY HEARt<\/h2>\n<\/div>\n\n\n\n<div class=\"wp-block-group is-vertical is-content-justification-center is-nowrap is-layout-flex wp-container-core-group-is-layout-d0bdb1fc wp-block-group-is-layout-flex\" style=\"padding-top:var(--wp--preset--spacing--xl);padding-bottom:var(--wp--preset--spacing--xl)\">\n<p class=\"has-text-align-center has-neutral-800-color has-text-color has-link-color has-display-font-family has-heading-xl-font-size wp-elements-e268c2baa67de1497b6fe45ed43a131b\">Amb Cord\u00f3n Negro, Carta Nevada i Prosecco ja al cor dels consumidors, Freixenet llan\u00e7a amb aud\u00e0cia les gammes de vins tranquils espanyols i italians.<\/p>\n<\/div>\n\n\t<\/div>\n\n<\/div>\n\n<\/div>\n\n<\/div>\n    <\/div>\n<\/section><section class=\"photo-stack\" >\n    <!-- Add Photo Stack content here: -->\n    <div class=\"photo-stack--wrapper min-h-dvh\">\n        <div class=\"photo-stack--trail\">\n\n<figure class=\"wp-block-gallery has-nested-images columns-1 wp-block-gallery-2 is-layout-flex wp-block-gallery-is-layout-flex\">\n<figure class=\"wp-block-image size-full is-style-default\"><img loading=\"lazy\" decoding=\"async\" width=\"1152\" height=\"648\" data-id=\"2733\" src=\"https:\/\/freixenet.com\/app\/uploads\/2025\/04\/2020-2021-stack-01.webp\" alt=\"\" class=\"wp-image-2733\" srcset=\"https:\/\/freixenet.com\/app\/uploads\/sites\/2\/2025\/04\/2020-2021-stack-01.webp 1152w, https:\/\/freixenet.com\/app\/uploads\/sites\/2\/2025\/04\/2020-2021-stack-01-300x169.webp 300w, https:\/\/freixenet.com\/app\/uploads\/sites\/2\/2025\/04\/2020-2021-stack-01-1024x576.webp 1024w, https:\/\/freixenet.com\/app\/uploads\/sites\/2\/2025\/04\/2020-2021-stack-01-768x432.webp 768w, https:\/\/freixenet.com\/app\/uploads\/sites\/2\/2025\/04\/2020-2021-stack-01-360x203.webp 360w\" sizes=\"auto, (max-width: 1152px) 100vw, 1152px\" \/><\/figure>\n\n\n\n<figure class=\"wp-block-image size-full\"><img loading=\"lazy\" decoding=\"async\" width=\"900\" height=\"900\" data-id=\"2738\" src=\"https:\/\/freixenet.com\/app\/uploads\/2025\/04\/2020-2021-stack-02.webp\" alt=\"\" class=\"wp-image-2738\" srcset=\"https:\/\/freixenet.com\/app\/uploads\/sites\/2\/2025\/04\/2020-2021-stack-02.webp 900w, https:\/\/freixenet.com\/app\/uploads\/sites\/2\/2025\/04\/2020-2021-stack-02-300x300.webp 300w, https:\/\/freixenet.com\/app\/uploads\/sites\/2\/2025\/04\/2020-2021-stack-02-150x150.webp 150w, https:\/\/freixenet.com\/app\/uploads\/sites\/2\/2025\/04\/2020-2021-stack-02-768x768.webp 768w, https:\/\/freixenet.com\/app\/uploads\/sites\/2\/2025\/04\/2020-2021-stack-02-360x360.webp 360w\" sizes=\"auto, (max-width: 900px) 100vw, 900px\" \/><\/figure>\n\n\n\n<figure class=\"wp-block-image size-full\"><img loading=\"lazy\" decoding=\"async\" width=\"720\" height=\"720\" data-id=\"2732\" src=\"https:\/\/freixenet.com\/app\/uploads\/2025\/04\/2020-2021-stack-03.webp\" alt=\"\" class=\"wp-image-2732\" srcset=\"https:\/\/freixenet.com\/app\/uploads\/sites\/2\/2025\/04\/2020-2021-stack-03.webp 720w, https:\/\/freixenet.com\/app\/uploads\/sites\/2\/2025\/04\/2020-2021-stack-03-300x300.webp 300w, https:\/\/freixenet.com\/app\/uploads\/sites\/2\/2025\/04\/2020-2021-stack-03-150x150.webp 150w, https:\/\/freixenet.com\/app\/uploads\/sites\/2\/2025\/04\/2020-2021-stack-03-360x360.webp 360w\" sizes=\"auto, (max-width: 720px) 100vw, 720px\" \/><\/figure>\n\n\n\n<figure class=\"wp-block-image size-full\"><img loading=\"lazy\" decoding=\"async\" width=\"720\" height=\"720\" data-id=\"2729\" src=\"https:\/\/freixenet.com\/app\/uploads\/2025\/04\/2020-2021-stack-04.webp\" alt=\"\" class=\"wp-image-2729\" srcset=\"https:\/\/freixenet.com\/app\/uploads\/sites\/2\/2025\/04\/2020-2021-stack-04.webp 720w, https:\/\/freixenet.com\/app\/uploads\/sites\/2\/2025\/04\/2020-2021-stack-04-300x300.webp 300w, https:\/\/freixenet.com\/app\/uploads\/sites\/2\/2025\/04\/2020-2021-stack-04-150x150.webp 150w, https:\/\/freixenet.com\/app\/uploads\/sites\/2\/2025\/04\/2020-2021-stack-04-360x360.webp 360w\" sizes=\"auto, (max-width: 720px) 100vw, 720px\" \/><\/figure>\n<\/figure>\n\n<\/div>\n    <\/div>\n<\/section>\n<div class=\"wp-block-group is-layout-constrained wp-block-group-is-layout-constrained\" style=\"margin-bottom:var(--wp--preset--spacing--4-xl)\"><div class=\"wp-bootstrap-blocks-container container custom-block-padding banner-wrapper\">\n\t\n<div class=\"wp-bootstrap-blocks-row row gx-0 gy-3 justify-content-center align-items-center\">\n\t\n\n<div class=\"col-12 col-md-6\">\n\t\t\t<div class=\"h-100 d-flex flex-column justify-content-center\">\n\t\t\t\n\n<div class=\"wp-block-group is-vertical is-content-justification-center is-layout-flex wp-container-core-group-is-layout-d4ece2f2 wp-block-group-is-layout-flex\" style=\"margin-top:var(--wp--preset--spacing--xl);margin-bottom:var(--wp--preset--spacing--xl)\">\n<figure class=\"wp-block-image size-full is-resized\"><img loading=\"lazy\" decoding=\"async\" width=\"702\" height=\"277\" src=\"https:\/\/freixenet.com\/app\/uploads\/2025\/04\/Chiselled@2x.png\" alt=\"\" class=\"wp-image-2753\" style=\"width:350px\" title=\"items-center\" srcset=\"https:\/\/freixenet.com\/app\/uploads\/sites\/2\/2025\/04\/Chiselled@2x.png 702w, https:\/\/freixenet.com\/app\/uploads\/sites\/2\/2025\/04\/Chiselled@2x-300x118.png 300w, https:\/\/freixenet.com\/app\/uploads\/sites\/2\/2025\/04\/Chiselled@2x-360x142.png 360w\" sizes=\"auto, (max-width: 702px) 100vw, 702px\" \/><\/figure>\n<\/div>\n\n\t\t<\/div>\n\t<\/div>\n\n<\/div>\n\n\n<div class=\"wp-bootstrap-blocks-row row justify-content-center\">\n\t\n\n<div class=\"col-12 col-lg-8\">\n\t\t\t\n\n<div class=\"wp-block-group zoom-in-banner__text-block is-vertical is-content-justification-stretch is-nowrap is-layout-flex wp-container-core-group-is-layout-28365a3b wp-block-group-is-layout-flex\">\n<h2 class=\"wp-block-heading has-text-align-center title-tag has-accent-dim-500-color has-text-color has-link-color wp-elements-c3c2effe186f03faeb4f1c70a257b510\">el millor<\/h2>\n\n\n\n<h2 class=\"wp-block-heading has-text-align-center has-neutral-800-color has-text-color has-link-color has-heading-5-xl-font-size wp-elements-b61a8cfb74ef44c3ebc46fae24cccaaa\" style=\"text-transform:uppercase\"><em>est\u00e0 per venir<\/em><\/h2>\n\n\n\n<div class=\"wp-block-group is-horizontal is-content-justification-center is-layout-flex wp-container-core-group-is-layout-5213dba7 wp-block-group-is-layout-flex\" style=\"padding-top:var(--wp--preset--spacing--md)\">    <a class=\"button size--md primary accent button\" title=\"Els Nostres Productes\" href=\"https:\/\/freixenet.com\/es\/en\/our-products\/\">\n                    <div class=\"button__inner\">\n\n<p>els nostres productes<\/p>\n\n<\/div>\n                    <\/a>\n<\/div>\n<\/div>\n\n\t<\/div>\n\n<\/div>\n\n<\/div>\n<\/div>\n","protected":false},"excerpt":{"rendered":"","protected":false},"author":1,"featured_media":1149,"parent":3098,"menu_order":0,"comment_status":"closed","ping_status":"closed","template":"","meta":{"_acf_changed":false,"footnotes":""},"class_list":["post-3158","page","type-page","status-publish","has-post-thumbnail","hentry"],"acf":[],"yoast_head":"<!-- This site is optimized with the Yoast SEO plugin v27.4 - https:\/\/yoast.com\/product\/yoast-seo-wordpress\/ -->\n<title>La Nostra Hist\u00f2ria - Freixenet Spain<\/title>\n<meta name=\"robots\" content=\"index, follow, max-snippet:-1, max-image-preview:large, max-video-preview:-1\" \/>\n<link rel=\"canonical\" href=\"https:\/\/freixenet.com\/es\/ca\/sobre-nosaltres\/la-nostra-historia\/\" \/>\n<meta property=\"og:locale\" content=\"ca_ES\" \/>\n<meta property=\"og:type\" content=\"article\" \/>\n<meta property=\"og:title\" content=\"La Nostra Hist\u00f2ria - Freixenet Spain\" \/>\n<meta property=\"og:url\" content=\"https:\/\/freixenet.com\/es\/ca\/sobre-nosaltres\/la-nostra-historia\/\" \/>\n<meta property=\"og:site_name\" content=\"Freixenet Spain\" \/>\n<meta property=\"article:publisher\" content=\"https:\/\/www.facebook.com\/FreixenetES\" \/>\n<meta property=\"article:modified_time\" content=\"2025-07-14T14:31:46+00:00\" \/>\n<meta property=\"og:image\" content=\"https:\/\/freixenet.com\/app\/uploads\/sites\/2\/2025\/03\/our-story-banner.webp\" \/>\n\t<meta property=\"og:image:width\" content=\"1921\" \/>\n\t<meta property=\"og:image:height\" content=\"1081\" \/>\n\t<meta property=\"og:image:type\" content=\"image\/webp\" \/>\n<meta name=\"twitter:card\" content=\"summary_large_image\" \/>\n<meta name=\"twitter:label1\" content=\"Est. reading time\" \/>\n\t<meta name=\"twitter:data1\" content=\"2 minutes\" \/>\n<script type=\"application\/ld+json\" class=\"yoast-schema-graph\">{\"@context\":\"https:\\\/\\\/schema.org\",\"@graph\":[{\"@type\":\"WebPage\",\"@id\":\"https:\\\/\\\/freixenet.com\\\/es\\\/ca\\\/sobre-nosaltres\\\/la-nostra-historia\\\/\",\"url\":\"https:\\\/\\\/freixenet.com\\\/es\\\/ca\\\/sobre-nosaltres\\\/la-nostra-historia\\\/\",\"name\":\"La Nostra Hist\u00f2ria - Freixenet Spain\",\"isPartOf\":{\"@id\":\"https:\\\/\\\/freixenet.com\\\/es\\\/ca\\\/#website\"},\"primaryImageOfPage\":{\"@id\":\"https:\\\/\\\/freixenet.com\\\/es\\\/ca\\\/sobre-nosaltres\\\/la-nostra-historia\\\/#primaryimage\"},\"image\":{\"@id\":\"https:\\\/\\\/freixenet.com\\\/es\\\/ca\\\/sobre-nosaltres\\\/la-nostra-historia\\\/#primaryimage\"},\"thumbnailUrl\":\"https:\\\/\\\/freixenet.com\\\/app\\\/uploads\\\/sites\\\/2\\\/2025\\\/03\\\/our-story-banner.webp\",\"datePublished\":\"2025-03-03T06:56:27+00:00\",\"dateModified\":\"2025-07-14T14:31:46+00:00\",\"breadcrumb\":{\"@id\":\"https:\\\/\\\/freixenet.com\\\/es\\\/ca\\\/sobre-nosaltres\\\/la-nostra-historia\\\/#breadcrumb\"},\"inLanguage\":\"ca\",\"potentialAction\":[{\"@type\":\"ReadAction\",\"target\":[\"https:\\\/\\\/freixenet.com\\\/es\\\/ca\\\/sobre-nosaltres\\\/la-nostra-historia\\\/\"]}]},{\"@type\":\"ImageObject\",\"inLanguage\":\"ca\",\"@id\":\"https:\\\/\\\/freixenet.com\\\/es\\\/ca\\\/sobre-nosaltres\\\/la-nostra-historia\\\/#primaryimage\",\"url\":\"https:\\\/\\\/freixenet.com\\\/app\\\/uploads\\\/sites\\\/2\\\/2025\\\/03\\\/our-story-banner.webp\",\"contentUrl\":\"https:\\\/\\\/freixenet.com\\\/app\\\/uploads\\\/sites\\\/2\\\/2025\\\/03\\\/our-story-banner.webp\",\"width\":1921,\"height\":1081},{\"@type\":\"BreadcrumbList\",\"@id\":\"https:\\\/\\\/freixenet.com\\\/es\\\/ca\\\/sobre-nosaltres\\\/la-nostra-historia\\\/#breadcrumb\",\"itemListElement\":[{\"@type\":\"ListItem\",\"position\":1,\"name\":\"Home\",\"item\":\"https:\\\/\\\/freixenet.com\\\/es\\\/ca\\\/\"},{\"@type\":\"ListItem\",\"position\":2,\"name\":\"Sobre nosaltres\",\"item\":\"https:\\\/\\\/freixenet.com\\\/es\\\/ca\\\/sobre-nosaltres\\\/\"},{\"@type\":\"ListItem\",\"position\":3,\"name\":\"La Nostra Hist\u00f2ria\"}]},{\"@type\":\"WebSite\",\"@id\":\"https:\\\/\\\/freixenet.com\\\/es\\\/ca\\\/#website\",\"url\":\"https:\\\/\\\/freixenet.com\\\/es\\\/ca\\\/\",\"name\":\"Freixenet Spain\",\"description\":\"The most emblematic wineries of Freixenet combine tradition and innovation and have the deepest ancient cellars, located 20 meters underground.\",\"publisher\":{\"@id\":\"https:\\\/\\\/freixenet.com\\\/es\\\/ca\\\/#organization\"},\"potentialAction\":[{\"@type\":\"SearchAction\",\"target\":{\"@type\":\"EntryPoint\",\"urlTemplate\":\"https:\\\/\\\/freixenet.com\\\/es\\\/ca\\\/?s={search_term_string}\"},\"query-input\":{\"@type\":\"PropertyValueSpecification\",\"valueRequired\":true,\"valueName\":\"search_term_string\"}}],\"inLanguage\":\"ca\"},{\"@type\":\"Organization\",\"@id\":\"https:\\\/\\\/freixenet.com\\\/es\\\/ca\\\/#organization\",\"name\":\"Freixenet Spain\",\"url\":\"https:\\\/\\\/freixenet.com\\\/es\\\/ca\\\/\",\"logo\":{\"@type\":\"ImageObject\",\"inLanguage\":\"ca\",\"@id\":\"https:\\\/\\\/freixenet.com\\\/es\\\/ca\\\/#\\\/schema\\\/logo\\\/image\\\/\",\"url\":\"https:\\\/\\\/freixenet.com\\\/app\\\/uploads\\\/sites\\\/2\\\/2025\\\/06\\\/freixenet-site-icon.png\",\"contentUrl\":\"https:\\\/\\\/freixenet.com\\\/app\\\/uploads\\\/sites\\\/2\\\/2025\\\/06\\\/freixenet-site-icon.png\",\"width\":512,\"height\":512,\"caption\":\"Freixenet Spain\"},\"image\":{\"@id\":\"https:\\\/\\\/freixenet.com\\\/es\\\/ca\\\/#\\\/schema\\\/logo\\\/image\\\/\"},\"sameAs\":[\"https:\\\/\\\/www.facebook.com\\\/FreixenetES\"]}]}<\/script>\n<!-- \/ Yoast SEO plugin. -->","yoast_head_json":{"title":"La Nostra Hist\u00f2ria - Freixenet Spain","robots":{"index":"index","follow":"follow","max-snippet":"max-snippet:-1","max-image-preview":"max-image-preview:large","max-video-preview":"max-video-preview:-1"},"canonical":"https:\/\/freixenet.com\/es\/ca\/sobre-nosaltres\/la-nostra-historia\/","og_locale":"ca_ES","og_type":"article","og_title":"La Nostra Hist\u00f2ria - Freixenet Spain","og_url":"https:\/\/freixenet.com\/es\/ca\/sobre-nosaltres\/la-nostra-historia\/","og_site_name":"Freixenet Spain","article_publisher":"https:\/\/www.facebook.com\/FreixenetES","article_modified_time":"2025-07-14T14:31:46+00:00","og_image":[{"width":1921,"height":1081,"url":"https:\/\/freixenet.com\/app\/uploads\/sites\/2\/2025\/03\/our-story-banner.webp","type":"image\/webp"}],"twitter_card":"summary_large_image","twitter_misc":{"Est. reading time":"2 minutes"},"schema":{"@context":"https:\/\/schema.org","@graph":[{"@type":"WebPage","@id":"https:\/\/freixenet.com\/es\/ca\/sobre-nosaltres\/la-nostra-historia\/","url":"https:\/\/freixenet.com\/es\/ca\/sobre-nosaltres\/la-nostra-historia\/","name":"La Nostra Hist\u00f2ria - Freixenet Spain","isPartOf":{"@id":"https:\/\/freixenet.com\/es\/ca\/#website"},"primaryImageOfPage":{"@id":"https:\/\/freixenet.com\/es\/ca\/sobre-nosaltres\/la-nostra-historia\/#primaryimage"},"image":{"@id":"https:\/\/freixenet.com\/es\/ca\/sobre-nosaltres\/la-nostra-historia\/#primaryimage"},"thumbnailUrl":"https:\/\/freixenet.com\/app\/uploads\/sites\/2\/2025\/03\/our-story-banner.webp","datePublished":"2025-03-03T06:56:27+00:00","dateModified":"2025-07-14T14:31:46+00:00","breadcrumb":{"@id":"https:\/\/freixenet.com\/es\/ca\/sobre-nosaltres\/la-nostra-historia\/#breadcrumb"},"inLanguage":"ca","potentialAction":[{"@type":"ReadAction","target":["https:\/\/freixenet.com\/es\/ca\/sobre-nosaltres\/la-nostra-historia\/"]}]},{"@type":"ImageObject","inLanguage":"ca","@id":"https:\/\/freixenet.com\/es\/ca\/sobre-nosaltres\/la-nostra-historia\/#primaryimage","url":"https:\/\/freixenet.com\/app\/uploads\/sites\/2\/2025\/03\/our-story-banner.webp","contentUrl":"https:\/\/freixenet.com\/app\/uploads\/sites\/2\/2025\/03\/our-story-banner.webp","width":1921,"height":1081},{"@type":"BreadcrumbList","@id":"https:\/\/freixenet.com\/es\/ca\/sobre-nosaltres\/la-nostra-historia\/#breadcrumb","itemListElement":[{"@type":"ListItem","position":1,"name":"Home","item":"https:\/\/freixenet.com\/es\/ca\/"},{"@type":"ListItem","position":2,"name":"Sobre nosaltres","item":"https:\/\/freixenet.com\/es\/ca\/sobre-nosaltres\/"},{"@type":"ListItem","position":3,"name":"La Nostra Hist\u00f2ria"}]},{"@type":"WebSite","@id":"https:\/\/freixenet.com\/es\/ca\/#website","url":"https:\/\/freixenet.com\/es\/ca\/","name":"Freixenet Spain","description":"The most emblematic wineries of Freixenet combine tradition and innovation and have the deepest ancient cellars, located 20 meters underground.","publisher":{"@id":"https:\/\/freixenet.com\/es\/ca\/#organization"},"potentialAction":[{"@type":"SearchAction","target":{"@type":"EntryPoint","urlTemplate":"https:\/\/freixenet.com\/es\/ca\/?s={search_term_string}"},"query-input":{"@type":"PropertyValueSpecification","valueRequired":true,"valueName":"search_term_string"}}],"inLanguage":"ca"},{"@type":"Organization","@id":"https:\/\/freixenet.com\/es\/ca\/#organization","name":"Freixenet Spain","url":"https:\/\/freixenet.com\/es\/ca\/","logo":{"@type":"ImageObject","inLanguage":"ca","@id":"https:\/\/freixenet.com\/es\/ca\/#\/schema\/logo\/image\/","url":"https:\/\/freixenet.com\/app\/uploads\/sites\/2\/2025\/06\/freixenet-site-icon.png","contentUrl":"https:\/\/freixenet.com\/app\/uploads\/sites\/2\/2025\/06\/freixenet-site-icon.png","width":512,"height":512,"caption":"Freixenet Spain"},"image":{"@id":"https:\/\/freixenet.com\/es\/ca\/#\/schema\/logo\/image\/"},"sameAs":["https:\/\/www.facebook.com\/FreixenetES"]}]}},"_links":{"self":[{"href":"https:\/\/freixenet.com\/es\/ca\/wp-json\/wp\/v2\/pages\/3158","targetHints":{"allow":["GET"]}}],"collection":[{"href":"https:\/\/freixenet.com\/es\/ca\/wp-json\/wp\/v2\/pages"}],"about":[{"href":"https:\/\/freixenet.com\/es\/ca\/wp-json\/wp\/v2\/types\/page"}],"author":[{"embeddable":true,"href":"https:\/\/freixenet.com\/es\/ca\/wp-json\/wp\/v2\/users\/1"}],"replies":[{"embeddable":true,"href":"https:\/\/freixenet.com\/es\/ca\/wp-json\/wp\/v2\/comments?post=3158"}],"version-history":[{"count":3,"href":"https:\/\/freixenet.com\/es\/ca\/wp-json\/wp\/v2\/pages\/3158\/revisions"}],"predecessor-version":[{"id":3672,"href":"https:\/\/freixenet.com\/es\/ca\/wp-json\/wp\/v2\/pages\/3158\/revisions\/3672"}],"up":[{"embeddable":true,"href":"https:\/\/freixenet.com\/es\/ca\/wp-json\/wp\/v2\/pages\/3098"}],"wp:featuredmedia":[{"embeddable":true,"href":"https:\/\/freixenet.com\/es\/ca\/wp-json\/wp\/v2\/media\/1149"}],"wp:attachment":[{"href":"https:\/\/freixenet.com\/es\/ca\/wp-json\/wp\/v2\/media?parent=3158"}],"curies":[{"name":"wp","href":"https:\/\/api.w.org\/{rel}","templated":true}]}}