{"id":3136,"date":"2025-02-25T19:34:14","date_gmt":"2025-02-25T19:34:14","guid":{"rendered":"https:\/\/freixenet.com\/es\/arrels-del-cava\/"},"modified":"2025-07-02T07:54:53","modified_gmt":"2025-07-02T07:54:53","slug":"arrels-del-cava","status":"publish","type":"page","link":"https:\/\/freixenet.com\/es\/ca\/explorar-el-nostre-mon\/arrels-del-cava\/","title":{"rendered":"Arrels del Cava"},"content":{"rendered":"\n<div class=\"wp-block-group is-layout-constrained wp-block-group-is-layout-constrained\"><div class=\"wp-bootstrap-blocks-container container has-custom-block-padding\">\n\t\n<div class=\"wp-bootstrap-blocks-row row justify-content-center\">\n\t\n\n<div class=\"col-12 col-md-6\">\n\t\t\t\n\n<div class=\"wp-block-group is-layout-constrained wp-block-group-is-layout-constrained\"><div class=\"yoast-breadcrumbs\"><span><span><a href=\"https:\/\/freixenet.com\/es\/ca\/\">Home<\/a><\/span> \u00bb <span><a href=\"https:\/\/freixenet.com\/es\/ca\/explorar-el-nostre-mon\/\">Explorar el nostre m\u00f3n<\/a><\/span> \u00bb <span class=\"breadcrumb_last\" aria-current=\"page\">Arrels del Cava<\/span><\/span><\/div>\n\n\n<h1 class=\"wp-block-heading has-text-align-center has-secondary-color has-text-color has-link-color has-heading-5-xl-font-size wp-elements-a965b9be9cb29c686aa6509d0c293609\" style=\"text-transform:uppercase\"><mark style=\"background-color:rgba(0, 0, 0, 0)\" class=\"has-inline-color has-current-color\">Arrels del<\/mark><br\/><em>Cava<\/em><\/h1>\n<\/div>\n\n\t<\/div>\n\n<\/div>\n\n<\/div>\n\n\n\n<div class=\"wp-block-cover is-light\" style=\"min-height:80vh;aspect-ratio:unset;\"><span aria-hidden=\"true\" class=\"wp-block-cover__background has-background-dim-0 has-background-dim\" style=\"background-color:#FFF\"><\/span><img loading=\"lazy\" decoding=\"async\" width=\"1920\" height=\"1200\" src=\"https:\/\/freixenet.com\/app\/uploads\/sites\/2\/2025\/02\/roots-of-cava-hero.webp\" class=\"wp-block-cover__image-background wp-post-image\" alt=\"\" data-object-fit=\"cover\" data-object-position=\"29% 100%\" style=\"object-position:29% 100%;\" srcset=\"https:\/\/freixenet.com\/app\/uploads\/sites\/2\/2025\/02\/roots-of-cava-hero.webp 1920w, https:\/\/freixenet.com\/app\/uploads\/sites\/2\/2025\/02\/roots-of-cava-hero-300x188.webp 300w, https:\/\/freixenet.com\/app\/uploads\/sites\/2\/2025\/02\/roots-of-cava-hero-1024x640.webp 1024w, https:\/\/freixenet.com\/app\/uploads\/sites\/2\/2025\/02\/roots-of-cava-hero-768x480.webp 768w, https:\/\/freixenet.com\/app\/uploads\/sites\/2\/2025\/02\/roots-of-cava-hero-1536x960.webp 1536w, https:\/\/freixenet.com\/app\/uploads\/sites\/2\/2025\/02\/roots-of-cava-hero-1728x1080.webp 1728w, https:\/\/freixenet.com\/app\/uploads\/sites\/2\/2025\/02\/roots-of-cava-hero-360x225.webp 360w\" sizes=\"auto, (max-width: 1920px) 100vw, 1920px\" \/><div class=\"wp-block-cover__inner-container is-layout-flow wp-block-cover-is-layout-flow\">\n<p class=\"has-text-align-center has-large-font-size\"><\/p>\n<\/div><\/div>\n<\/div>\n<div class=\"wp-bootstrap-blocks-container container has-custom-block-margin\">\n\t\n<div class=\"wp-bootstrap-blocks-row row justify-content-center\">\n\t\n\n<div class=\"col-12 col-md-10 col-xxl-8\">\n\t\t\t\n\n<div class=\"wp-block-group is-layout-constrained wp-block-group-is-layout-constrained\">\n<h2 class=\"wp-block-heading has-text-align-center has-secondary-color has-text-color has-link-color has-heading-5-xl-font-size wp-elements-dd6865b885eeddf3dfb1af21cca43814\" style=\"text-transform:uppercase\"><mark style=\"background-color:rgba(0, 0, 0, 0)\" class=\"has-inline-color has-current-color\">Hist\u00f2ria<\/mark><br\/><em>Del Cava<\/em><\/h2>\n\n\n\n<p class=\"has-text-align-center has-neutral-600-color has-text-color has-link-color has-body-lg-font-size wp-elements-316098f98607356fcc5356663bbe3704\">El cava \u00e9s un vi escum\u00f3s d&#8217;Espanya, elaborat amb ra\u00efm principalment de Catalunya, que abasta la costa, les planes i les muntanyes. Els agricultors treballen per collir el ra\u00efm a la maduresa perfecta, abans de ser aixafat i convertit en cava utilitzant el m\u00e8tode tradicional utilitzat pels grans vins escumosos del m\u00f3n. <\/p>\n<\/div>\n\n\t<\/div>\n\n<\/div>\n\n<\/div>\n\n<div class=\"wp-block-cover\" style=\"min-height:100vh;aspect-ratio:unset;\"><img loading=\"lazy\" decoding=\"async\" width=\"1920\" height=\"736\" class=\"wp-block-cover__image-background wp-image-320\" alt=\"\" src=\"https:\/\/freixenet.com\/app\/uploads\/2025\/02\/roots-of-cava-2.webp\" data-object-fit=\"cover\" srcset=\"https:\/\/freixenet.com\/app\/uploads\/sites\/2\/2025\/02\/roots-of-cava-2.webp 1920w, https:\/\/freixenet.com\/app\/uploads\/sites\/2\/2025\/02\/roots-of-cava-2-300x115.webp 300w, https:\/\/freixenet.com\/app\/uploads\/sites\/2\/2025\/02\/roots-of-cava-2-1024x393.webp 1024w, https:\/\/freixenet.com\/app\/uploads\/sites\/2\/2025\/02\/roots-of-cava-2-768x294.webp 768w, https:\/\/freixenet.com\/app\/uploads\/sites\/2\/2025\/02\/roots-of-cava-2-1536x589.webp 1536w, https:\/\/freixenet.com\/app\/uploads\/sites\/2\/2025\/02\/roots-of-cava-2-360x138.webp 360w\" sizes=\"auto, (max-width: 1920px) 100vw, 1920px\" \/><span aria-hidden=\"true\" class=\"wp-block-cover__background has-background-dim-0 has-background-dim\" style=\"background-color:#3a271b\"><\/span><div class=\"wp-block-cover__inner-container is-layout-flow wp-block-cover-is-layout-flow\">\n<p class=\"has-text-align-center has-large-font-size\"><\/p>\n<\/div><\/div>\n<div class=\"wp-bootstrap-blocks-container container has-custom-block-margin\">\n\t\n<div class=\"wp-bootstrap-blocks-row row justify-content-center\">\n\t\n\n<div class=\"col-12 col-md-10 col-xxl-8\">\n\t\t\t\n\n<div class=\"wp-block-group is-layout-constrained wp-block-group-is-layout-constrained\">\n<h2 class=\"wp-block-heading has-text-align-center has-secondary-color has-text-color has-link-color has-heading-5-xl-font-size wp-elements-5cd56851a8a312f8b8205a4cfbae330b\" style=\"text-transform:uppercase\"><mark style=\"background-color:rgba(0, 0, 0, 0)\" class=\"has-inline-color has-current-color\">Com es fa<\/mark><br\/><em>el Cava<\/em><\/h2>\n\n\n\n<p class=\"has-text-align-center has-neutral-600-color has-text-color has-link-color has-body-lg-font-size wp-elements-316098f98607356fcc5356663bbe3704\">El cava \u00e9s un vi escum\u00f3s d&#8217;Espanya, elaborat amb ra\u00efm principalment de Catalunya, que abasta la costa, les planes i les muntanyes. Els agricultors treballen per collir el ra\u00efm a la maduresa perfecta, abans de ser aixafat i convertit en cava utilitzant el m\u00e8tode tradicional utilitzat pels grans vins escumosos del m\u00f3n. <\/p>\n<\/div>\n\n\t<\/div>\n\n<\/div>\n\n<\/div>\n<section class=\"has-accent-dim-050-background-color default-slider-block\"  data-autoplay>\n    <!-- Add Slider content here: -->\n    <div class=\"default-slider swiper\">\n        <div class=\"swiper-wrapper default-slider__trail\">\n<section class=\"slider-slide swiper-slide\" >\n    <!-- Add Slider Slide content here: -->\n    <div class=\"slider-card-wrapper\">\n<div class=\"wp-bootstrap-blocks-container container-fluid\">\n\t\n<div class=\"wp-bootstrap-blocks-row row g-0\">\n\t\n\n<div class=\"col-12 col-md-6\">\n\t\t\t<div class=\"h-100 d-flex flex-column justify-content-center\">\n\t\t\t\n\n<div class=\"wp-block-group is-vertical is-content-justification-center is-nowrap is-layout-flex wp-container-core-group-is-layout-a31effde wp-block-group-is-layout-flex\">\n<p class=\"text-badge has-accent-dim-500-color has-accent-dim-100-background-color has-text-color has-background has-link-color wp-elements-5114238a5692fe06e70322add9a359c5\">1<\/p>\n\n\n\n<h3 class=\"wp-block-heading title-tag has-heading-4-xs-font-size\"><\/h3>\n\n\n\n<h2 class=\"wp-block-heading has-text-align-center has-heading-3-xl-font-size\" style=\"text-transform:uppercase\">Verema<\/h2>\n\n\n\n<p class=\"has-text-align-center has-neutral-700-color has-text-color has-link-color has-body-md-font-size wp-elements-ee768bf9704ae0cb0339e326b0e09627\">El ra\u00efm es cull a m\u00e0 o a m\u00e0quina, principalment a principis i mediats d&#8217;agost, depenent de la climatologia de l&#8217;any i dels criteris de cada viticultor. En aquest moment tamb\u00e9 es mesura la quantitat de sucre. <\/p>\n<\/div>\n\n\t\t<\/div>\n\t<\/div>\n\n\n\n<div class=\"col-12 col-md-6\">\n\t\t\t\n\n<div class=\"wp-block-cover is-light\" style=\"min-height:50vh;aspect-ratio:unset;\"><img loading=\"lazy\" decoding=\"async\" width=\"1680\" height=\"1200\" class=\"wp-block-cover__image-background wp-image-2117\" alt=\"\" src=\"https:\/\/freixenet.com\/app\/uploads\/2025\/03\/image-82.webp\" data-object-fit=\"cover\" srcset=\"https:\/\/freixenet.com\/app\/uploads\/sites\/2\/2025\/03\/image-82.webp 1680w, https:\/\/freixenet.com\/app\/uploads\/sites\/2\/2025\/03\/image-82-300x214.webp 300w, https:\/\/freixenet.com\/app\/uploads\/sites\/2\/2025\/03\/image-82-1024x731.webp 1024w, https:\/\/freixenet.com\/app\/uploads\/sites\/2\/2025\/03\/image-82-768x549.webp 768w, https:\/\/freixenet.com\/app\/uploads\/sites\/2\/2025\/03\/image-82-1536x1097.webp 1536w, https:\/\/freixenet.com\/app\/uploads\/sites\/2\/2025\/03\/image-82-1512x1080.webp 1512w, https:\/\/freixenet.com\/app\/uploads\/sites\/2\/2025\/03\/image-82-360x257.webp 360w\" sizes=\"auto, (max-width: 1680px) 100vw, 1680px\" \/><span aria-hidden=\"true\" class=\"wp-block-cover__background has-accent-dim-800-background-color has-background-dim-0 has-background-dim\"><\/span><div class=\"wp-block-cover__inner-container is-layout-flow wp-block-cover-is-layout-flow\">\n<p class=\"has-text-align-center has-large-font-size\"><\/p>\n<\/div><\/div>\n\n\t<\/div>\n\n<\/div>\n\n<\/div>\n\n<\/div>\n<\/section>\n\n<section class=\"slider-slide swiper-slide\" >\n    <!-- Add Slider Slide content here: -->\n    <div class=\"slider-card-wrapper\">\n<div class=\"wp-bootstrap-blocks-container container-fluid\">\n\t\n<div class=\"wp-bootstrap-blocks-row row g-0\">\n\t\n\n<div class=\"col-12 col-md-6\">\n\t\t\t<div class=\"h-100 d-flex flex-column justify-content-center\">\n\t\t\t\n\n<div class=\"wp-block-group is-vertical is-content-justification-center is-nowrap is-layout-flex wp-container-core-group-is-layout-a31effde wp-block-group-is-layout-flex\">\n<p class=\"text-badge has-accent-dim-500-color has-accent-dim-100-background-color has-text-color has-background has-link-color wp-elements-8df6e2e3433a20c32c516d2081394737\">2<\/p>\n\n\n\n<h3 class=\"wp-block-heading title-tag has-heading-4-xs-font-size\"><\/h3>\n\n\n\n<h2 class=\"wp-block-heading has-text-align-center has-heading-3-xl-font-size\" style=\"text-transform:uppercase\">Premsatge<\/h2>\n\n\n\n<p class=\"has-text-align-center has-neutral-700-color has-text-color has-link-color has-body-md-font-size wp-elements-d3d2ceefa82b87e207044969b1beec0b\">Cada varietat de ra\u00efm es premsa suaument (per separat) per a obtenir un m\u00e0xim de 0,66 litres per quilo de ra\u00efm. A continuaci\u00f3 es refreda i s&#8217;envia a dip\u00f2sits d&#8217;acer inoxidable. <\/p>\n<\/div>\n\n\t\t<\/div>\n\t<\/div>\n\n\n\n<div class=\"col-12 col-md-6\">\n\t\t\t\n\n<div class=\"wp-block-cover\" style=\"min-height:50vh;aspect-ratio:unset;\"><img loading=\"lazy\" decoding=\"async\" width=\"1680\" height=\"1200\" class=\"wp-block-cover__image-background wp-image-2123\" alt=\"\" src=\"https:\/\/freixenet.com\/app\/uploads\/2025\/03\/image-83.webp\" data-object-fit=\"cover\" srcset=\"https:\/\/freixenet.com\/app\/uploads\/sites\/2\/2025\/03\/image-83.webp 1680w, https:\/\/freixenet.com\/app\/uploads\/sites\/2\/2025\/03\/image-83-300x214.webp 300w, https:\/\/freixenet.com\/app\/uploads\/sites\/2\/2025\/03\/image-83-1024x731.webp 1024w, https:\/\/freixenet.com\/app\/uploads\/sites\/2\/2025\/03\/image-83-768x549.webp 768w, https:\/\/freixenet.com\/app\/uploads\/sites\/2\/2025\/03\/image-83-1536x1097.webp 1536w, https:\/\/freixenet.com\/app\/uploads\/sites\/2\/2025\/03\/image-83-1512x1080.webp 1512w, https:\/\/freixenet.com\/app\/uploads\/sites\/2\/2025\/03\/image-83-360x257.webp 360w\" sizes=\"auto, (max-width: 1680px) 100vw, 1680px\" \/><span aria-hidden=\"true\" class=\"wp-block-cover__background has-background-dim-0 has-background-dim\" style=\"background-color:#7e6a5b\"><\/span><div class=\"wp-block-cover__inner-container is-layout-flow wp-block-cover-is-layout-flow\">\n<p class=\"has-text-align-center has-large-font-size\"><\/p>\n<\/div><\/div>\n\n\t<\/div>\n\n<\/div>\n\n<\/div>\n\n<\/div>\n<\/section>\n\n<section class=\"slider-slide swiper-slide\" >\n    <!-- Add Slider Slide content here: -->\n    <div class=\"slider-card-wrapper\">\n<div class=\"wp-bootstrap-blocks-container container-fluid\">\n\t\n<div class=\"wp-bootstrap-blocks-row row g-0\">\n\t\n\n<div class=\"col-12 col-md-6\">\n\t\t\t<div class=\"h-100 d-flex flex-column justify-content-center\">\n\t\t\t\n\n<div class=\"wp-block-group is-vertical is-content-justification-center is-nowrap is-layout-flex wp-container-core-group-is-layout-a31effde wp-block-group-is-layout-flex\">\n<p class=\"text-badge has-accent-dim-500-color has-accent-dim-100-background-color has-text-color has-background has-link-color wp-elements-984b958fc3383b17f2b94f4f1f463243\">3<\/p>\n\n\n\n<h3 class=\"wp-block-heading title-tag has-heading-4-xs-font-size\"><\/h3>\n\n\n\n<h2 class=\"wp-block-heading has-text-align-center has-heading-3-xl-font-size\" style=\"text-transform:uppercase\"><mark style=\"background-color:rgba(0, 0, 0, 0)\" class=\"has-inline-color has-current-color\">Primera fermentaci\u00f3<\/mark><br\/><em>(vi base)<\/em><\/h2>\n\n\n\n<p class=\"has-text-align-center has-neutral-700-color has-text-color has-link-color has-body-md-font-size wp-elements-2767cfaedf635dfdb27b0ab0d7206a2f\">Per a la primera fermentaci\u00f3 s&#8217;utilitza most flor (es el primer most resultant de trepitjar el ra\u00efm i separat per gravetat al posar-se a la prensa), separat per varietats, i en dip\u00f2sits d&#8217;acer inoxidable, sense pells i llavors. El sucre es converteix en alcohol. <\/p>\n<\/div>\n\n\t\t<\/div>\n\t<\/div>\n\n\n\n<div class=\"col-12 col-md-6\">\n\t\t\t\n\n<div class=\"wp-block-cover\" style=\"min-height:50vh;aspect-ratio:unset;\"><img loading=\"lazy\" decoding=\"async\" width=\"1680\" height=\"1200\" class=\"wp-block-cover__image-background wp-image-2129\" alt=\"\" src=\"https:\/\/freixenet.com\/app\/uploads\/2025\/03\/image-84.webp\" data-object-fit=\"cover\" srcset=\"https:\/\/freixenet.com\/app\/uploads\/sites\/2\/2025\/03\/image-84.webp 1680w, https:\/\/freixenet.com\/app\/uploads\/sites\/2\/2025\/03\/image-84-300x214.webp 300w, https:\/\/freixenet.com\/app\/uploads\/sites\/2\/2025\/03\/image-84-1024x731.webp 1024w, https:\/\/freixenet.com\/app\/uploads\/sites\/2\/2025\/03\/image-84-768x549.webp 768w, https:\/\/freixenet.com\/app\/uploads\/sites\/2\/2025\/03\/image-84-1536x1097.webp 1536w, https:\/\/freixenet.com\/app\/uploads\/sites\/2\/2025\/03\/image-84-1512x1080.webp 1512w, https:\/\/freixenet.com\/app\/uploads\/sites\/2\/2025\/03\/image-84-360x257.webp 360w\" sizes=\"auto, (max-width: 1680px) 100vw, 1680px\" \/><span aria-hidden=\"true\" class=\"wp-block-cover__background has-background-dim-0 has-background-dim\" style=\"background-color:#897c43\"><\/span><div class=\"wp-block-cover__inner-container is-layout-flow wp-block-cover-is-layout-flow\">\n<p class=\"has-text-align-center has-large-font-size\"><\/p>\n<\/div><\/div>\n\n\t<\/div>\n\n<\/div>\n\n<\/div>\n\n<\/div>\n<\/section>\n\n<section class=\"slider-slide swiper-slide\" >\n    <!-- Add Slider Slide content here: -->\n    <div class=\"slider-card-wrapper\">\n<div class=\"wp-bootstrap-blocks-container container-fluid\">\n\t\n<div class=\"wp-bootstrap-blocks-row row g-0\">\n\t\n\n<div class=\"col-12 col-md-6\">\n\t\t\t<div class=\"h-100 d-flex flex-column justify-content-center\">\n\t\t\t\n\n<div class=\"wp-block-group is-vertical is-content-justification-center is-nowrap is-layout-flex wp-container-core-group-is-layout-a31effde wp-block-group-is-layout-flex\">\n<p class=\"text-badge has-accent-dim-500-color has-accent-dim-100-background-color has-text-color has-background has-link-color wp-elements-88f9ca402d4a1dcb12b22a737adff169\">4<\/p>\n\n\n\n<h3 class=\"wp-block-heading title-tag has-heading-4-xs-font-size\"><\/h3>\n\n\n\n<h2 class=\"wp-block-heading has-text-align-center has-heading-3-xl-font-size\" style=\"text-transform:uppercase\">Cupatge<\/h2>\n\n\n\n<p class=\"has-text-align-center has-neutral-700-color has-text-color has-link-color has-body-md-font-size wp-elements-592c8dedc2db5ca5b6e44e31be306aa2\">Es trien els diferents vins base per barrejar-los i crear als cupatge definitius del cava que desitgem. El vi resultant es clarifica i s\u2019estabilitza. <\/p>\n<\/div>\n\n\t\t<\/div>\n\t<\/div>\n\n\n\n<div class=\"col-12 col-md-6\">\n\t\t\t\n\n<div class=\"wp-block-cover is-light\" style=\"min-height:50vh;aspect-ratio:unset;\"><img loading=\"lazy\" decoding=\"async\" width=\"1680\" height=\"1200\" class=\"wp-block-cover__image-background wp-image-2135\" alt=\"\" src=\"https:\/\/freixenet.com\/app\/uploads\/2025\/03\/image-85.webp\" data-object-fit=\"cover\" srcset=\"https:\/\/freixenet.com\/app\/uploads\/sites\/2\/2025\/03\/image-85.webp 1680w, https:\/\/freixenet.com\/app\/uploads\/sites\/2\/2025\/03\/image-85-300x214.webp 300w, https:\/\/freixenet.com\/app\/uploads\/sites\/2\/2025\/03\/image-85-1024x731.webp 1024w, https:\/\/freixenet.com\/app\/uploads\/sites\/2\/2025\/03\/image-85-768x549.webp 768w, https:\/\/freixenet.com\/app\/uploads\/sites\/2\/2025\/03\/image-85-1536x1097.webp 1536w, https:\/\/freixenet.com\/app\/uploads\/sites\/2\/2025\/03\/image-85-1512x1080.webp 1512w, https:\/\/freixenet.com\/app\/uploads\/sites\/2\/2025\/03\/image-85-360x257.webp 360w\" sizes=\"auto, (max-width: 1680px) 100vw, 1680px\" \/><span aria-hidden=\"true\" class=\"wp-block-cover__background has-background-dim-0 has-background-dim\" style=\"background-color:#908c7b\"><\/span><div class=\"wp-block-cover__inner-container is-layout-flow wp-block-cover-is-layout-flow\">\n<p class=\"has-text-align-center has-large-font-size\"><\/p>\n<\/div><\/div>\n\n\t<\/div>\n\n<\/div>\n\n<\/div>\n\n<\/div>\n<\/section>\n\n<section class=\"slider-slide swiper-slide\" >\n    <!-- Add Slider Slide content here: -->\n    <div class=\"slider-card-wrapper\">\n<div class=\"wp-bootstrap-blocks-container container-fluid\">\n\t\n<div class=\"wp-bootstrap-blocks-row row g-0\">\n\t\n\n<div class=\"col-12 col-md-6\">\n\t\t\t<div class=\"h-100 d-flex flex-column justify-content-center\">\n\t\t\t\n\n<div class=\"wp-block-group is-vertical is-content-justification-center is-nowrap is-layout-flex wp-container-core-group-is-layout-a31effde wp-block-group-is-layout-flex\">\n<p class=\"text-badge has-accent-dim-500-color has-accent-dim-100-background-color has-text-color has-background has-link-color wp-elements-174e8f26f511c885e9a2f43fc0fe6ee6\">5<\/p>\n\n\n\n<h3 class=\"wp-block-heading title-tag has-heading-4-xs-font-size\"><\/h3>\n\n\n\n<h2 class=\"wp-block-heading has-text-align-center has-heading-3-xl-font-size\" style=\"text-transform:uppercase\">Tiratge<\/h2>\n\n\n\n<p class=\"has-text-align-center has-neutral-700-color has-text-color has-link-color has-body-md-font-size wp-elements-ab320e29d1a3598ec8b9218d5358cdd6\">S&#8217;embotella la mescla de vi basi i s&#8217;agrega licor de tiraje, una mescla de llevat i sucre per a crear la segona fermentaci\u00f3 en ampolla abans de segellar.<\/p>\n<\/div>\n\n\t\t<\/div>\n\t<\/div>\n\n\n\n<div class=\"col-12 col-md-6\">\n\t\t\t\n\n<div class=\"wp-block-cover\" style=\"min-height:50vh;aspect-ratio:unset;\"><img loading=\"lazy\" decoding=\"async\" width=\"1680\" height=\"1200\" class=\"wp-block-cover__image-background wp-image-2143\" alt=\"\" src=\"https:\/\/freixenet.com\/app\/uploads\/2025\/03\/image-86.webp\" data-object-fit=\"cover\" srcset=\"https:\/\/freixenet.com\/app\/uploads\/sites\/2\/2025\/03\/image-86.webp 1680w, https:\/\/freixenet.com\/app\/uploads\/sites\/2\/2025\/03\/image-86-300x214.webp 300w, https:\/\/freixenet.com\/app\/uploads\/sites\/2\/2025\/03\/image-86-1024x731.webp 1024w, https:\/\/freixenet.com\/app\/uploads\/sites\/2\/2025\/03\/image-86-768x549.webp 768w, https:\/\/freixenet.com\/app\/uploads\/sites\/2\/2025\/03\/image-86-1536x1097.webp 1536w, https:\/\/freixenet.com\/app\/uploads\/sites\/2\/2025\/03\/image-86-1512x1080.webp 1512w, https:\/\/freixenet.com\/app\/uploads\/sites\/2\/2025\/03\/image-86-360x257.webp 360w\" sizes=\"auto, (max-width: 1680px) 100vw, 1680px\" \/><span aria-hidden=\"true\" class=\"wp-block-cover__background has-background-dim-0 has-background-dim\" style=\"background-color:#975a1f\"><\/span><div class=\"wp-block-cover__inner-container is-layout-flow wp-block-cover-is-layout-flow\">\n<p class=\"has-text-align-center has-large-font-size\"><\/p>\n<\/div><\/div>\n\n\t<\/div>\n\n<\/div>\n\n<\/div>\n\n<\/div>\n<\/section>\n\n<section class=\"slider-slide swiper-slide\" >\n    <!-- Add Slider Slide content here: -->\n    <div class=\"slider-card-wrapper\">\n<div class=\"wp-bootstrap-blocks-container container-fluid\">\n\t\n<div class=\"wp-bootstrap-blocks-row row g-0\">\n\t\n\n<div class=\"col-12 col-md-6\">\n\t\t\t<div class=\"h-100 d-flex flex-column justify-content-center\">\n\t\t\t\n\n<div class=\"wp-block-group is-vertical is-content-justification-center is-nowrap is-layout-flex wp-container-core-group-is-layout-a31effde wp-block-group-is-layout-flex\">\n<p class=\"text-badge has-accent-dim-500-color has-accent-dim-100-background-color has-text-color has-background has-link-color wp-elements-831e8b9797111b2dc9501e507a1a5e87\">6<\/p>\n\n\n\n<h3 class=\"wp-block-heading title-tag has-heading-4-xs-font-size\"><\/h3>\n\n\n\n<h2 class=\"wp-block-heading has-text-align-center has-heading-3-xl-font-size\" style=\"text-transform:uppercase\"><mark style=\"background-color:rgba(0, 0, 0, 0)\" class=\"has-inline-color has-current-color\">Segona Fermentaci\u00f3<\/mark><br\/><em>Envelliment sobre emboliques<\/em><\/h2>\n\n\n\n<p class=\"has-text-align-center has-neutral-700-color has-text-color has-link-color has-body-md-font-size wp-elements-dd6add0bb9dd4709138c4235bfca6d8e\">Les ampolles s&#8217;apilen horitzontalment per a envellir durant un m\u00ednim de 9 mesos en condicions ideals d&#8217;humitat i temperatura, i sense moure-les. Aqu\u00ed \u00e9s on es crea el di\u00f2xid de carboni que queda atrapat en l&#8217;ampolla, formant bombolles. <\/p>\n<\/div>\n\n\t\t<\/div>\n\t<\/div>\n\n\n\n<div class=\"col-12 col-md-6\">\n\t\t\t\n\n<div class=\"wp-block-cover\" style=\"min-height:50vh;aspect-ratio:unset;\"><img loading=\"lazy\" decoding=\"async\" width=\"1680\" height=\"1200\" class=\"wp-block-cover__image-background wp-image-2143\" alt=\"\" src=\"https:\/\/freixenet.com\/app\/uploads\/2025\/03\/image-86.webp\" data-object-fit=\"cover\" srcset=\"https:\/\/freixenet.com\/app\/uploads\/sites\/2\/2025\/03\/image-86.webp 1680w, https:\/\/freixenet.com\/app\/uploads\/sites\/2\/2025\/03\/image-86-300x214.webp 300w, https:\/\/freixenet.com\/app\/uploads\/sites\/2\/2025\/03\/image-86-1024x731.webp 1024w, https:\/\/freixenet.com\/app\/uploads\/sites\/2\/2025\/03\/image-86-768x549.webp 768w, https:\/\/freixenet.com\/app\/uploads\/sites\/2\/2025\/03\/image-86-1536x1097.webp 1536w, https:\/\/freixenet.com\/app\/uploads\/sites\/2\/2025\/03\/image-86-1512x1080.webp 1512w, https:\/\/freixenet.com\/app\/uploads\/sites\/2\/2025\/03\/image-86-360x257.webp 360w\" sizes=\"auto, (max-width: 1680px) 100vw, 1680px\" \/><span aria-hidden=\"true\" class=\"wp-block-cover__background has-background-dim-0 has-background-dim\" style=\"background-color:#975a1f\"><\/span><div class=\"wp-block-cover__inner-container is-layout-flow wp-block-cover-is-layout-flow\">\n<p class=\"has-text-align-center has-large-font-size\"><\/p>\n<\/div><\/div>\n\n\t<\/div>\n\n<\/div>\n\n<\/div>\n\n<\/div>\n<\/section>\n\n<section class=\"slider-slide swiper-slide\" >\n    <!-- Add Slider Slide content here: -->\n    <div class=\"slider-card-wrapper\">\n<div class=\"wp-bootstrap-blocks-container container-fluid\">\n\t\n<div class=\"wp-bootstrap-blocks-row row g-0\">\n\t\n\n<div class=\"col-12 col-md-6\">\n\t\t\t<div class=\"h-100 d-flex flex-column justify-content-center\">\n\t\t\t\n\n<div class=\"wp-block-group is-vertical is-content-justification-center is-nowrap is-layout-flex wp-container-core-group-is-layout-a31effde wp-block-group-is-layout-flex\">\n<p class=\"text-badge has-accent-dim-500-color has-accent-dim-100-background-color has-text-color has-background has-link-color wp-elements-c367359055eee3d386267f9b1e80c14f\">7<\/p>\n\n\n\n<h3 class=\"wp-block-heading title-tag has-heading-4-xs-font-size\"><\/h3>\n\n\n\n<h2 class=\"wp-block-heading has-text-align-center has-heading-3-xl-font-size\" style=\"text-transform:uppercase\">Riddling<\/h2>\n\n\n\n<p class=\"has-text-align-center has-neutral-700-color has-text-color has-link-color has-body-md-font-size wp-elements-8337e3be5cba64c7f83b985aea330cd9\">Les ampolles es col\u00b7loquen en uns suports especials denominats pupitres. S&#8217;agiten lleugerament una vegada i una altra, es giren i es tornen a col\u00b7locar en els pupitres amb un angle decreixent que concentra el sediment en el coll de l&#8217;ampolla. <\/p>\n<\/div>\n\n\t\t<\/div>\n\t<\/div>\n\n\n\n<div class=\"col-12 col-md-6\">\n\t\t\t\n\n<div class=\"wp-block-cover\" style=\"min-height:50vh;aspect-ratio:unset;\"><img loading=\"lazy\" decoding=\"async\" width=\"1024\" height=\"731\" class=\"wp-block-cover__image-background wp-image-2149 size-large\" alt=\"\" src=\"https:\/\/freixenet.com\/app\/uploads\/sites\/2\/2025\/03\/image-87-1024x731.webp\" data-object-fit=\"cover\" srcset=\"https:\/\/freixenet.com\/app\/uploads\/sites\/2\/2025\/03\/image-87-1024x731.webp 1024w, https:\/\/freixenet.com\/app\/uploads\/sites\/2\/2025\/03\/image-87-300x214.webp 300w, https:\/\/freixenet.com\/app\/uploads\/sites\/2\/2025\/03\/image-87-768x549.webp 768w, https:\/\/freixenet.com\/app\/uploads\/sites\/2\/2025\/03\/image-87-1536x1097.webp 1536w, https:\/\/freixenet.com\/app\/uploads\/sites\/2\/2025\/03\/image-87-1512x1080.webp 1512w, https:\/\/freixenet.com\/app\/uploads\/sites\/2\/2025\/03\/image-87-360x257.webp 360w, https:\/\/freixenet.com\/app\/uploads\/sites\/2\/2025\/03\/image-87.webp 1680w\" sizes=\"auto, (max-width: 1024px) 100vw, 1024px\" \/><span aria-hidden=\"true\" class=\"wp-block-cover__background has-background-dim-0 has-background-dim\" style=\"background-color:#4f352e\"><\/span><div class=\"wp-block-cover__inner-container is-layout-flow wp-block-cover-is-layout-flow\">\n<p class=\"has-text-align-center has-large-font-size\"><\/p>\n<\/div><\/div>\n\n\t<\/div>\n\n<\/div>\n\n<\/div>\n\n<\/div>\n<\/section>\n\n<section class=\"slider-slide swiper-slide\" >\n    <!-- Add Slider Slide content here: -->\n    <div class=\"slider-card-wrapper\">\n<div class=\"wp-bootstrap-blocks-container container-fluid\">\n\t\n<div class=\"wp-bootstrap-blocks-row row g-0\">\n\t\n\n<div class=\"col-12 col-md-6\">\n\t\t\t<div class=\"h-100 d-flex flex-column justify-content-center\">\n\t\t\t\n\n<div class=\"wp-block-group is-vertical is-content-justification-center is-nowrap is-layout-flex wp-container-core-group-is-layout-a31effde wp-block-group-is-layout-flex\">\n<p class=\"text-badge has-accent-dim-500-color has-accent-dim-100-background-color has-text-color has-background has-link-color wp-elements-b31ec00aa8c939bf2ec6d0152f5b3051\">8<\/p>\n\n\n\n<h3 class=\"wp-block-heading title-tag has-heading-4-xs-font-size\"><\/h3>\n\n\n\n<h2 class=\"wp-block-heading has-text-align-center has-heading-3-xl-font-size\" style=\"text-transform:uppercase\">Desgorjament<\/h2>\n\n\n\n<p class=\"has-text-align-center has-neutral-700-color has-text-color has-link-color has-body-md-font-size wp-elements-866ee8b475af584c388e29d837190f1b\">S&#8217;elimina el sediment, moltes vegades refredant el coll de l&#8217;ampolla.<\/p>\n<\/div>\n\n\t\t<\/div>\n\t<\/div>\n\n\n\n<div class=\"col-12 col-md-6\">\n\t\t\t\n\n<div class=\"wp-block-cover\" style=\"min-height:50vh;aspect-ratio:unset;\"><img loading=\"lazy\" decoding=\"async\" width=\"1024\" height=\"731\" class=\"wp-block-cover__image-background wp-image-2155 size-large\" alt=\"\" src=\"https:\/\/freixenet.com\/app\/uploads\/sites\/2\/2025\/03\/image-88-1024x731.webp\" data-object-fit=\"cover\" srcset=\"https:\/\/freixenet.com\/app\/uploads\/sites\/2\/2025\/03\/image-88-1024x731.webp 1024w, https:\/\/freixenet.com\/app\/uploads\/sites\/2\/2025\/03\/image-88-300x214.webp 300w, https:\/\/freixenet.com\/app\/uploads\/sites\/2\/2025\/03\/image-88-768x549.webp 768w, https:\/\/freixenet.com\/app\/uploads\/sites\/2\/2025\/03\/image-88-1536x1097.webp 1536w, https:\/\/freixenet.com\/app\/uploads\/sites\/2\/2025\/03\/image-88-1512x1080.webp 1512w, https:\/\/freixenet.com\/app\/uploads\/sites\/2\/2025\/03\/image-88-360x257.webp 360w, https:\/\/freixenet.com\/app\/uploads\/sites\/2\/2025\/03\/image-88.webp 1680w\" sizes=\"auto, (max-width: 1024px) 100vw, 1024px\" \/><span aria-hidden=\"true\" class=\"wp-block-cover__background has-background-dim-0 has-background-dim\" style=\"background-color:#725b3e\"><\/span><div class=\"wp-block-cover__inner-container is-layout-flow wp-block-cover-is-layout-flow\">\n<p class=\"has-text-align-center has-large-font-size\"><\/p>\n<\/div><\/div>\n\n\t<\/div>\n\n<\/div>\n\n<\/div>\n\n<\/div>\n<\/section>\n\n<section class=\"slider-slide swiper-slide\" >\n    <!-- Add Slider Slide content here: -->\n    <div class=\"slider-card-wrapper\">\n<div class=\"wp-bootstrap-blocks-container container-fluid\">\n\t\n<div class=\"wp-bootstrap-blocks-row row g-0\">\n\t\n\n<div class=\"col-12 col-md-6\">\n\t\t\t<div class=\"h-100 d-flex flex-column justify-content-center\">\n\t\t\t\n\n<div class=\"wp-block-group is-vertical is-content-justification-center is-nowrap is-layout-flex wp-container-core-group-is-layout-a31effde wp-block-group-is-layout-flex\">\n<p class=\"text-badge has-accent-dim-500-color has-accent-dim-100-background-color has-text-color has-background has-link-color wp-elements-82e45aa13a2122da7e75018876e4b00e\">9<\/p>\n\n\n\n<h3 class=\"wp-block-heading title-tag has-heading-4-xs-font-size\"><\/h3>\n\n\n\n<h2 class=\"wp-block-heading has-text-align-center has-heading-3-xl-font-size\" style=\"text-transform:uppercase\">Dosatge<\/h2>\n\n\n\n<p class=\"has-text-align-center has-neutral-700-color has-text-color has-link-color has-body-md-font-size wp-elements-b94f063885f89daaa64c2af2135817d9\">L&#8217;ampolla s&#8217;emplena amb licor d&#8217;expedici\u00f3, compost de vi i sucre (excepte en el cas del Brut Nature) per a reposar el volum perdut en el desgorjament.<\/p>\n<\/div>\n\n\t\t<\/div>\n\t<\/div>\n\n\n\n<div class=\"col-12 col-md-6\">\n\t\t\t\n\n<div class=\"wp-block-cover is-light\" style=\"min-height:50vh;aspect-ratio:unset;\"><img loading=\"lazy\" decoding=\"async\" width=\"1024\" height=\"731\" class=\"wp-block-cover__image-background wp-image-2161 size-large\" alt=\"\" src=\"https:\/\/freixenet.com\/app\/uploads\/sites\/2\/2025\/03\/image-89-1024x731.webp\" data-object-fit=\"cover\" srcset=\"https:\/\/freixenet.com\/app\/uploads\/sites\/2\/2025\/03\/image-89-1024x731.webp 1024w, https:\/\/freixenet.com\/app\/uploads\/sites\/2\/2025\/03\/image-89-300x214.webp 300w, https:\/\/freixenet.com\/app\/uploads\/sites\/2\/2025\/03\/image-89-768x549.webp 768w, https:\/\/freixenet.com\/app\/uploads\/sites\/2\/2025\/03\/image-89-1536x1097.webp 1536w, https:\/\/freixenet.com\/app\/uploads\/sites\/2\/2025\/03\/image-89-1512x1080.webp 1512w, https:\/\/freixenet.com\/app\/uploads\/sites\/2\/2025\/03\/image-89-360x257.webp 360w, https:\/\/freixenet.com\/app\/uploads\/sites\/2\/2025\/03\/image-89.webp 1680w\" sizes=\"auto, (max-width: 1024px) 100vw, 1024px\" \/><span aria-hidden=\"true\" class=\"wp-block-cover__background has-background-dim-0 has-background-dim\" style=\"background-color:#a98356\"><\/span><div class=\"wp-block-cover__inner-container is-layout-flow wp-block-cover-is-layout-flow\">\n<p class=\"has-text-align-center has-large-font-size\"><\/p>\n<\/div><\/div>\n\n\t<\/div>\n\n<\/div>\n\n<\/div>\n\n<\/div>\n<\/section>\n\n<section class=\"slider-slide swiper-slide\" >\n    <!-- Add Slider Slide content here: -->\n    <div class=\"slider-card-wrapper\">\n<div class=\"wp-bootstrap-blocks-container container-fluid\">\n\t\n<div class=\"wp-bootstrap-blocks-row row g-0\">\n\t\n\n<div class=\"col-12 col-md-6\">\n\t\t\t<div class=\"h-100 d-flex flex-column justify-content-center\">\n\t\t\t\n\n<div class=\"wp-block-group is-vertical is-content-justification-center is-nowrap is-layout-flex wp-container-core-group-is-layout-a31effde wp-block-group-is-layout-flex\">\n<p class=\"text-badge has-accent-dim-500-color has-accent-dim-100-background-color has-text-color has-background has-link-color wp-elements-a510e55d7b523f74b0c4cf375f9fc39a\">10<\/p>\n\n\n\n<h3 class=\"wp-block-heading title-tag has-heading-4-xs-font-size\"><\/h3>\n\n\n\n<h2 class=\"wp-block-heading has-text-align-center has-heading-3-xl-font-size\" style=\"text-transform:uppercase\"><mark style=\"background-color:rgba(0, 0, 0, 0)\" class=\"has-inline-color has-current-color\">Retocs<\/mark><br\/><em>Finals<\/em><\/h2>\n\n\n\n<p class=\"has-text-align-center has-neutral-700-color has-text-color has-link-color has-body-md-font-size wp-elements-a84b3ce7b33bdf1b5a3e774dcc3d72a7\">Es col\u00b7loquen el suro final, el tap i el morri\u00f3, a m\u00e9s de la c\u00e0psula d&#8217;alumini i l&#8217;etiqueta de l&#8217;ampolla.<\/p>\n<\/div>\n\n\t\t<\/div>\n\t<\/div>\n\n\n\n<div class=\"col-12 col-md-6\">\n\t\t\t\n\n<div class=\"wp-block-cover is-light\" style=\"min-height:50vh;aspect-ratio:unset;\"><img loading=\"lazy\" decoding=\"async\" width=\"1024\" height=\"731\" class=\"wp-block-cover__image-background wp-image-2169 size-large\" alt=\"\" src=\"https:\/\/freixenet.com\/app\/uploads\/sites\/2\/2025\/03\/image-90-1024x731.webp\" data-object-fit=\"cover\" srcset=\"https:\/\/freixenet.com\/app\/uploads\/sites\/2\/2025\/03\/image-90-1024x731.webp 1024w, https:\/\/freixenet.com\/app\/uploads\/sites\/2\/2025\/03\/image-90-300x214.webp 300w, https:\/\/freixenet.com\/app\/uploads\/sites\/2\/2025\/03\/image-90-768x549.webp 768w, https:\/\/freixenet.com\/app\/uploads\/sites\/2\/2025\/03\/image-90-1536x1097.webp 1536w, https:\/\/freixenet.com\/app\/uploads\/sites\/2\/2025\/03\/image-90-1512x1080.webp 1512w, https:\/\/freixenet.com\/app\/uploads\/sites\/2\/2025\/03\/image-90-360x257.webp 360w, https:\/\/freixenet.com\/app\/uploads\/sites\/2\/2025\/03\/image-90.webp 1680w\" sizes=\"auto, (max-width: 1024px) 100vw, 1024px\" \/><span aria-hidden=\"true\" class=\"wp-block-cover__background has-background-dim-0 has-background-dim\" style=\"background-color:#a78b62\"><\/span><div class=\"wp-block-cover__inner-container is-layout-flow wp-block-cover-is-layout-flow\">\n<p class=\"has-text-align-center has-large-font-size\"><\/p>\n<\/div><\/div>\n\n\t<\/div>\n\n<\/div>\n\n<\/div>\n\n<\/div>\n<\/section>\n<\/div>\n        <nav class=\"gallery-slider__nav lg:static\">\n            <div class=\"swiper-nav-btn swiper-button-prev\">\n                <button class=\"icon-button primary accent size--lg\" data-slider-nav=\"prev\">\n                    <div class=\"icon icon-chevron-left custom-ti-svg\"><svg\n  xmlns=\"http:\/\/www.w3.org\/2000\/svg\"\n  width=\"24\"\n  height=\"24\"\n  viewBox=\"0 0 24 24\"\n  fill=\"none\"\n  stroke=\"currentColor\"\n  stroke-width=\"2\"\n  stroke-linecap=\"round\"\n  stroke-linejoin=\"round\"\n  class=\"icon icon-tabler icons-tabler-outline icon-tabler-chevron-left\"\n>\n  <path stroke=\"none\" d=\"M0 0h24v24H0z\" fill=\"none\"\/>\n  <path d=\"M15 6l-6 6l6 6\" \/>\n<\/svg><\/div>                <\/button>\n            <\/div>\n            <div class=\"swiper-nav-btn swiper-button-next\">\n                <button class=\"icon-button primary accent size--lg\" data-slider-nav=\"next\">\n                    <div class=\"icon icon-chevron-right custom-ti-svg\"><svg\n  xmlns=\"http:\/\/www.w3.org\/2000\/svg\"\n  width=\"24\"\n  height=\"24\"\n  viewBox=\"0 0 24 24\"\n  fill=\"none\"\n  stroke=\"currentColor\"\n  stroke-width=\"2\"\n  stroke-linecap=\"round\"\n  stroke-linejoin=\"round\"\n  class=\"icon icon-tabler icons-tabler-outline icon-tabler-chevron-right\"\n>\n  <path stroke=\"none\" d=\"M0 0h24v24H0z\" fill=\"none\"\/>\n  <path d=\"M9 6l6 6l-6 6\" \/>\n<\/svg><\/div>                <\/button>\n            <\/div>\n        <\/nav>\n    <\/div>\n<\/section><section class=\"newsletter md:py-xl lg:py-4-xl\" >\n    <!-- Add Newsletter content here: -->\n    <div class=\"container-md newsletter-card md:rounded-xl overflow-hidden text-center bg-accent-dim-100 flex items-stretch p-0\" data-3d-card>\n        <div class=\"newsletter-card__wrapper\">\n            <div class=\"newsletter-card__col\">\n                <div class=\"text-block flex flex-col items-center justify-center min-h-full\" data-3d-card-text>\n                    <div class=\"text-block__content p-sm md:py-lg xl:py-xl w-full\">\n\n                        <div class=\"newsletter__inner-blocks\">\n\n<h3 class=\"wp-block-heading text-accent-dim-600 uppercase text-heading-4-xl mt-0 has-accent-dim-500-color has-text-color\"><mark class=\"has-current-color bg-transparent\">Subscriu-te al nostre<\/mark><br><em class=\"italic text-accent-dim-600\">Newsletter<\/em><\/h3>\n\n\n\n<p class=\"has-text-align-center text-body text-body-md text-accent-dim-700\">Subscriu-te aqu\u00ed per descobrir les actualitzacions, ofertes i informaci\u00f3 sobre els propers esdeveniments<\/p>\n\n\n\n<div class=\"wp-block-contact-form-7-contact-form-selector\">\n<div class=\"wpcf7 no-js\" id=\"wpcf7-f2886-o1\" lang=\"ca\" dir=\"ltr\" data-wpcf7-id=\"2886\">\n<div class=\"screen-reader-response\"><p role=\"status\" aria-live=\"polite\" aria-atomic=\"true\"><\/p> <ul><\/ul><\/div>\n<form action=\"\/es\/ca\/wp-json\/wp\/v2\/pages\/3136#wpcf7-f2886-o1\" method=\"post\" class=\"wpcf7-form init form-newsletter-banner cf7mls-no-scroll cf7mls-auto-return-first-step cf7mls-no-moving-animation\" id=\"form-newsletter-banner\" aria-label=\"Contact form\" novalidate=\"novalidate\" data-status=\"init\">\n<fieldset class=\"hidden-fields-container\"><input type=\"hidden\" name=\"_wpcf7\" value=\"2886\" \/><input type=\"hidden\" name=\"_wpcf7_version\" value=\"6.1.5\" \/><input type=\"hidden\" name=\"_wpcf7_locale\" value=\"ca\" \/><input type=\"hidden\" name=\"_wpcf7_unit_tag\" value=\"wpcf7-f2886-o1\" \/><input type=\"hidden\" name=\"_wpcf7_container_post\" value=\"0\" \/><input type=\"hidden\" name=\"_wpcf7_posted_data_hash\" value=\"\" \/>\n<\/fieldset>\n<div class=\"input-newsletter\">\n    <label>\n        <span class=\"wpcf7-form-control-wrap\" data-name=\"newsletter-email\"><input size=\"40\" maxlength=\"400\" class=\"wpcf7-form-control wpcf7-email wpcf7-validates-as-required wpcf7-text wpcf7-validates-as-email\" autocomplete=\"email\" aria-required=\"true\" aria-invalid=\"false\" placeholder=\"El teu email\" value=\"\" type=\"email\" name=\"newsletter-email\" \/><\/span>\n    <\/label>\n    <input class=\"wpcf7-form-control wpcf7-hidden\" value=\"ES\" type=\"hidden\" name=\"country\" \/>\n    <input class=\"wpcf7-form-control wpcf7-hidden\" value=\"ca_ES\" type=\"hidden\" name=\"language\" \/>\n    <input class=\"wpcf7-form-control wpcf7-submit has-spinner button primary\" type=\"submit\" value=\"Enviar\" \/>\n<\/div>\n\n<div class=\"checkbox-wrapper\">\n    <span class=\"wpcf7-form-control-wrap\" data-name=\"newsletter-terms\"><span class=\"wpcf7-form-control wpcf7-acceptance\"><span class=\"wpcf7-list-item\"><label><input type=\"checkbox\" name=\"newsletter-terms\" value=\"1\" aria-invalid=\"false\" \/><span class=\"wpcf7-list-item-label\">Accepto els <a href='\/privacy-policy' class='text-accent-dim-700'>termes i condicions<\/a><\/span><\/label><\/span><\/span><\/span>\n<\/div><div class=\"wpcf7-response-output\" aria-hidden=\"true\"><\/div>\n<\/form>\n<\/div>\n<\/div>\n\n<\/div>\n                    <\/div>\n                <\/div>\n            <\/div>\n            <div class=\"newsletter-card__col\">\n                <picture class=\"flex w-full h-full justify-center items-center overflow-hidden relative\">\n                                        <img decoding=\"async\" class=\"w-full h-full object-cover\" src=\"https:\/\/freixenet.com\/app\/uploads\/2025\/02\/newsletter-img-optimized-768x769.webp\" alt=\"\" data-3d-card-bg>\n                <\/picture>\n            <\/div>\n        <\/div>\n    <\/div>\n<\/section><section class=\"scroll-text-loop\" >\n    <!-- Add Scroll Text Loop content here: -->\n    <div class=\"scrolling-text\">\n        <div class=\"scrolling-text__trail\">\n\n<p class=\"has-text-align-center scrolling-text__item has-accent-dim-700-color has-neutral-900-background-color has-text-color has-background has-heading-oversized-font-size\"><a href=\"https:\/\/freixenet.com\/es\/en\/explore-our-world\/\">Back to Explore our world<\/a><\/p>\n\n<\/div>\n    <\/div>\n<\/section>","protected":false},"excerpt":{"rendered":"","protected":false},"author":1,"featured_media":909,"parent":3138,"menu_order":0,"comment_status":"closed","ping_status":"closed","template":"","meta":{"_acf_changed":false,"footnotes":""},"class_list":["post-3136","page","type-page","status-publish","has-post-thumbnail","hentry"],"acf":[],"yoast_head":"<!-- This site is optimized with the Yoast SEO plugin v27.4 - https:\/\/yoast.com\/product\/yoast-seo-wordpress\/ -->\n<title>Arrels del Cava - Freixenet Spain<\/title>\n<meta name=\"robots\" content=\"index, follow, max-snippet:-1, max-image-preview:large, max-video-preview:-1\" \/>\n<link rel=\"canonical\" href=\"https:\/\/freixenet.com\/es\/ca\/explorar-el-nostre-mon\/arrels-del-cava\/\" \/>\n<meta property=\"og:locale\" content=\"ca_ES\" \/>\n<meta property=\"og:type\" content=\"article\" \/>\n<meta property=\"og:title\" content=\"Arrels del Cava - Freixenet Spain\" \/>\n<meta property=\"og:url\" content=\"https:\/\/freixenet.com\/es\/ca\/explorar-el-nostre-mon\/arrels-del-cava\/\" \/>\n<meta property=\"og:site_name\" content=\"Freixenet Spain\" \/>\n<meta property=\"article:publisher\" content=\"https:\/\/www.facebook.com\/FreixenetES\" \/>\n<meta property=\"article:modified_time\" content=\"2025-07-02T07:54:53+00:00\" \/>\n<meta property=\"og:image\" content=\"https:\/\/freixenet.com\/app\/uploads\/sites\/2\/2025\/02\/roots-of-cava-hero.webp\" \/>\n\t<meta property=\"og:image:width\" content=\"1920\" \/>\n\t<meta property=\"og:image:height\" content=\"1200\" \/>\n\t<meta property=\"og:image:type\" content=\"image\/webp\" \/>\n<meta name=\"twitter:card\" content=\"summary_large_image\" \/>\n<meta name=\"twitter:label1\" content=\"Est. reading time\" \/>\n\t<meta name=\"twitter:data1\" content=\"2 minutes\" \/>\n<script type=\"application\/ld+json\" class=\"yoast-schema-graph\">{\"@context\":\"https:\\\/\\\/schema.org\",\"@graph\":[{\"@type\":\"WebPage\",\"@id\":\"https:\\\/\\\/freixenet.com\\\/es\\\/ca\\\/explorar-el-nostre-mon\\\/arrels-del-cava\\\/\",\"url\":\"https:\\\/\\\/freixenet.com\\\/es\\\/ca\\\/explorar-el-nostre-mon\\\/arrels-del-cava\\\/\",\"name\":\"Arrels del Cava - Freixenet Spain\",\"isPartOf\":{\"@id\":\"https:\\\/\\\/freixenet.com\\\/es\\\/ca\\\/#website\"},\"primaryImageOfPage\":{\"@id\":\"https:\\\/\\\/freixenet.com\\\/es\\\/ca\\\/explorar-el-nostre-mon\\\/arrels-del-cava\\\/#primaryimage\"},\"image\":{\"@id\":\"https:\\\/\\\/freixenet.com\\\/es\\\/ca\\\/explorar-el-nostre-mon\\\/arrels-del-cava\\\/#primaryimage\"},\"thumbnailUrl\":\"https:\\\/\\\/freixenet.com\\\/app\\\/uploads\\\/sites\\\/2\\\/2025\\\/02\\\/roots-of-cava-hero.webp\",\"datePublished\":\"2025-02-25T19:34:14+00:00\",\"dateModified\":\"2025-07-02T07:54:53+00:00\",\"breadcrumb\":{\"@id\":\"https:\\\/\\\/freixenet.com\\\/es\\\/ca\\\/explorar-el-nostre-mon\\\/arrels-del-cava\\\/#breadcrumb\"},\"inLanguage\":\"ca\",\"potentialAction\":[{\"@type\":\"ReadAction\",\"target\":[\"https:\\\/\\\/freixenet.com\\\/es\\\/ca\\\/explorar-el-nostre-mon\\\/arrels-del-cava\\\/\"]}]},{\"@type\":\"ImageObject\",\"inLanguage\":\"ca\",\"@id\":\"https:\\\/\\\/freixenet.com\\\/es\\\/ca\\\/explorar-el-nostre-mon\\\/arrels-del-cava\\\/#primaryimage\",\"url\":\"https:\\\/\\\/freixenet.com\\\/app\\\/uploads\\\/sites\\\/2\\\/2025\\\/02\\\/roots-of-cava-hero.webp\",\"contentUrl\":\"https:\\\/\\\/freixenet.com\\\/app\\\/uploads\\\/sites\\\/2\\\/2025\\\/02\\\/roots-of-cava-hero.webp\",\"width\":1920,\"height\":1200},{\"@type\":\"BreadcrumbList\",\"@id\":\"https:\\\/\\\/freixenet.com\\\/es\\\/ca\\\/explorar-el-nostre-mon\\\/arrels-del-cava\\\/#breadcrumb\",\"itemListElement\":[{\"@type\":\"ListItem\",\"position\":1,\"name\":\"Home\",\"item\":\"https:\\\/\\\/freixenet.com\\\/es\\\/ca\\\/\"},{\"@type\":\"ListItem\",\"position\":2,\"name\":\"Explorar el nostre m\u00f3n\",\"item\":\"https:\\\/\\\/freixenet.com\\\/es\\\/ca\\\/explorar-el-nostre-mon\\\/\"},{\"@type\":\"ListItem\",\"position\":3,\"name\":\"Arrels del Cava\"}]},{\"@type\":\"WebSite\",\"@id\":\"https:\\\/\\\/freixenet.com\\\/es\\\/ca\\\/#website\",\"url\":\"https:\\\/\\\/freixenet.com\\\/es\\\/ca\\\/\",\"name\":\"Freixenet Spain\",\"description\":\"The most emblematic wineries of Freixenet combine tradition and innovation and have the deepest ancient cellars, located 20 meters underground.\",\"publisher\":{\"@id\":\"https:\\\/\\\/freixenet.com\\\/es\\\/ca\\\/#organization\"},\"potentialAction\":[{\"@type\":\"SearchAction\",\"target\":{\"@type\":\"EntryPoint\",\"urlTemplate\":\"https:\\\/\\\/freixenet.com\\\/es\\\/ca\\\/?s={search_term_string}\"},\"query-input\":{\"@type\":\"PropertyValueSpecification\",\"valueRequired\":true,\"valueName\":\"search_term_string\"}}],\"inLanguage\":\"ca\"},{\"@type\":\"Organization\",\"@id\":\"https:\\\/\\\/freixenet.com\\\/es\\\/ca\\\/#organization\",\"name\":\"Freixenet Spain\",\"url\":\"https:\\\/\\\/freixenet.com\\\/es\\\/ca\\\/\",\"logo\":{\"@type\":\"ImageObject\",\"inLanguage\":\"ca\",\"@id\":\"https:\\\/\\\/freixenet.com\\\/es\\\/ca\\\/#\\\/schema\\\/logo\\\/image\\\/\",\"url\":\"https:\\\/\\\/freixenet.com\\\/app\\\/uploads\\\/sites\\\/2\\\/2025\\\/06\\\/freixenet-site-icon.png\",\"contentUrl\":\"https:\\\/\\\/freixenet.com\\\/app\\\/uploads\\\/sites\\\/2\\\/2025\\\/06\\\/freixenet-site-icon.png\",\"width\":512,\"height\":512,\"caption\":\"Freixenet Spain\"},\"image\":{\"@id\":\"https:\\\/\\\/freixenet.com\\\/es\\\/ca\\\/#\\\/schema\\\/logo\\\/image\\\/\"},\"sameAs\":[\"https:\\\/\\\/www.facebook.com\\\/FreixenetES\"]}]}<\/script>\n<!-- \/ Yoast SEO plugin. -->","yoast_head_json":{"title":"Arrels del Cava - Freixenet Spain","robots":{"index":"index","follow":"follow","max-snippet":"max-snippet:-1","max-image-preview":"max-image-preview:large","max-video-preview":"max-video-preview:-1"},"canonical":"https:\/\/freixenet.com\/es\/ca\/explorar-el-nostre-mon\/arrels-del-cava\/","og_locale":"ca_ES","og_type":"article","og_title":"Arrels del Cava - Freixenet Spain","og_url":"https:\/\/freixenet.com\/es\/ca\/explorar-el-nostre-mon\/arrels-del-cava\/","og_site_name":"Freixenet Spain","article_publisher":"https:\/\/www.facebook.com\/FreixenetES","article_modified_time":"2025-07-02T07:54:53+00:00","og_image":[{"width":1920,"height":1200,"url":"https:\/\/freixenet.com\/app\/uploads\/sites\/2\/2025\/02\/roots-of-cava-hero.webp","type":"image\/webp"}],"twitter_card":"summary_large_image","twitter_misc":{"Est. reading time":"2 minutes"},"schema":{"@context":"https:\/\/schema.org","@graph":[{"@type":"WebPage","@id":"https:\/\/freixenet.com\/es\/ca\/explorar-el-nostre-mon\/arrels-del-cava\/","url":"https:\/\/freixenet.com\/es\/ca\/explorar-el-nostre-mon\/arrels-del-cava\/","name":"Arrels del Cava - Freixenet Spain","isPartOf":{"@id":"https:\/\/freixenet.com\/es\/ca\/#website"},"primaryImageOfPage":{"@id":"https:\/\/freixenet.com\/es\/ca\/explorar-el-nostre-mon\/arrels-del-cava\/#primaryimage"},"image":{"@id":"https:\/\/freixenet.com\/es\/ca\/explorar-el-nostre-mon\/arrels-del-cava\/#primaryimage"},"thumbnailUrl":"https:\/\/freixenet.com\/app\/uploads\/sites\/2\/2025\/02\/roots-of-cava-hero.webp","datePublished":"2025-02-25T19:34:14+00:00","dateModified":"2025-07-02T07:54:53+00:00","breadcrumb":{"@id":"https:\/\/freixenet.com\/es\/ca\/explorar-el-nostre-mon\/arrels-del-cava\/#breadcrumb"},"inLanguage":"ca","potentialAction":[{"@type":"ReadAction","target":["https:\/\/freixenet.com\/es\/ca\/explorar-el-nostre-mon\/arrels-del-cava\/"]}]},{"@type":"ImageObject","inLanguage":"ca","@id":"https:\/\/freixenet.com\/es\/ca\/explorar-el-nostre-mon\/arrels-del-cava\/#primaryimage","url":"https:\/\/freixenet.com\/app\/uploads\/sites\/2\/2025\/02\/roots-of-cava-hero.webp","contentUrl":"https:\/\/freixenet.com\/app\/uploads\/sites\/2\/2025\/02\/roots-of-cava-hero.webp","width":1920,"height":1200},{"@type":"BreadcrumbList","@id":"https:\/\/freixenet.com\/es\/ca\/explorar-el-nostre-mon\/arrels-del-cava\/#breadcrumb","itemListElement":[{"@type":"ListItem","position":1,"name":"Home","item":"https:\/\/freixenet.com\/es\/ca\/"},{"@type":"ListItem","position":2,"name":"Explorar el nostre m\u00f3n","item":"https:\/\/freixenet.com\/es\/ca\/explorar-el-nostre-mon\/"},{"@type":"ListItem","position":3,"name":"Arrels del Cava"}]},{"@type":"WebSite","@id":"https:\/\/freixenet.com\/es\/ca\/#website","url":"https:\/\/freixenet.com\/es\/ca\/","name":"Freixenet Spain","description":"The most emblematic wineries of Freixenet combine tradition and innovation and have the deepest ancient cellars, located 20 meters underground.","publisher":{"@id":"https:\/\/freixenet.com\/es\/ca\/#organization"},"potentialAction":[{"@type":"SearchAction","target":{"@type":"EntryPoint","urlTemplate":"https:\/\/freixenet.com\/es\/ca\/?s={search_term_string}"},"query-input":{"@type":"PropertyValueSpecification","valueRequired":true,"valueName":"search_term_string"}}],"inLanguage":"ca"},{"@type":"Organization","@id":"https:\/\/freixenet.com\/es\/ca\/#organization","name":"Freixenet Spain","url":"https:\/\/freixenet.com\/es\/ca\/","logo":{"@type":"ImageObject","inLanguage":"ca","@id":"https:\/\/freixenet.com\/es\/ca\/#\/schema\/logo\/image\/","url":"https:\/\/freixenet.com\/app\/uploads\/sites\/2\/2025\/06\/freixenet-site-icon.png","contentUrl":"https:\/\/freixenet.com\/app\/uploads\/sites\/2\/2025\/06\/freixenet-site-icon.png","width":512,"height":512,"caption":"Freixenet Spain"},"image":{"@id":"https:\/\/freixenet.com\/es\/ca\/#\/schema\/logo\/image\/"},"sameAs":["https:\/\/www.facebook.com\/FreixenetES"]}]}},"_links":{"self":[{"href":"https:\/\/freixenet.com\/es\/ca\/wp-json\/wp\/v2\/pages\/3136","targetHints":{"allow":["GET"]}}],"collection":[{"href":"https:\/\/freixenet.com\/es\/ca\/wp-json\/wp\/v2\/pages"}],"about":[{"href":"https:\/\/freixenet.com\/es\/ca\/wp-json\/wp\/v2\/types\/page"}],"author":[{"embeddable":true,"href":"https:\/\/freixenet.com\/es\/ca\/wp-json\/wp\/v2\/users\/1"}],"replies":[{"embeddable":true,"href":"https:\/\/freixenet.com\/es\/ca\/wp-json\/wp\/v2\/comments?post=3136"}],"version-history":[{"count":3,"href":"https:\/\/freixenet.com\/es\/ca\/wp-json\/wp\/v2\/pages\/3136\/revisions"}],"predecessor-version":[{"id":3441,"href":"https:\/\/freixenet.com\/es\/ca\/wp-json\/wp\/v2\/pages\/3136\/revisions\/3441"}],"up":[{"embeddable":true,"href":"https:\/\/freixenet.com\/es\/ca\/wp-json\/wp\/v2\/pages\/3138"}],"wp:featuredmedia":[{"embeddable":true,"href":"https:\/\/freixenet.com\/es\/ca\/wp-json\/wp\/v2\/media\/909"}],"wp:attachment":[{"href":"https:\/\/freixenet.com\/es\/ca\/wp-json\/wp\/v2\/media?parent=3136"}],"curies":[{"name":"wp","href":"https:\/\/api.w.org\/{rel}","templated":true}]}}