{"id":2819,"date":"2025-02-25T19:34:14","date_gmt":"2025-02-25T19:34:14","guid":{"rendered":"https:\/\/freixenet.com\/ar\/raices-del-cava\/"},"modified":"2025-07-02T07:55:03","modified_gmt":"2025-07-02T07:55:03","slug":"raices-del-cava","status":"publish","type":"page","link":"https:\/\/freixenet.com\/ar\/explora-nuestro-mundo\/raices-del-cava\/","title":{"rendered":"Ra\u00edces del Cava"},"content":{"rendered":"\n<div class=\"wp-block-group is-layout-constrained wp-block-group-is-layout-constrained\"><div class=\"wp-bootstrap-blocks-container container has-custom-block-padding\">\n\t\n<div class=\"wp-bootstrap-blocks-row row justify-content-center\">\n\t\n\n<div class=\"col-12 col-md-6\">\n\t\t\t\n\n<div class=\"wp-block-group is-layout-constrained wp-block-group-is-layout-constrained\"><div class=\"yoast-breadcrumbs\"><span><span><a href=\"https:\/\/freixenet.com\/ar\/\">Home<\/a><\/span> \u00bb <span><a href=\"https:\/\/freixenet.com\/ar\/explora-nuestro-mundo\/\">Explora nuestro mundo<\/a><\/span> \u00bb <span class=\"breadcrumb_last\" aria-current=\"page\">Ra\u00edces del Cava<\/span><\/span><\/div>\n\n\n<h1 class=\"wp-block-heading has-text-align-center has-secondary-color has-text-color has-link-color has-heading-5-xl-font-size wp-elements-d1935e05cb621909ac97b4193bb49175\" style=\"text-transform:uppercase\"><mark style=\"background-color:rgba(0, 0, 0, 0)\" class=\"has-inline-color has-current-color\">Ra\u00edces del<\/mark><br\/><em>Cava<\/em><\/h1>\n<\/div>\n\n\t<\/div>\n\n<\/div>\n\n<\/div>\n\n\n\n<div class=\"wp-block-cover is-light\" style=\"min-height:80vh;aspect-ratio:unset;\"><span aria-hidden=\"true\" class=\"wp-block-cover__background has-background-dim-0 has-background-dim\" style=\"background-color:#FFF\"><\/span><img loading=\"lazy\" decoding=\"async\" width=\"1920\" height=\"1200\" src=\"https:\/\/freixenet.com\/app\/uploads\/sites\/11\/2025\/02\/roots-of-cava-hero.webp\" class=\"wp-block-cover__image-background wp-post-image\" alt=\"\" data-object-fit=\"cover\" data-object-position=\"29% 100%\" style=\"object-position:29% 100%;\" srcset=\"https:\/\/freixenet.com\/app\/uploads\/sites\/11\/2025\/02\/roots-of-cava-hero.webp 1920w, https:\/\/freixenet.com\/app\/uploads\/sites\/11\/2025\/02\/roots-of-cava-hero-300x188.webp 300w, https:\/\/freixenet.com\/app\/uploads\/sites\/11\/2025\/02\/roots-of-cava-hero-1024x640.webp 1024w, https:\/\/freixenet.com\/app\/uploads\/sites\/11\/2025\/02\/roots-of-cava-hero-768x480.webp 768w, https:\/\/freixenet.com\/app\/uploads\/sites\/11\/2025\/02\/roots-of-cava-hero-1536x960.webp 1536w, https:\/\/freixenet.com\/app\/uploads\/sites\/11\/2025\/02\/roots-of-cava-hero-1728x1080.webp 1728w, https:\/\/freixenet.com\/app\/uploads\/sites\/11\/2025\/02\/roots-of-cava-hero-360x225.webp 360w\" sizes=\"auto, (max-width: 1920px) 100vw, 1920px\" \/><div class=\"wp-block-cover__inner-container is-layout-flow wp-block-cover-is-layout-flow\">\n<p class=\"has-text-align-center has-large-font-size\"><\/p>\n<\/div><\/div>\n<\/div>\n<div class=\"wp-bootstrap-blocks-container container has-custom-block-margin\">\n\t\n<div class=\"wp-bootstrap-blocks-row row justify-content-center\">\n\t\n\n<div class=\"col-12 col-md-10 col-xxl-8\">\n\t\t\t\n\n<div class=\"wp-block-group is-layout-constrained wp-block-group-is-layout-constrained\">\n<h2 class=\"wp-block-heading has-text-align-center has-secondary-color has-text-color has-link-color has-heading-5-xl-font-size wp-elements-e29dfc3b5a87644ec0804fd39f999c91\" style=\"text-transform:uppercase\"><mark style=\"background-color:rgba(0, 0, 0, 0)\" class=\"has-inline-color has-current-color\">Historia del<\/mark><br\/><em>Cava<\/em><\/h2>\n\n\n\n<p class=\"has-text-align-center has-neutral-600-color has-text-color has-link-color has-body-lg-font-size wp-elements-118cd3f2f7892b706858642fad7f561a\">El cava es un vino espumoso de Espa\u00f1a, elaborado con uvas procedentes en gran parte de Catalu\u00f1a, que abarcan la costa, la llanura y la monta\u00f1a. Los agricultores trabajan para cosechar las uvas en su punto perfecto de madurez, antes de estrujarlas y convertirlas en cava siguiendo el m\u00e9todo tradicional utilizado por los grandes vinos espumosos del mundo. <\/p>\n<\/div>\n\n\t<\/div>\n\n<\/div>\n\n<\/div>\n\n<div class=\"wp-block-cover\" style=\"min-height:100vh;aspect-ratio:unset;\"><img loading=\"lazy\" decoding=\"async\" width=\"1920\" height=\"736\" class=\"wp-block-cover__image-background wp-image-320\" alt=\"\" src=\"https:\/\/freixenet.com\/app\/uploads\/2025\/02\/roots-of-cava-2.webp\" data-object-fit=\"cover\" srcset=\"https:\/\/freixenet.com\/app\/uploads\/sites\/11\/2025\/02\/roots-of-cava-2.webp 1920w, https:\/\/freixenet.com\/app\/uploads\/sites\/11\/2025\/02\/roots-of-cava-2-300x115.webp 300w, https:\/\/freixenet.com\/app\/uploads\/sites\/11\/2025\/02\/roots-of-cava-2-1024x393.webp 1024w, https:\/\/freixenet.com\/app\/uploads\/sites\/11\/2025\/02\/roots-of-cava-2-768x294.webp 768w, https:\/\/freixenet.com\/app\/uploads\/sites\/11\/2025\/02\/roots-of-cava-2-1536x589.webp 1536w, https:\/\/freixenet.com\/app\/uploads\/sites\/11\/2025\/02\/roots-of-cava-2-360x138.webp 360w\" sizes=\"auto, (max-width: 1920px) 100vw, 1920px\" \/><span aria-hidden=\"true\" class=\"wp-block-cover__background has-background-dim-0 has-background-dim\" style=\"background-color:#3a271b\"><\/span><div class=\"wp-block-cover__inner-container is-layout-flow wp-block-cover-is-layout-flow\">\n<p class=\"has-text-align-center has-large-font-size\"><\/p>\n<\/div><\/div>\n<div class=\"wp-bootstrap-blocks-container container has-custom-block-margin\">\n\t\n<div class=\"wp-bootstrap-blocks-row row justify-content-center\">\n\t\n\n<div class=\"col-12 col-md-10 col-xxl-8\">\n\t\t\t\n\n<div class=\"wp-block-group is-layout-constrained wp-block-group-is-layout-constrained\">\n<h2 class=\"wp-block-heading has-text-align-center has-secondary-color has-text-color has-link-color has-heading-5-xl-font-size wp-elements-b80a67e2fc4aaf793b3f08e9e33b3a4d\" style=\"text-transform:uppercase\"><mark style=\"background-color:rgba(0, 0, 0, 0)\" class=\"has-inline-color has-current-color\">C\u00f3mo se hace<\/mark><br\/><em>el Cava<\/em><\/h2>\n\n\n\n<p class=\"has-text-align-center has-neutral-600-color has-text-color has-link-color has-body-lg-font-size wp-elements-118cd3f2f7892b706858642fad7f561a\">El cava es un vino espumoso de Espa\u00f1a, elaborado con uvas procedentes en gran parte de Catalu\u00f1a, que abarcan la costa, la llanura y la monta\u00f1a. Los agricultores trabajan para cosechar las uvas en su punto perfecto de madurez, antes de estrujarlas y convertirlas en cava siguiendo el m\u00e9todo tradicional utilizado por los grandes vinos espumosos del mundo. <\/p>\n<\/div>\n\n\t<\/div>\n\n<\/div>\n\n<\/div>\n<section class=\"has-accent-dim-050-background-color default-slider-block\"  data-autoplay>\n    <!-- Add Slider content here: -->\n    <div class=\"default-slider swiper\">\n        <div class=\"swiper-wrapper default-slider__trail\">\n<section class=\"slider-slide swiper-slide\" >\n    <!-- Add Slider Slide content here: -->\n    <div class=\"slider-card-wrapper\">\n<div class=\"wp-bootstrap-blocks-container container-fluid\">\n\t\n<div class=\"wp-bootstrap-blocks-row row g-0\">\n\t\n\n<div class=\"col-12 col-md-6\">\n\t\t\t<div class=\"h-100 d-flex flex-column justify-content-center\">\n\t\t\t\n\n<div class=\"wp-block-group is-vertical is-content-justification-center is-nowrap is-layout-flex wp-container-core-group-is-layout-a31effde wp-block-group-is-layout-flex\">\n<p class=\"text-badge has-accent-dim-500-color has-accent-dim-100-background-color has-text-color has-background has-link-color wp-elements-5114238a5692fe06e70322add9a359c5\">1<\/p>\n\n\n\n<h3 class=\"wp-block-heading title-tag has-heading-4-xs-font-size\"><\/h3>\n\n\n\n<h2 class=\"wp-block-heading has-text-align-center has-heading-3-xl-font-size\" style=\"text-transform:uppercase\">Vendimia<\/h2>\n\n\n\n<p class=\"has-text-align-center has-neutral-700-color has-text-color has-link-color has-body-md-font-size wp-elements-e06d35ba2cf0814f790231ecadfa2ad6\">Las uvas se vendimian a mano y a m\u00e1quina principalmente a principios y mediados de agosto, dependiendo de la climatolog\u00eda del a\u00f1o y de los criterios de cada viticultor. En este momento tambi\u00e9n se mide la cantidad de az\u00facar. <\/p>\n<\/div>\n\n\t\t<\/div>\n\t<\/div>\n\n\n\n<div class=\"col-12 col-md-6\">\n\t\t\t\n\n<div class=\"wp-block-cover is-light\" style=\"min-height:50vh;aspect-ratio:unset;\"><img loading=\"lazy\" decoding=\"async\" width=\"1680\" height=\"1200\" class=\"wp-block-cover__image-background wp-image-2117\" alt=\"\" src=\"https:\/\/freixenet.com\/app\/uploads\/2025\/03\/image-82.webp\" data-object-fit=\"cover\" srcset=\"https:\/\/freixenet.com\/app\/uploads\/sites\/11\/2025\/03\/image-82.webp 1680w, https:\/\/freixenet.com\/app\/uploads\/sites\/11\/2025\/03\/image-82-300x214.webp 300w, https:\/\/freixenet.com\/app\/uploads\/sites\/11\/2025\/03\/image-82-1024x731.webp 1024w, https:\/\/freixenet.com\/app\/uploads\/sites\/11\/2025\/03\/image-82-768x549.webp 768w, https:\/\/freixenet.com\/app\/uploads\/sites\/11\/2025\/03\/image-82-1536x1097.webp 1536w, https:\/\/freixenet.com\/app\/uploads\/sites\/11\/2025\/03\/image-82-1512x1080.webp 1512w, https:\/\/freixenet.com\/app\/uploads\/sites\/11\/2025\/03\/image-82-360x257.webp 360w\" sizes=\"auto, (max-width: 1680px) 100vw, 1680px\" \/><span aria-hidden=\"true\" class=\"wp-block-cover__background has-accent-dim-800-background-color has-background-dim-0 has-background-dim\"><\/span><div class=\"wp-block-cover__inner-container is-layout-flow wp-block-cover-is-layout-flow\">\n<p class=\"has-text-align-center has-large-font-size\"><\/p>\n<\/div><\/div>\n\n\t<\/div>\n\n<\/div>\n\n<\/div>\n\n<\/div>\n<\/section>\n\n<section class=\"slider-slide swiper-slide\" >\n    <!-- Add Slider Slide content here: -->\n    <div class=\"slider-card-wrapper\">\n<div class=\"wp-bootstrap-blocks-container container-fluid\">\n\t\n<div class=\"wp-bootstrap-blocks-row row g-0\">\n\t\n\n<div class=\"col-12 col-md-6\">\n\t\t\t<div class=\"h-100 d-flex flex-column justify-content-center\">\n\t\t\t\n\n<div class=\"wp-block-group is-vertical is-content-justification-center is-nowrap is-layout-flex wp-container-core-group-is-layout-a31effde wp-block-group-is-layout-flex\">\n<p class=\"text-badge has-accent-dim-500-color has-accent-dim-100-background-color has-text-color has-background has-link-color wp-elements-8df6e2e3433a20c32c516d2081394737\">2<\/p>\n\n\n\n<h3 class=\"wp-block-heading title-tag has-heading-4-xs-font-size\"><\/h3>\n\n\n\n<h2 class=\"wp-block-heading has-text-align-center has-heading-3-xl-font-size\" style=\"text-transform:uppercase\">Prensado<\/h2>\n\n\n\n<p class=\"has-text-align-center has-neutral-700-color has-text-color has-link-color has-body-md-font-size wp-elements-ad2f408fc41617f69fe72629a56a2a2a\">Cada variedad de uva se prensa suavemente (por separado) para obtener un m\u00e1ximo de 0,66 litros por kilo de uva. A continuaci\u00f3n se enfr\u00eda y se env\u00eda a dep\u00f3sitos de acero inoxidable. <\/p>\n<\/div>\n\n\t\t<\/div>\n\t<\/div>\n\n\n\n<div class=\"col-12 col-md-6\">\n\t\t\t\n\n<div class=\"wp-block-cover\" style=\"min-height:50vh;aspect-ratio:unset;\"><img loading=\"lazy\" decoding=\"async\" width=\"1680\" height=\"1200\" class=\"wp-block-cover__image-background wp-image-2123\" alt=\"\" src=\"https:\/\/freixenet.com\/app\/uploads\/2025\/03\/image-83.webp\" data-object-fit=\"cover\" srcset=\"https:\/\/freixenet.com\/app\/uploads\/sites\/11\/2025\/03\/image-83.webp 1680w, https:\/\/freixenet.com\/app\/uploads\/sites\/11\/2025\/03\/image-83-300x214.webp 300w, https:\/\/freixenet.com\/app\/uploads\/sites\/11\/2025\/03\/image-83-1024x731.webp 1024w, https:\/\/freixenet.com\/app\/uploads\/sites\/11\/2025\/03\/image-83-768x549.webp 768w, https:\/\/freixenet.com\/app\/uploads\/sites\/11\/2025\/03\/image-83-1536x1097.webp 1536w, https:\/\/freixenet.com\/app\/uploads\/sites\/11\/2025\/03\/image-83-1512x1080.webp 1512w, https:\/\/freixenet.com\/app\/uploads\/sites\/11\/2025\/03\/image-83-360x257.webp 360w\" sizes=\"auto, (max-width: 1680px) 100vw, 1680px\" \/><span aria-hidden=\"true\" class=\"wp-block-cover__background has-background-dim-0 has-background-dim\" style=\"background-color:#7e6a5b\"><\/span><div class=\"wp-block-cover__inner-container is-layout-flow wp-block-cover-is-layout-flow\">\n<p class=\"has-text-align-center has-large-font-size\"><\/p>\n<\/div><\/div>\n\n\t<\/div>\n\n<\/div>\n\n<\/div>\n\n<\/div>\n<\/section>\n\n<section class=\"slider-slide swiper-slide\" >\n    <!-- Add Slider Slide content here: -->\n    <div class=\"slider-card-wrapper\">\n<div class=\"wp-bootstrap-blocks-container container-fluid\">\n\t\n<div class=\"wp-bootstrap-blocks-row row g-0\">\n\t\n\n<div class=\"col-12 col-md-6\">\n\t\t\t<div class=\"h-100 d-flex flex-column justify-content-center\">\n\t\t\t\n\n<div class=\"wp-block-group is-vertical is-content-justification-center is-nowrap is-layout-flex wp-container-core-group-is-layout-a31effde wp-block-group-is-layout-flex\">\n<p class=\"text-badge has-accent-dim-500-color has-accent-dim-100-background-color has-text-color has-background has-link-color wp-elements-984b958fc3383b17f2b94f4f1f463243\">3<\/p>\n\n\n\n<h3 class=\"wp-block-heading title-tag has-heading-4-xs-font-size\"><\/h3>\n\n\n\n<h2 class=\"wp-block-heading has-text-align-center has-heading-3-xl-font-size\" style=\"text-transform:uppercase\"><mark style=\"background-color:rgba(0, 0, 0, 0)\" class=\"has-inline-color has-current-color\">Primera fermentaci\u00f3n<\/mark><br\/><em>Vino base<\/em><\/h2>\n\n\n\n<p class=\"has-text-align-center has-neutral-700-color has-text-color has-link-color has-body-md-font-size wp-elements-3a3df6c135c02520d5b1b9782a983e9d\">Para la primera fermentaci\u00f3n se utiliza mosto (el zumo de las uvas liberado por la gravedad), separado por variedades y en dep\u00f3sitos de acero inoxidable, colado de hollejos y pepitas. En este punto, el az\u00facar se convierte en alcohol. <\/p>\n<\/div>\n\n\t\t<\/div>\n\t<\/div>\n\n\n\n<div class=\"col-12 col-md-6\">\n\t\t\t\n\n<div class=\"wp-block-cover\" style=\"min-height:50vh;aspect-ratio:unset;\"><img loading=\"lazy\" decoding=\"async\" width=\"1680\" height=\"1200\" class=\"wp-block-cover__image-background wp-image-2129\" alt=\"\" src=\"https:\/\/freixenet.com\/app\/uploads\/2025\/03\/image-84.webp\" data-object-fit=\"cover\" srcset=\"https:\/\/freixenet.com\/app\/uploads\/sites\/11\/2025\/03\/image-84.webp 1680w, https:\/\/freixenet.com\/app\/uploads\/sites\/11\/2025\/03\/image-84-300x214.webp 300w, https:\/\/freixenet.com\/app\/uploads\/sites\/11\/2025\/03\/image-84-1024x731.webp 1024w, https:\/\/freixenet.com\/app\/uploads\/sites\/11\/2025\/03\/image-84-768x549.webp 768w, https:\/\/freixenet.com\/app\/uploads\/sites\/11\/2025\/03\/image-84-1536x1097.webp 1536w, https:\/\/freixenet.com\/app\/uploads\/sites\/11\/2025\/03\/image-84-1512x1080.webp 1512w, https:\/\/freixenet.com\/app\/uploads\/sites\/11\/2025\/03\/image-84-360x257.webp 360w\" sizes=\"auto, (max-width: 1680px) 100vw, 1680px\" \/><span aria-hidden=\"true\" class=\"wp-block-cover__background has-background-dim-0 has-background-dim\" style=\"background-color:#897c43\"><\/span><div class=\"wp-block-cover__inner-container is-layout-flow wp-block-cover-is-layout-flow\">\n<p class=\"has-text-align-center has-large-font-size\"><\/p>\n<\/div><\/div>\n\n\t<\/div>\n\n<\/div>\n\n<\/div>\n\n<\/div>\n<\/section>\n\n<section class=\"slider-slide swiper-slide\" >\n    <!-- Add Slider Slide content here: -->\n    <div class=\"slider-card-wrapper\">\n<div class=\"wp-bootstrap-blocks-container container-fluid\">\n\t\n<div class=\"wp-bootstrap-blocks-row row g-0\">\n\t\n\n<div class=\"col-12 col-md-6\">\n\t\t\t<div class=\"h-100 d-flex flex-column justify-content-center\">\n\t\t\t\n\n<div class=\"wp-block-group is-vertical is-content-justification-center is-nowrap is-layout-flex wp-container-core-group-is-layout-a31effde wp-block-group-is-layout-flex\">\n<p class=\"text-badge has-accent-dim-500-color has-accent-dim-100-background-color has-text-color has-background has-link-color wp-elements-88f9ca402d4a1dcb12b22a737adff169\">4<\/p>\n\n\n\n<h3 class=\"wp-block-heading title-tag has-heading-4-xs-font-size\"><\/h3>\n\n\n\n<h2 class=\"wp-block-heading has-text-align-center has-heading-3-xl-font-size\" style=\"text-transform:uppercase\">Mezclado<\/h2>\n\n\n\n<p class=\"has-text-align-center has-neutral-700-color has-text-color has-link-color has-body-md-font-size wp-elements-a96ca5dea2a2a175a7d392bf89d14b71\">Se eligen las distintas variedades de vino base y se mezclan expertamente para crear el cava deseado. El vino resultante se clarifica y estabiliza. <\/p>\n<\/div>\n\n\t\t<\/div>\n\t<\/div>\n\n\n\n<div class=\"col-12 col-md-6\">\n\t\t\t\n\n<div class=\"wp-block-cover is-light\" style=\"min-height:50vh;aspect-ratio:unset;\"><img loading=\"lazy\" decoding=\"async\" width=\"1680\" height=\"1200\" class=\"wp-block-cover__image-background wp-image-2135\" alt=\"\" src=\"https:\/\/freixenet.com\/app\/uploads\/2025\/03\/image-85.webp\" data-object-fit=\"cover\" srcset=\"https:\/\/freixenet.com\/app\/uploads\/sites\/11\/2025\/03\/image-85.webp 1680w, https:\/\/freixenet.com\/app\/uploads\/sites\/11\/2025\/03\/image-85-300x214.webp 300w, https:\/\/freixenet.com\/app\/uploads\/sites\/11\/2025\/03\/image-85-1024x731.webp 1024w, https:\/\/freixenet.com\/app\/uploads\/sites\/11\/2025\/03\/image-85-768x549.webp 768w, https:\/\/freixenet.com\/app\/uploads\/sites\/11\/2025\/03\/image-85-1536x1097.webp 1536w, https:\/\/freixenet.com\/app\/uploads\/sites\/11\/2025\/03\/image-85-1512x1080.webp 1512w, https:\/\/freixenet.com\/app\/uploads\/sites\/11\/2025\/03\/image-85-360x257.webp 360w\" sizes=\"auto, (max-width: 1680px) 100vw, 1680px\" \/><span aria-hidden=\"true\" class=\"wp-block-cover__background has-background-dim-0 has-background-dim\" style=\"background-color:#908c7b\"><\/span><div class=\"wp-block-cover__inner-container is-layout-flow wp-block-cover-is-layout-flow\">\n<p class=\"has-text-align-center has-large-font-size\"><\/p>\n<\/div><\/div>\n\n\t<\/div>\n\n<\/div>\n\n<\/div>\n\n<\/div>\n<\/section>\n\n<section class=\"slider-slide swiper-slide\" >\n    <!-- Add Slider Slide content here: -->\n    <div class=\"slider-card-wrapper\">\n<div class=\"wp-bootstrap-blocks-container container-fluid\">\n\t\n<div class=\"wp-bootstrap-blocks-row row g-0\">\n\t\n\n<div class=\"col-12 col-md-6\">\n\t\t\t<div class=\"h-100 d-flex flex-column justify-content-center\">\n\t\t\t\n\n<div class=\"wp-block-group is-vertical is-content-justification-center is-nowrap is-layout-flex wp-container-core-group-is-layout-a31effde wp-block-group-is-layout-flex\">\n<p class=\"text-badge has-accent-dim-500-color has-accent-dim-100-background-color has-text-color has-background has-link-color wp-elements-174e8f26f511c885e9a2f43fc0fe6ee6\">5<\/p>\n\n\n\n<h3 class=\"wp-block-heading title-tag has-heading-4-xs-font-size\"><\/h3>\n\n\n\n<h2 class=\"wp-block-heading has-text-align-center has-heading-3-xl-font-size\" style=\"text-transform:uppercase\">Tirage<\/h2>\n\n\n\n<p class=\"has-text-align-center has-neutral-700-color has-text-color has-link-color has-body-md-font-size wp-elements-021a344c872e94199defc227dc5c1305\">La mezcla de vino base se embotella y se le a\u00f1ade licor de tiraje, una mezcla de levadura y az\u00facar para crear la segunda fermentaci\u00f3n en botella antes de cerrarla.<\/p>\n<\/div>\n\n\t\t<\/div>\n\t<\/div>\n\n\n\n<div class=\"col-12 col-md-6\">\n\t\t\t\n\n<div class=\"wp-block-cover\" style=\"min-height:50vh;aspect-ratio:unset;\"><img loading=\"lazy\" decoding=\"async\" width=\"1680\" height=\"1200\" class=\"wp-block-cover__image-background wp-image-2143\" alt=\"\" src=\"https:\/\/freixenet.com\/app\/uploads\/2025\/03\/image-86.webp\" data-object-fit=\"cover\" srcset=\"https:\/\/freixenet.com\/app\/uploads\/sites\/11\/2025\/03\/image-86.webp 1680w, https:\/\/freixenet.com\/app\/uploads\/sites\/11\/2025\/03\/image-86-300x214.webp 300w, https:\/\/freixenet.com\/app\/uploads\/sites\/11\/2025\/03\/image-86-1024x731.webp 1024w, https:\/\/freixenet.com\/app\/uploads\/sites\/11\/2025\/03\/image-86-768x549.webp 768w, https:\/\/freixenet.com\/app\/uploads\/sites\/11\/2025\/03\/image-86-1536x1097.webp 1536w, https:\/\/freixenet.com\/app\/uploads\/sites\/11\/2025\/03\/image-86-1512x1080.webp 1512w, https:\/\/freixenet.com\/app\/uploads\/sites\/11\/2025\/03\/image-86-360x257.webp 360w\" sizes=\"auto, (max-width: 1680px) 100vw, 1680px\" \/><span aria-hidden=\"true\" class=\"wp-block-cover__background has-background-dim-0 has-background-dim\" style=\"background-color:#975a1f\"><\/span><div class=\"wp-block-cover__inner-container is-layout-flow wp-block-cover-is-layout-flow\">\n<p class=\"has-text-align-center has-large-font-size\"><\/p>\n<\/div><\/div>\n\n\t<\/div>\n\n<\/div>\n\n<\/div>\n\n<\/div>\n<\/section>\n\n<section class=\"slider-slide swiper-slide\" >\n    <!-- Add Slider Slide content here: -->\n    <div class=\"slider-card-wrapper\">\n<div class=\"wp-bootstrap-blocks-container container-fluid\">\n\t\n<div class=\"wp-bootstrap-blocks-row row g-0\">\n\t\n\n<div class=\"col-12 col-md-6\">\n\t\t\t<div class=\"h-100 d-flex flex-column justify-content-center\">\n\t\t\t\n\n<div class=\"wp-block-group is-vertical is-content-justification-center is-nowrap is-layout-flex wp-container-core-group-is-layout-a31effde wp-block-group-is-layout-flex\">\n<p class=\"text-badge has-accent-dim-500-color has-accent-dim-100-background-color has-text-color has-background has-link-color wp-elements-831e8b9797111b2dc9501e507a1a5e87\">6<\/p>\n\n\n\n<h3 class=\"wp-block-heading title-tag has-heading-4-xs-font-size\"><\/h3>\n\n\n\n<h2 class=\"wp-block-heading has-text-align-center has-heading-3-xl-font-size\" style=\"text-transform:uppercase\"><mark style=\"background-color:rgba(0, 0, 0, 0)\" class=\"has-inline-color has-current-color\">Segunda Fermentaci\u00f3n<\/mark><br\/><em>A\u00f1ejamiento sobre l\u00edas<\/em><\/h2>\n\n\n\n<p class=\"has-text-align-center has-neutral-700-color has-text-color has-link-color has-body-md-font-size wp-elements-aa2aa405f9945c414046e133a80adc81\">Las botellas se apilan horizontalmente para envejecer durante un m\u00ednimo de 9 meses en el ambiente ideal de humedad y temperatura, y sin ser molestadas. Aqu\u00ed es donde se crea el di\u00f3xido de carbono que queda atrapado en la botella, formando burbujas. <\/p>\n<\/div>\n\n\t\t<\/div>\n\t<\/div>\n\n\n\n<div class=\"col-12 col-md-6\">\n\t\t\t\n\n<div class=\"wp-block-cover\" style=\"min-height:50vh;aspect-ratio:unset;\"><img loading=\"lazy\" decoding=\"async\" width=\"1680\" height=\"1200\" class=\"wp-block-cover__image-background wp-image-2143\" alt=\"\" src=\"https:\/\/freixenet.com\/app\/uploads\/2025\/03\/image-86.webp\" data-object-fit=\"cover\" srcset=\"https:\/\/freixenet.com\/app\/uploads\/sites\/11\/2025\/03\/image-86.webp 1680w, https:\/\/freixenet.com\/app\/uploads\/sites\/11\/2025\/03\/image-86-300x214.webp 300w, https:\/\/freixenet.com\/app\/uploads\/sites\/11\/2025\/03\/image-86-1024x731.webp 1024w, https:\/\/freixenet.com\/app\/uploads\/sites\/11\/2025\/03\/image-86-768x549.webp 768w, https:\/\/freixenet.com\/app\/uploads\/sites\/11\/2025\/03\/image-86-1536x1097.webp 1536w, https:\/\/freixenet.com\/app\/uploads\/sites\/11\/2025\/03\/image-86-1512x1080.webp 1512w, https:\/\/freixenet.com\/app\/uploads\/sites\/11\/2025\/03\/image-86-360x257.webp 360w\" sizes=\"auto, (max-width: 1680px) 100vw, 1680px\" \/><span aria-hidden=\"true\" class=\"wp-block-cover__background has-background-dim-0 has-background-dim\" style=\"background-color:#975a1f\"><\/span><div class=\"wp-block-cover__inner-container is-layout-flow wp-block-cover-is-layout-flow\">\n<p class=\"has-text-align-center has-large-font-size\"><\/p>\n<\/div><\/div>\n\n\t<\/div>\n\n<\/div>\n\n<\/div>\n\n<\/div>\n<\/section>\n\n<section class=\"slider-slide swiper-slide\" >\n    <!-- Add Slider Slide content here: -->\n    <div class=\"slider-card-wrapper\">\n<div class=\"wp-bootstrap-blocks-container container-fluid\">\n\t\n<div class=\"wp-bootstrap-blocks-row row g-0\">\n\t\n\n<div class=\"col-12 col-md-6\">\n\t\t\t<div class=\"h-100 d-flex flex-column justify-content-center\">\n\t\t\t\n\n<div class=\"wp-block-group is-vertical is-content-justification-center is-nowrap is-layout-flex wp-container-core-group-is-layout-a31effde wp-block-group-is-layout-flex\">\n<p class=\"text-badge has-accent-dim-500-color has-accent-dim-100-background-color has-text-color has-background has-link-color wp-elements-c367359055eee3d386267f9b1e80c14f\">7<\/p>\n\n\n\n<h3 class=\"wp-block-heading title-tag has-heading-4-xs-font-size\"><\/h3>\n\n\n\n<h2 class=\"wp-block-heading has-text-align-center has-heading-3-xl-font-size\" style=\"text-transform:uppercase\">RIDDLING<\/h2>\n\n\n\n<p class=\"has-text-align-center has-neutral-700-color has-text-color has-link-color has-body-md-font-size wp-elements-4e607abe6311d5d8b76bebd16908e9c7\">Las botellas se colocan en unos soportes especiales denominados pupitres. Se agitan ligeramente una y otra vez, se giran y se vuelven a colocar en los pupitres con un \u00e1ngulo decreciente que empuja el sedimento hacia el cuello de la botella. <\/p>\n<\/div>\n\n\t\t<\/div>\n\t<\/div>\n\n\n\n<div class=\"col-12 col-md-6\">\n\t\t\t\n\n<div class=\"wp-block-cover\" style=\"min-height:50vh;aspect-ratio:unset;\"><img loading=\"lazy\" decoding=\"async\" width=\"1024\" height=\"731\" class=\"wp-block-cover__image-background wp-image-2149 size-large\" alt=\"\" src=\"https:\/\/freixenet.com\/app\/uploads\/sites\/2\/2025\/03\/image-87-1024x731.webp\" data-object-fit=\"cover\" srcset=\"https:\/\/freixenet.com\/app\/uploads\/sites\/11\/2025\/03\/image-87-1024x731.webp 1024w, https:\/\/freixenet.com\/app\/uploads\/sites\/11\/2025\/03\/image-87-300x214.webp 300w, https:\/\/freixenet.com\/app\/uploads\/sites\/11\/2025\/03\/image-87-768x549.webp 768w, https:\/\/freixenet.com\/app\/uploads\/sites\/11\/2025\/03\/image-87-1536x1097.webp 1536w, https:\/\/freixenet.com\/app\/uploads\/sites\/11\/2025\/03\/image-87-1512x1080.webp 1512w, https:\/\/freixenet.com\/app\/uploads\/sites\/11\/2025\/03\/image-87-360x257.webp 360w, https:\/\/freixenet.com\/app\/uploads\/sites\/11\/2025\/03\/image-87.webp 1680w\" sizes=\"auto, (max-width: 1024px) 100vw, 1024px\" \/><span aria-hidden=\"true\" class=\"wp-block-cover__background has-background-dim-0 has-background-dim\" style=\"background-color:#4f352e\"><\/span><div class=\"wp-block-cover__inner-container is-layout-flow wp-block-cover-is-layout-flow\">\n<p class=\"has-text-align-center has-large-font-size\"><\/p>\n<\/div><\/div>\n\n\t<\/div>\n\n<\/div>\n\n<\/div>\n\n<\/div>\n<\/section>\n\n<section class=\"slider-slide swiper-slide\" >\n    <!-- Add Slider Slide content here: -->\n    <div class=\"slider-card-wrapper\">\n<div class=\"wp-bootstrap-blocks-container container-fluid\">\n\t\n<div class=\"wp-bootstrap-blocks-row row g-0\">\n\t\n\n<div class=\"col-12 col-md-6\">\n\t\t\t<div class=\"h-100 d-flex flex-column justify-content-center\">\n\t\t\t\n\n<div class=\"wp-block-group is-vertical is-content-justification-center is-nowrap is-layout-flex wp-container-core-group-is-layout-a31effde wp-block-group-is-layout-flex\">\n<p class=\"text-badge has-accent-dim-500-color has-accent-dim-100-background-color has-text-color has-background has-link-color wp-elements-b31ec00aa8c939bf2ec6d0152f5b3051\">8<\/p>\n\n\n\n<h3 class=\"wp-block-heading title-tag has-heading-4-xs-font-size\"><\/h3>\n\n\n\n<h2 class=\"wp-block-heading has-text-align-center has-heading-3-xl-font-size\" style=\"text-transform:uppercase\">Deg\u00fcelle<\/h2>\n\n\n\n<p class=\"has-text-align-center has-neutral-700-color has-text-color has-link-color has-body-md-font-size wp-elements-1a29603fd076eaaff42ebd8b4029c826\">El sedimento se elimina, a menudo congelando el cuello de la botella.<\/p>\n<\/div>\n\n\t\t<\/div>\n\t<\/div>\n\n\n\n<div class=\"col-12 col-md-6\">\n\t\t\t\n\n<div class=\"wp-block-cover\" style=\"min-height:50vh;aspect-ratio:unset;\"><img loading=\"lazy\" decoding=\"async\" width=\"1024\" height=\"731\" class=\"wp-block-cover__image-background wp-image-2155 size-large\" alt=\"\" src=\"https:\/\/freixenet.com\/app\/uploads\/sites\/2\/2025\/03\/image-88-1024x731.webp\" data-object-fit=\"cover\" srcset=\"https:\/\/freixenet.com\/app\/uploads\/sites\/11\/2025\/03\/image-88-1024x731.webp 1024w, https:\/\/freixenet.com\/app\/uploads\/sites\/11\/2025\/03\/image-88-300x214.webp 300w, https:\/\/freixenet.com\/app\/uploads\/sites\/11\/2025\/03\/image-88-768x549.webp 768w, https:\/\/freixenet.com\/app\/uploads\/sites\/11\/2025\/03\/image-88-1536x1097.webp 1536w, https:\/\/freixenet.com\/app\/uploads\/sites\/11\/2025\/03\/image-88-1512x1080.webp 1512w, https:\/\/freixenet.com\/app\/uploads\/sites\/11\/2025\/03\/image-88-360x257.webp 360w, https:\/\/freixenet.com\/app\/uploads\/sites\/11\/2025\/03\/image-88.webp 1680w\" sizes=\"auto, (max-width: 1024px) 100vw, 1024px\" \/><span aria-hidden=\"true\" class=\"wp-block-cover__background has-background-dim-0 has-background-dim\" style=\"background-color:#725b3e\"><\/span><div class=\"wp-block-cover__inner-container is-layout-flow wp-block-cover-is-layout-flow\">\n<p class=\"has-text-align-center has-large-font-size\"><\/p>\n<\/div><\/div>\n\n\t<\/div>\n\n<\/div>\n\n<\/div>\n\n<\/div>\n<\/section>\n\n<section class=\"slider-slide swiper-slide\" >\n    <!-- Add Slider Slide content here: -->\n    <div class=\"slider-card-wrapper\">\n<div class=\"wp-bootstrap-blocks-container container-fluid\">\n\t\n<div class=\"wp-bootstrap-blocks-row row g-0\">\n\t\n\n<div class=\"col-12 col-md-6\">\n\t\t\t<div class=\"h-100 d-flex flex-column justify-content-center\">\n\t\t\t\n\n<div class=\"wp-block-group is-vertical is-content-justification-center is-nowrap is-layout-flex wp-container-core-group-is-layout-a31effde wp-block-group-is-layout-flex\">\n<p class=\"text-badge has-accent-dim-500-color has-accent-dim-100-background-color has-text-color has-background has-link-color wp-elements-82e45aa13a2122da7e75018876e4b00e\">9<\/p>\n\n\n\n<h3 class=\"wp-block-heading title-tag has-heading-4-xs-font-size\"><\/h3>\n\n\n\n<h2 class=\"wp-block-heading has-text-align-center has-heading-3-xl-font-size\" style=\"text-transform:uppercase\">Dosificaci\u00f3n<\/h2>\n\n\n\n<p class=\"has-text-align-center has-neutral-700-color has-text-color has-link-color has-body-md-font-size wp-elements-67526243babf580d841dcba03758f2f4\">La botella se rellena con licor de expedici\u00f3n, compuesto de vino y az\u00facar (salvo en el caso del Brut Nature) para reponer el volumen perdido en el deg\u00fcelle.<\/p>\n<\/div>\n\n\t\t<\/div>\n\t<\/div>\n\n\n\n<div class=\"col-12 col-md-6\">\n\t\t\t\n\n<div class=\"wp-block-cover is-light\" style=\"min-height:50vh;aspect-ratio:unset;\"><img loading=\"lazy\" decoding=\"async\" width=\"1024\" height=\"731\" class=\"wp-block-cover__image-background wp-image-2161 size-large\" alt=\"\" src=\"https:\/\/freixenet.com\/app\/uploads\/sites\/2\/2025\/03\/image-89-1024x731.webp\" data-object-fit=\"cover\" srcset=\"https:\/\/freixenet.com\/app\/uploads\/sites\/11\/2025\/03\/image-89-1024x731.webp 1024w, https:\/\/freixenet.com\/app\/uploads\/sites\/11\/2025\/03\/image-89-300x214.webp 300w, https:\/\/freixenet.com\/app\/uploads\/sites\/11\/2025\/03\/image-89-768x549.webp 768w, https:\/\/freixenet.com\/app\/uploads\/sites\/11\/2025\/03\/image-89-1536x1097.webp 1536w, https:\/\/freixenet.com\/app\/uploads\/sites\/11\/2025\/03\/image-89-1512x1080.webp 1512w, https:\/\/freixenet.com\/app\/uploads\/sites\/11\/2025\/03\/image-89-360x257.webp 360w, https:\/\/freixenet.com\/app\/uploads\/sites\/11\/2025\/03\/image-89.webp 1680w\" sizes=\"auto, (max-width: 1024px) 100vw, 1024px\" \/><span aria-hidden=\"true\" class=\"wp-block-cover__background has-background-dim-0 has-background-dim\" style=\"background-color:#a98356\"><\/span><div class=\"wp-block-cover__inner-container is-layout-flow wp-block-cover-is-layout-flow\">\n<p class=\"has-text-align-center has-large-font-size\"><\/p>\n<\/div><\/div>\n\n\t<\/div>\n\n<\/div>\n\n<\/div>\n\n<\/div>\n<\/section>\n\n<section class=\"slider-slide swiper-slide\" >\n    <!-- Add Slider Slide content here: -->\n    <div class=\"slider-card-wrapper\">\n<div class=\"wp-bootstrap-blocks-container container-fluid\">\n\t\n<div class=\"wp-bootstrap-blocks-row row g-0\">\n\t\n\n<div class=\"col-12 col-md-6\">\n\t\t\t<div class=\"h-100 d-flex flex-column justify-content-center\">\n\t\t\t\n\n<div class=\"wp-block-group is-vertical is-content-justification-center is-nowrap is-layout-flex wp-container-core-group-is-layout-a31effde wp-block-group-is-layout-flex\">\n<p class=\"text-badge has-accent-dim-500-color has-accent-dim-100-background-color has-text-color has-background has-link-color wp-elements-a510e55d7b523f74b0c4cf375f9fc39a\">10<\/p>\n\n\n\n<h3 class=\"wp-block-heading title-tag has-heading-4-xs-font-size\"><\/h3>\n\n\n\n<h2 class=\"wp-block-heading has-text-align-center has-heading-3-xl-font-size\" style=\"text-transform:uppercase\"><mark style=\"background-color:rgba(0, 0, 0, 0)\" class=\"has-inline-color has-current-color\">Retoques<\/mark><br\/><em>Finales<\/em><\/h2>\n\n\n\n<p class=\"has-text-align-center has-neutral-700-color has-text-color has-link-color has-body-md-font-size wp-elements-90f551d4edf732bc4a6de45fd5a56dfd\">Se colocan el corcho final, el tap\u00f3n y el morri\u00f3n, adem\u00e1s de la c\u00e1psula de aluminio y la etiqueta de la botella.<\/p>\n<\/div>\n\n\t\t<\/div>\n\t<\/div>\n\n\n\n<div class=\"col-12 col-md-6\">\n\t\t\t\n\n<div class=\"wp-block-cover is-light\" style=\"min-height:50vh;aspect-ratio:unset;\"><img loading=\"lazy\" decoding=\"async\" width=\"1024\" height=\"731\" class=\"wp-block-cover__image-background wp-image-2169 size-large\" alt=\"\" src=\"https:\/\/freixenet.com\/app\/uploads\/sites\/2\/2025\/03\/image-90-1024x731.webp\" data-object-fit=\"cover\" srcset=\"https:\/\/freixenet.com\/app\/uploads\/sites\/11\/2025\/03\/image-90-1024x731.webp 1024w, https:\/\/freixenet.com\/app\/uploads\/sites\/11\/2025\/03\/image-90-300x214.webp 300w, https:\/\/freixenet.com\/app\/uploads\/sites\/11\/2025\/03\/image-90-768x549.webp 768w, https:\/\/freixenet.com\/app\/uploads\/sites\/11\/2025\/03\/image-90-1536x1097.webp 1536w, https:\/\/freixenet.com\/app\/uploads\/sites\/11\/2025\/03\/image-90-1512x1080.webp 1512w, https:\/\/freixenet.com\/app\/uploads\/sites\/11\/2025\/03\/image-90-360x257.webp 360w, https:\/\/freixenet.com\/app\/uploads\/sites\/11\/2025\/03\/image-90.webp 1680w\" sizes=\"auto, (max-width: 1024px) 100vw, 1024px\" \/><span aria-hidden=\"true\" class=\"wp-block-cover__background has-background-dim-0 has-background-dim\" style=\"background-color:#a78b62\"><\/span><div class=\"wp-block-cover__inner-container is-layout-flow wp-block-cover-is-layout-flow\">\n<p class=\"has-text-align-center has-large-font-size\"><\/p>\n<\/div><\/div>\n\n\t<\/div>\n\n<\/div>\n\n<\/div>\n\n<\/div>\n<\/section>\n<\/div>\n        <nav class=\"gallery-slider__nav lg:static\">\n            <div class=\"swiper-nav-btn swiper-button-prev\">\n                <button class=\"icon-button primary accent size--lg\" data-slider-nav=\"prev\">\n                    <div class=\"icon icon-chevron-left custom-ti-svg\"><svg\n  xmlns=\"http:\/\/www.w3.org\/2000\/svg\"\n  width=\"24\"\n  height=\"24\"\n  viewBox=\"0 0 24 24\"\n  fill=\"none\"\n  stroke=\"currentColor\"\n  stroke-width=\"2\"\n  stroke-linecap=\"round\"\n  stroke-linejoin=\"round\"\n  class=\"icon icon-tabler icons-tabler-outline icon-tabler-chevron-left\"\n>\n  <path stroke=\"none\" d=\"M0 0h24v24H0z\" fill=\"none\"\/>\n  <path d=\"M15 6l-6 6l6 6\" \/>\n<\/svg><\/div>                <\/button>\n            <\/div>\n            <div class=\"swiper-nav-btn swiper-button-next\">\n                <button class=\"icon-button primary accent size--lg\" data-slider-nav=\"next\">\n                    <div class=\"icon icon-chevron-right custom-ti-svg\"><svg\n  xmlns=\"http:\/\/www.w3.org\/2000\/svg\"\n  width=\"24\"\n  height=\"24\"\n  viewBox=\"0 0 24 24\"\n  fill=\"none\"\n  stroke=\"currentColor\"\n  stroke-width=\"2\"\n  stroke-linecap=\"round\"\n  stroke-linejoin=\"round\"\n  class=\"icon icon-tabler icons-tabler-outline icon-tabler-chevron-right\"\n>\n  <path stroke=\"none\" d=\"M0 0h24v24H0z\" fill=\"none\"\/>\n  <path d=\"M9 6l6 6l-6 6\" \/>\n<\/svg><\/div>                <\/button>\n            <\/div>\n        <\/nav>\n    <\/div>\n<\/section><section class=\"scroll-text-loop\" >\n    <!-- Add Scroll Text Loop content here: -->\n    <div class=\"scrolling-text\">\n        <div class=\"scrolling-text__trail\">\n\n<p class=\"has-text-align-center scrolling-text__item has-accent-dim-700-color has-neutral-900-background-color has-text-color has-background has-heading-oversized-font-size\"><a href=\"https:\/\/freixenet.com\/ar\/explora-nuestro-mundo\/\">Volver a Explora nuestro mundo<\/a><\/p>\n\n<\/div>\n    <\/div>\n<\/section>","protected":false},"excerpt":{"rendered":"","protected":false},"author":1,"featured_media":910,"parent":2821,"menu_order":0,"comment_status":"closed","ping_status":"closed","template":"","meta":{"_acf_changed":false,"footnotes":""},"class_list":["post-2819","page","type-page","status-publish","has-post-thumbnail","hentry"],"acf":[],"yoast_head":"<!-- This site is optimized with the Yoast SEO plugin v27.4 - https:\/\/yoast.com\/product\/yoast-seo-wordpress\/ -->\n<title>Ra\u00edces del Cava - Freixenet Argentina<\/title>\n<meta name=\"robots\" content=\"index, follow, max-snippet:-1, max-image-preview:large, max-video-preview:-1\" \/>\n<link rel=\"canonical\" href=\"https:\/\/freixenet.com\/ar\/explora-nuestro-mundo\/raices-del-cava\/\" \/>\n<meta property=\"og:locale\" content=\"es_ES\" \/>\n<meta property=\"og:type\" content=\"article\" \/>\n<meta property=\"og:title\" content=\"Ra\u00edces del Cava - Freixenet Argentina\" \/>\n<meta property=\"og:url\" content=\"https:\/\/freixenet.com\/ar\/explora-nuestro-mundo\/raices-del-cava\/\" \/>\n<meta property=\"og:site_name\" content=\"Freixenet Argentina\" \/>\n<meta property=\"article:modified_time\" content=\"2025-07-02T07:55:03+00:00\" \/>\n<meta property=\"og:image\" content=\"https:\/\/freixenet.com\/app\/uploads\/sites\/11\/2025\/02\/roots-of-cava-hero.webp\" \/>\n\t<meta property=\"og:image:width\" content=\"1920\" \/>\n\t<meta property=\"og:image:height\" content=\"1200\" \/>\n\t<meta property=\"og:image:type\" content=\"image\/webp\" \/>\n<meta name=\"twitter:card\" content=\"summary_large_image\" \/>\n<meta name=\"twitter:label1\" content=\"Est. reading time\" \/>\n\t<meta name=\"twitter:data1\" content=\"2 minutes\" \/>\n<script type=\"application\/ld+json\" class=\"yoast-schema-graph\">{\"@context\":\"https:\\\/\\\/schema.org\",\"@graph\":[{\"@type\":\"WebPage\",\"@id\":\"https:\\\/\\\/freixenet.com\\\/ar\\\/explora-nuestro-mundo\\\/raices-del-cava\\\/\",\"url\":\"https:\\\/\\\/freixenet.com\\\/ar\\\/explora-nuestro-mundo\\\/raices-del-cava\\\/\",\"name\":\"Ra\u00edces del Cava - Freixenet Argentina\",\"isPartOf\":{\"@id\":\"https:\\\/\\\/freixenet.com\\\/ar\\\/#website\"},\"primaryImageOfPage\":{\"@id\":\"https:\\\/\\\/freixenet.com\\\/ar\\\/explora-nuestro-mundo\\\/raices-del-cava\\\/#primaryimage\"},\"image\":{\"@id\":\"https:\\\/\\\/freixenet.com\\\/ar\\\/explora-nuestro-mundo\\\/raices-del-cava\\\/#primaryimage\"},\"thumbnailUrl\":\"https:\\\/\\\/freixenet.com\\\/app\\\/uploads\\\/sites\\\/11\\\/2025\\\/02\\\/roots-of-cava-hero.webp\",\"datePublished\":\"2025-02-25T19:34:14+00:00\",\"dateModified\":\"2025-07-02T07:55:03+00:00\",\"breadcrumb\":{\"@id\":\"https:\\\/\\\/freixenet.com\\\/ar\\\/explora-nuestro-mundo\\\/raices-del-cava\\\/#breadcrumb\"},\"inLanguage\":\"es-AR\",\"potentialAction\":[{\"@type\":\"ReadAction\",\"target\":[\"https:\\\/\\\/freixenet.com\\\/ar\\\/explora-nuestro-mundo\\\/raices-del-cava\\\/\"]}]},{\"@type\":\"ImageObject\",\"inLanguage\":\"es-AR\",\"@id\":\"https:\\\/\\\/freixenet.com\\\/ar\\\/explora-nuestro-mundo\\\/raices-del-cava\\\/#primaryimage\",\"url\":\"https:\\\/\\\/freixenet.com\\\/app\\\/uploads\\\/sites\\\/11\\\/2025\\\/02\\\/roots-of-cava-hero.webp\",\"contentUrl\":\"https:\\\/\\\/freixenet.com\\\/app\\\/uploads\\\/sites\\\/11\\\/2025\\\/02\\\/roots-of-cava-hero.webp\",\"width\":1920,\"height\":1200},{\"@type\":\"BreadcrumbList\",\"@id\":\"https:\\\/\\\/freixenet.com\\\/ar\\\/explora-nuestro-mundo\\\/raices-del-cava\\\/#breadcrumb\",\"itemListElement\":[{\"@type\":\"ListItem\",\"position\":1,\"name\":\"Home\",\"item\":\"https:\\\/\\\/freixenet.com\\\/ar\\\/\"},{\"@type\":\"ListItem\",\"position\":2,\"name\":\"Explora nuestro mundo\",\"item\":\"https:\\\/\\\/freixenet.com\\\/ar\\\/explora-nuestro-mundo\\\/\"},{\"@type\":\"ListItem\",\"position\":3,\"name\":\"Ra\u00edces del Cava\"}]},{\"@type\":\"WebSite\",\"@id\":\"https:\\\/\\\/freixenet.com\\\/ar\\\/#website\",\"url\":\"https:\\\/\\\/freixenet.com\\\/ar\\\/\",\"name\":\"Freixenet Argentina\",\"description\":\"Las bodegas m\u00e1s emblem\u00e1ticas de Freixenet unen tradici\u00f3n e innovaci\u00f3n y cuentan con las cavas antiguas m\u00e1s profundas, ubicadas a 20 metros bajo tierra.\",\"publisher\":{\"@id\":\"https:\\\/\\\/freixenet.com\\\/ar\\\/#organization\"},\"potentialAction\":[{\"@type\":\"SearchAction\",\"target\":{\"@type\":\"EntryPoint\",\"urlTemplate\":\"https:\\\/\\\/freixenet.com\\\/ar\\\/?s={search_term_string}\"},\"query-input\":{\"@type\":\"PropertyValueSpecification\",\"valueRequired\":true,\"valueName\":\"search_term_string\"}}],\"inLanguage\":\"es-AR\"},{\"@type\":\"Organization\",\"@id\":\"https:\\\/\\\/freixenet.com\\\/ar\\\/#organization\",\"name\":\"Freixenet Argentina\",\"url\":\"https:\\\/\\\/freixenet.com\\\/ar\\\/\",\"logo\":{\"@type\":\"ImageObject\",\"inLanguage\":\"es-AR\",\"@id\":\"https:\\\/\\\/freixenet.com\\\/ar\\\/#\\\/schema\\\/logo\\\/image\\\/\",\"url\":\"https:\\\/\\\/freixenet.com\\\/app\\\/uploads\\\/sites\\\/11\\\/2025\\\/06\\\/freixenet-site-icon.png\",\"contentUrl\":\"https:\\\/\\\/freixenet.com\\\/app\\\/uploads\\\/sites\\\/11\\\/2025\\\/06\\\/freixenet-site-icon.png\",\"width\":512,\"height\":512,\"caption\":\"Freixenet Argentina\"},\"image\":{\"@id\":\"https:\\\/\\\/freixenet.com\\\/ar\\\/#\\\/schema\\\/logo\\\/image\\\/\"}}]}<\/script>\n<!-- \/ Yoast SEO plugin. -->","yoast_head_json":{"title":"Ra\u00edces del Cava - Freixenet Argentina","robots":{"index":"index","follow":"follow","max-snippet":"max-snippet:-1","max-image-preview":"max-image-preview:large","max-video-preview":"max-video-preview:-1"},"canonical":"https:\/\/freixenet.com\/ar\/explora-nuestro-mundo\/raices-del-cava\/","og_locale":"es_ES","og_type":"article","og_title":"Ra\u00edces del Cava - Freixenet Argentina","og_url":"https:\/\/freixenet.com\/ar\/explora-nuestro-mundo\/raices-del-cava\/","og_site_name":"Freixenet Argentina","article_modified_time":"2025-07-02T07:55:03+00:00","og_image":[{"width":1920,"height":1200,"url":"https:\/\/freixenet.com\/app\/uploads\/sites\/11\/2025\/02\/roots-of-cava-hero.webp","type":"image\/webp"}],"twitter_card":"summary_large_image","twitter_misc":{"Est. reading time":"2 minutes"},"schema":{"@context":"https:\/\/schema.org","@graph":[{"@type":"WebPage","@id":"https:\/\/freixenet.com\/ar\/explora-nuestro-mundo\/raices-del-cava\/","url":"https:\/\/freixenet.com\/ar\/explora-nuestro-mundo\/raices-del-cava\/","name":"Ra\u00edces del Cava - Freixenet Argentina","isPartOf":{"@id":"https:\/\/freixenet.com\/ar\/#website"},"primaryImageOfPage":{"@id":"https:\/\/freixenet.com\/ar\/explora-nuestro-mundo\/raices-del-cava\/#primaryimage"},"image":{"@id":"https:\/\/freixenet.com\/ar\/explora-nuestro-mundo\/raices-del-cava\/#primaryimage"},"thumbnailUrl":"https:\/\/freixenet.com\/app\/uploads\/sites\/11\/2025\/02\/roots-of-cava-hero.webp","datePublished":"2025-02-25T19:34:14+00:00","dateModified":"2025-07-02T07:55:03+00:00","breadcrumb":{"@id":"https:\/\/freixenet.com\/ar\/explora-nuestro-mundo\/raices-del-cava\/#breadcrumb"},"inLanguage":"es-AR","potentialAction":[{"@type":"ReadAction","target":["https:\/\/freixenet.com\/ar\/explora-nuestro-mundo\/raices-del-cava\/"]}]},{"@type":"ImageObject","inLanguage":"es-AR","@id":"https:\/\/freixenet.com\/ar\/explora-nuestro-mundo\/raices-del-cava\/#primaryimage","url":"https:\/\/freixenet.com\/app\/uploads\/sites\/11\/2025\/02\/roots-of-cava-hero.webp","contentUrl":"https:\/\/freixenet.com\/app\/uploads\/sites\/11\/2025\/02\/roots-of-cava-hero.webp","width":1920,"height":1200},{"@type":"BreadcrumbList","@id":"https:\/\/freixenet.com\/ar\/explora-nuestro-mundo\/raices-del-cava\/#breadcrumb","itemListElement":[{"@type":"ListItem","position":1,"name":"Home","item":"https:\/\/freixenet.com\/ar\/"},{"@type":"ListItem","position":2,"name":"Explora nuestro mundo","item":"https:\/\/freixenet.com\/ar\/explora-nuestro-mundo\/"},{"@type":"ListItem","position":3,"name":"Ra\u00edces del Cava"}]},{"@type":"WebSite","@id":"https:\/\/freixenet.com\/ar\/#website","url":"https:\/\/freixenet.com\/ar\/","name":"Freixenet Argentina","description":"Las bodegas m\u00e1s emblem\u00e1ticas de Freixenet unen tradici\u00f3n e innovaci\u00f3n y cuentan con las cavas antiguas m\u00e1s profundas, ubicadas a 20 metros bajo tierra.","publisher":{"@id":"https:\/\/freixenet.com\/ar\/#organization"},"potentialAction":[{"@type":"SearchAction","target":{"@type":"EntryPoint","urlTemplate":"https:\/\/freixenet.com\/ar\/?s={search_term_string}"},"query-input":{"@type":"PropertyValueSpecification","valueRequired":true,"valueName":"search_term_string"}}],"inLanguage":"es-AR"},{"@type":"Organization","@id":"https:\/\/freixenet.com\/ar\/#organization","name":"Freixenet Argentina","url":"https:\/\/freixenet.com\/ar\/","logo":{"@type":"ImageObject","inLanguage":"es-AR","@id":"https:\/\/freixenet.com\/ar\/#\/schema\/logo\/image\/","url":"https:\/\/freixenet.com\/app\/uploads\/sites\/11\/2025\/06\/freixenet-site-icon.png","contentUrl":"https:\/\/freixenet.com\/app\/uploads\/sites\/11\/2025\/06\/freixenet-site-icon.png","width":512,"height":512,"caption":"Freixenet Argentina"},"image":{"@id":"https:\/\/freixenet.com\/ar\/#\/schema\/logo\/image\/"}}]}},"_links":{"self":[{"href":"https:\/\/freixenet.com\/ar\/wp-json\/wp\/v2\/pages\/2819","targetHints":{"allow":["GET"]}}],"collection":[{"href":"https:\/\/freixenet.com\/ar\/wp-json\/wp\/v2\/pages"}],"about":[{"href":"https:\/\/freixenet.com\/ar\/wp-json\/wp\/v2\/types\/page"}],"author":[{"embeddable":true,"href":"https:\/\/freixenet.com\/ar\/wp-json\/wp\/v2\/users\/1"}],"replies":[{"embeddable":true,"href":"https:\/\/freixenet.com\/ar\/wp-json\/wp\/v2\/comments?post=2819"}],"version-history":[{"count":3,"href":"https:\/\/freixenet.com\/ar\/wp-json\/wp\/v2\/pages\/2819\/revisions"}],"predecessor-version":[{"id":3443,"href":"https:\/\/freixenet.com\/ar\/wp-json\/wp\/v2\/pages\/2819\/revisions\/3443"}],"up":[{"embeddable":true,"href":"https:\/\/freixenet.com\/ar\/wp-json\/wp\/v2\/pages\/2821"}],"wp:featuredmedia":[{"embeddable":true,"href":"https:\/\/freixenet.com\/ar\/wp-json\/wp\/v2\/media\/910"}],"wp:attachment":[{"href":"https:\/\/freixenet.com\/ar\/wp-json\/wp\/v2\/media?parent=2819"}],"curies":[{"name":"wp","href":"https:\/\/api.w.org\/{rel}","templated":true}]}}